{"id":93346,"date":"2022-12-21T16:58:51","date_gmt":"2022-12-21T15:58:51","guid":{"rendered":"https:\/\/swissraft.xyanzkdne.eu\/product\/volo-in-elicottero-da-balzers-liechtenstein-20-min-a-partire-da-chf-15900\/"},"modified":"2024-11-19T21:51:44","modified_gmt":"2024-11-19T20:51:44","slug":"volo-in-elicottero-da-balzers-liechtenstein-20-min-a-partire-da-chf-15900","status":"publish","type":"product","link":"https:\/\/www.swissraft.ch\/it\/prodotto\/volo-in-elicottero-da-balzers-liechtenstein-20-min-a-partire-da-chf-15900\/","title":{"rendered":"Volo in elicottero da BALZERS &#8211; LIECHTENSTEIN &#8211; 20 min. &#8211; A partire da CHF 159,00"},"content":{"rendered":"\t\t<div data-elementor-type=\"wp-post\" data-elementor-id=\"93346\" class=\"elementor elementor-93346 elementor-29804\">\n\t\t\t\t\t\t\t\t\t<section class=\"elementor-section elementor-top-section elementor-element elementor-element-3303a7e3 elementor-section-boxed elementor-section-height-default elementor-section-height-default\" data-id=\"3303a7e3\" data-element_type=\"section\">\n\t\t\t\t\t\t<div class=\"elementor-container elementor-column-gap-default\">\n\t\t\t\t\t<div class=\"elementor-column elementor-col-100 elementor-top-column elementor-element elementor-element-16d72dbf\" data-id=\"16d72dbf\" data-element_type=\"column\">\n\t\t\t<div class=\"elementor-widget-wrap elementor-element-populated\">\n\t\t\t\t\t\t\t\t<div class=\"elementor-element elementor-element-d743c03 elementor-widget elementor-widget-text-editor\" data-id=\"d743c03\" data-element_type=\"widget\" data-widget_type=\"text-editor.default\">\n\t\t\t\t<div class=\"elementor-widget-container\">\n\t\t\t\t\t\t\t<h2>SCEGLI LA TUA ATTIVIT\u00c0 QUI SOTTO PER OFFRIRE BUONI REGALO\/BIGLIETTI O EFFETTUARE UNA PRENOTAZIONE<\/h2>\n<table border=\"0\" width=\"580\" cellspacing=\"10\" cellpadding=\"10\">\n<tbody>\n<tr>\n<td width=\"50%\"><strong>LIECHTENSTEIN (1-4 pers.) &#8211; 20 min.<\/strong><\/td>\n<td><strong>A partire da CHF 159,00 a persona<span class=\"productPrice\"><br \/><\/span><\/strong><\/td>\n<\/tr>\n<tr>\n<td>Informazioni aggiuntive<\/td>\n<td>&#8211; Sarai con altri passeggeri &#8211; Volo privato per gruppi di 3 o pi\u00f9 persone.<\/td>\n<\/tr>\n<tr>\n<td>Eliporto<\/td>\n<td><a href=\"https:\/\/www.google.com\/maps\/place\/47%C2%B004'05.9%22N+9%C2%B028'54.3%22E\/@47.0684676,9.4773295,769m\/data=!3m1!1e3!4m4!3m3!8m2!3d47.0683056!4d9.48175?entry=ttu\" target=\"_blank\" rel=\"noopener\">Balzers<\/a><\/td>\n<\/tr>\n<tr>\n<td>Tempo di volo<\/td>\n<td>20 min.<\/td>\n<\/tr>\n<tr>\n<td>Durata totale<\/td>\n<td>circa 50 minuti.<\/td>\n<\/tr>\n<tr>\n<td>Appuntamento<\/td>\n<td>Per telefono<\/td>\n<\/tr>\n<tr>\n<td><button class=\"elementor-button\" type=\"button\"><a href=\"https:\/\/swissraft.outdoorbooking.ch\/fo\/products\/1045?base_id=180&amp;category_id=6&amp;order_type=gift_voucher&amp;lang=it\" target=\"_blank\" rel=\"noopener\">BUONO REGALO<\/a><\/button><\/td>\n<td><strong>CHF 159,00 a persona<\/strong><\/td>\n<\/tr>\n<tr>\n<td><button class=\"elementor-button\" type=\"button\"><a href=\"https:\/\/swissraft.outdoorbooking.ch\/fo\/products\/1071?base_id=183&amp;category_id=6&amp;order_type=gift_voucher&amp;lang=it\" target=\"_blank\" rel=\"noopener\">BUONO REGALO<\/a><\/button><\/td>\n<td><strong>CHF 477,00 &#8211; volo privato (1-3 pers.)<\/strong><\/td>\n<\/tr>\n<tr>\n<td><button class=\"elementor-button\" type=\"button\"><a href=\"https:\/\/swissraft.outdoorbooking.ch\/fo\/products\/1047?base_id=184&amp;category_id=6&amp;order_type=gift_voucher&amp;lang=it\" target=\"_blank\" rel=\"noopener\">BUONO REGALO<\/a><\/button><\/td>\n<td><strong>CHF 636,00 &#8211; volo privato (4 pers.)<\/strong><\/td>\n<\/tr>\n<tr>\n<td> <\/td>\n<td>Per effettuare una prenotazione <span class=\"patt\" style=\"font-family: inherit; font-size: inherit;\"><span class=\"plbl\"><span class=\"patt\"><a href=\"https:\/\/www.swissraft.ch\/it\/contattaci\/\">contattaci<\/a><\/span><\/span><\/span><\/td>\n<\/tr>\n<\/tbody>\n<\/table>\n\t\t\t\t\t\t<\/div>\n\t\t\t\t<\/div>\n\t\t\t\t\t<\/div>\n\t\t<\/div>\n\t\t\t\t\t\t\t<\/div>\n\t\t<\/section>\n\t\t\t\t\t\t\t<\/div>\n\t\t","protected":false},"excerpt":{"rendered":"<div align=\"justify\">\n<h2 align=\"justify\">Volo in elicottero di 20 minuti per raggiungere il Liechtenstein dall&#8217;alto<\/h2>\n<h3>Questo volo ti porter\u00e0 sopra il Castello di Vaduz, la residenza del principe regnante e della sua famiglia dal 1938.<\/h3>\n<\/div>\n<div align=\"justify\">\n<p>Da Balzers vai a nord verso Triesen lungo il Reno. Sorvolerai il castello di Vaduz e poi il rifugio di Gafadura. Sorvolerai poi Kuegrat e Helwang e ti dirigerai verso Steg e Malbun. Impressionante vista su Schesaplana. Prosegui verso Naafkopf e Falknis prima di tornare a Balzers.<\/p>\n<h3>Swissraft offre pi\u00f9 di 150 tour in elicottero in tutta la Svizzera<\/h3>\n<p id=\"textarea\" style=\"display: none;\">\nAbbiamo tour che partono da St. \u00c8 inoltre possibile volare dall&#8217;aeroporto di St. Moritz in inverno e dall&#8217;aeroporto di Samedan sia in estate che in inverno. Ci sono anche tour che partono dagli eliporti di Untervaz, Flims e Tavanasa nei Grigioni. Operiamo anche voli dall&#8217;aeroporto di Sitterdorf in Turgovia. Abbiamo anche voli turistici dall&#8217;aeroporto internazionale di Zurigo-Kloten e dall&#8217;aeroporto internazionale di Berna-Belp. Decolliamo anche dall&#8217;eliporto di Gstaad-Grund e dall&#8217;aerodromo di Saanen nel Gstaad-Saanenland. Ma anche nell&#8217;Oberland Bernese dagli eliporti di Lenk-Simmental, Schattenhalb-Meiringen, Interlaken-Gsteigwiler e Lauterbrunnen. Offriamo anche voli da Pfaffnau nel Canton Lucerna e da Erstfeld nel Canton Uri. In primo luogo, i tour che partono da Buttwil, nel cantone di Argovia. Ci sono anche percorsi da K\u00fcssnacht al Canton Svitto e da Grenchen al Canton Soletta. Allo stesso tempo, abbiamo circuiti dall&#8217;aerodromo di \u00c9pagny en Gruy\u00e8re, nel cantone di Friburgo. Lo stesso vale in Vallese dagli eliporti di Collombey e Gampel e dall&#8217;aeroporto di Sion. Offriamo anche voli dagli aeroporti di Locarno e Lodrino in Ticino.\n<\/p>\n<p><a id=\"seeMore\" onclick=\"toggleSeeMore()\" href=\"javascript:void(0);\">Leggi tutto<\/a><\/p>\n","protected":false},"featured_media":86591,"comment_status":"open","ping_status":"closed","template":"","meta":{"inline_featured_image":false,"_mi_skip_tracking":false},"product_cat":[392,414],"product_tag":[],"class_list":["post-93346","product","type-product","status-publish","has-post-thumbnail","hentry","product_cat-volo-in-elicottero","product_cat-elicottero-balzers"],"yoast_head":"<!-- This site is optimized with the Yoast SEO plugin v23.6 - https:\/\/yoast.com\/wordpress\/plugins\/seo\/ -->\n<title>Una vista in elicottero del Liechtenstein da Balzers.<\/title>\n<meta name=\"description\" content=\"Il Liechtenstein dall&#039;alto con un volo in elicottero di 20 minuti da Balzers. Sorvolerai il Castello di Vaduz, la residenza del Principe del Liechtenstein.\" \/>\n<meta name=\"robots\" content=\"index, follow, max-snippet:-1, max-image-preview:large, max-video-preview:-1\" \/>\n<link rel=\"canonical\" href=\"https:\/\/www.swissraft.ch\/it\/prodotto\/volo-in-elicottero-da-balzers-liechtenstein-20-min-a-partire-da-chf-15900\/\" \/>\n<meta property=\"og:locale\" content=\"it_IT\" \/>\n<meta property=\"og:type\" content=\"article\" \/>\n<meta property=\"og:title\" content=\"Una vista in elicottero del Liechtenstein da Balzers.\" \/>\n<meta property=\"og:description\" content=\"Il Liechtenstein dall&#039;alto con un volo in elicottero di 20 minuti da Balzers. Sorvolerai il Castello di Vaduz, la residenza del Principe del Liechtenstein.\" \/>\n<meta property=\"og:url\" content=\"https:\/\/www.swissraft.ch\/it\/prodotto\/volo-in-elicottero-da-balzers-liechtenstein-20-min-a-partire-da-chf-15900\/\" \/>\n<meta property=\"og:site_name\" content=\"Swissraft\" \/>\n<meta property=\"article:modified_time\" content=\"2024-11-19T20:51:44+00:00\" \/>\n<meta property=\"og:image\" content=\"https:\/\/www.swissraft.ch\/wp-content\/uploads\/2022\/12\/02-Vaduz-776x776-1.jpg\" \/>\n\t<meta property=\"og:image:width\" content=\"776\" \/>\n\t<meta property=\"og:image:height\" content=\"776\" \/>\n\t<meta property=\"og:image:type\" content=\"image\/jpeg\" \/>\n<meta name=\"twitter:card\" content=\"summary_large_image\" \/>\n<script type=\"application\/ld+json\" class=\"yoast-schema-graph\">{\"@context\":\"https:\/\/schema.org\",\"@graph\":[{\"@type\":\"WebPage\",\"@id\":\"https:\/\/www.swissraft.ch\/it\/prodotto\/volo-in-elicottero-da-balzers-liechtenstein-20-min-a-partire-da-chf-15900\/\",\"url\":\"https:\/\/www.swissraft.ch\/it\/prodotto\/volo-in-elicottero-da-balzers-liechtenstein-20-min-a-partire-da-chf-15900\/\",\"name\":\"Una vista in elicottero del Liechtenstein da Balzers.\",\"isPartOf\":{\"@id\":\"https:\/\/www.swissraft.ch\/it\/#website\"},\"primaryImageOfPage\":{\"@id\":\"https:\/\/www.swissraft.ch\/it\/prodotto\/volo-in-elicottero-da-balzers-liechtenstein-20-min-a-partire-da-chf-15900\/#primaryimage\"},\"image\":{\"@id\":\"https:\/\/www.swissraft.ch\/it\/prodotto\/volo-in-elicottero-da-balzers-liechtenstein-20-min-a-partire-da-chf-15900\/#primaryimage\"},\"thumbnailUrl\":\"https:\/\/www.swissraft.ch\/wp-content\/uploads\/2022\/12\/02-Vaduz-776x776-1.jpg\",\"datePublished\":\"2022-12-21T15:58:51+00:00\",\"dateModified\":\"2024-11-19T20:51:44+00:00\",\"description\":\"Il Liechtenstein dall'alto con un volo in elicottero di 20 minuti da Balzers. Sorvolerai il Castello di Vaduz, la residenza del Principe del Liechtenstein.\",\"breadcrumb\":{\"@id\":\"https:\/\/www.swissraft.ch\/it\/prodotto\/volo-in-elicottero-da-balzers-liechtenstein-20-min-a-partire-da-chf-15900\/#breadcrumb\"},\"inLanguage\":\"it-IT\",\"potentialAction\":[{\"@type\":\"ReadAction\",\"target\":[\"https:\/\/www.swissraft.ch\/it\/prodotto\/volo-in-elicottero-da-balzers-liechtenstein-20-min-a-partire-da-chf-15900\/\"]}]},{\"@type\":\"ImageObject\",\"inLanguage\":\"it-IT\",\"@id\":\"https:\/\/www.swissraft.ch\/it\/prodotto\/volo-in-elicottero-da-balzers-liechtenstein-20-min-a-partire-da-chf-15900\/#primaryimage\",\"url\":\"https:\/\/www.swissraft.ch\/wp-content\/uploads\/2022\/12\/02-Vaduz-776x776-1.jpg\",\"contentUrl\":\"https:\/\/www.swissraft.ch\/wp-content\/uploads\/2022\/12\/02-Vaduz-776x776-1.jpg\",\"width\":776,\"height\":776,\"caption\":\"Una vista in elicottero del Liechtenstein da Balzers\"},{\"@type\":\"BreadcrumbList\",\"@id\":\"https:\/\/www.swissraft.ch\/it\/prodotto\/volo-in-elicottero-da-balzers-liechtenstein-20-min-a-partire-da-chf-15900\/#breadcrumb\",\"itemListElement\":[{\"@type\":\"ListItem\",\"position\":1,\"name\":\"Accueil\",\"item\":\"https:\/\/www.swissraft.ch\/it\/\"},{\"@type\":\"ListItem\",\"position\":2,\"name\":\"Negozio\",\"item\":\"https:\/\/www.swissraft.ch\/it\/negozio\/\"},{\"@type\":\"ListItem\",\"position\":3,\"name\":\"Volo in elicottero da BALZERS &#8211; LIECHTENSTEIN &#8211; 20 min. &#8211; A partire da CHF 159,00\"}]},{\"@type\":\"WebSite\",\"@id\":\"https:\/\/www.swissraft.ch\/it\/#website\",\"url\":\"https:\/\/www.swissraft.ch\/it\/\",\"name\":\"Swissraft\",\"description\":\"To enjoy nature as it is\",\"publisher\":{\"@id\":\"https:\/\/www.swissraft.ch\/it\/#organization\"},\"potentialAction\":[{\"@type\":\"SearchAction\",\"target\":{\"@type\":\"EntryPoint\",\"urlTemplate\":\"https:\/\/www.swissraft.ch\/it\/?s={search_term_string}\"},\"query-input\":{\"@type\":\"PropertyValueSpecification\",\"valueRequired\":true,\"valueName\":\"search_term_string\"}}],\"inLanguage\":\"it-IT\"},{\"@type\":\"Organization\",\"@id\":\"https:\/\/www.swissraft.ch\/it\/#organization\",\"name\":\"Swissraft\",\"url\":\"https:\/\/www.swissraft.ch\/it\/\",\"logo\":{\"@type\":\"ImageObject\",\"inLanguage\":\"it-IT\",\"@id\":\"https:\/\/www.swissraft.ch\/it\/#\/schema\/logo\/image\/\",\"url\":\"https:\/\/www.swissraft.ch\/wp-content\/uploads\/2025\/09\/Capture.jpg\",\"contentUrl\":\"https:\/\/www.swissraft.ch\/wp-content\/uploads\/2025\/09\/Capture.jpg\",\"width\":293,\"height\":108,\"caption\":\"Swissraft\"},\"image\":{\"@id\":\"https:\/\/www.swissraft.ch\/it\/#\/schema\/logo\/image\/\"}}]}<\/script>\n<!-- \/ Yoast SEO plugin. -->","yoast_head_json":{"title":"Una vista in elicottero del Liechtenstein da Balzers.","description":"Il Liechtenstein dall'alto con un volo in elicottero di 20 minuti da Balzers. Sorvolerai il Castello di Vaduz, la residenza del Principe del Liechtenstein.","robots":{"index":"index","follow":"follow","max-snippet":"max-snippet:-1","max-image-preview":"max-image-preview:large","max-video-preview":"max-video-preview:-1"},"canonical":"https:\/\/www.swissraft.ch\/it\/prodotto\/volo-in-elicottero-da-balzers-liechtenstein-20-min-a-partire-da-chf-15900\/","og_locale":"it_IT","og_type":"article","og_title":"Una vista in elicottero del Liechtenstein da Balzers.","og_description":"Il Liechtenstein dall'alto con un volo in elicottero di 20 minuti da Balzers. Sorvolerai il Castello di Vaduz, la residenza del Principe del Liechtenstein.","og_url":"https:\/\/www.swissraft.ch\/it\/prodotto\/volo-in-elicottero-da-balzers-liechtenstein-20-min-a-partire-da-chf-15900\/","og_site_name":"Swissraft","article_modified_time":"2024-11-19T20:51:44+00:00","og_image":[{"width":776,"height":776,"url":"https:\/\/www.swissraft.ch\/wp-content\/uploads\/2022\/12\/02-Vaduz-776x776-1.jpg","type":"image\/jpeg"}],"twitter_card":"summary_large_image","schema":{"@context":"https:\/\/schema.org","@graph":[{"@type":"WebPage","@id":"https:\/\/www.swissraft.ch\/it\/prodotto\/volo-in-elicottero-da-balzers-liechtenstein-20-min-a-partire-da-chf-15900\/","url":"https:\/\/www.swissraft.ch\/it\/prodotto\/volo-in-elicottero-da-balzers-liechtenstein-20-min-a-partire-da-chf-15900\/","name":"Una vista in elicottero del Liechtenstein da Balzers.","isPartOf":{"@id":"https:\/\/www.swissraft.ch\/it\/#website"},"primaryImageOfPage":{"@id":"https:\/\/www.swissraft.ch\/it\/prodotto\/volo-in-elicottero-da-balzers-liechtenstein-20-min-a-partire-da-chf-15900\/#primaryimage"},"image":{"@id":"https:\/\/www.swissraft.ch\/it\/prodotto\/volo-in-elicottero-da-balzers-liechtenstein-20-min-a-partire-da-chf-15900\/#primaryimage"},"thumbnailUrl":"https:\/\/www.swissraft.ch\/wp-content\/uploads\/2022\/12\/02-Vaduz-776x776-1.jpg","datePublished":"2022-12-21T15:58:51+00:00","dateModified":"2024-11-19T20:51:44+00:00","description":"Il Liechtenstein dall'alto con un volo in elicottero di 20 minuti da Balzers. Sorvolerai il Castello di Vaduz, la residenza del Principe del Liechtenstein.","breadcrumb":{"@id":"https:\/\/www.swissraft.ch\/it\/prodotto\/volo-in-elicottero-da-balzers-liechtenstein-20-min-a-partire-da-chf-15900\/#breadcrumb"},"inLanguage":"it-IT","potentialAction":[{"@type":"ReadAction","target":["https:\/\/www.swissraft.ch\/it\/prodotto\/volo-in-elicottero-da-balzers-liechtenstein-20-min-a-partire-da-chf-15900\/"]}]},{"@type":"ImageObject","inLanguage":"it-IT","@id":"https:\/\/www.swissraft.ch\/it\/prodotto\/volo-in-elicottero-da-balzers-liechtenstein-20-min-a-partire-da-chf-15900\/#primaryimage","url":"https:\/\/www.swissraft.ch\/wp-content\/uploads\/2022\/12\/02-Vaduz-776x776-1.jpg","contentUrl":"https:\/\/www.swissraft.ch\/wp-content\/uploads\/2022\/12\/02-Vaduz-776x776-1.jpg","width":776,"height":776,"caption":"Una vista in elicottero del Liechtenstein da Balzers"},{"@type":"BreadcrumbList","@id":"https:\/\/www.swissraft.ch\/it\/prodotto\/volo-in-elicottero-da-balzers-liechtenstein-20-min-a-partire-da-chf-15900\/#breadcrumb","itemListElement":[{"@type":"ListItem","position":1,"name":"Accueil","item":"https:\/\/www.swissraft.ch\/it\/"},{"@type":"ListItem","position":2,"name":"Negozio","item":"https:\/\/www.swissraft.ch\/it\/negozio\/"},{"@type":"ListItem","position":3,"name":"Volo in elicottero da BALZERS &#8211; LIECHTENSTEIN &#8211; 20 min. &#8211; A partire da CHF 159,00"}]},{"@type":"WebSite","@id":"https:\/\/www.swissraft.ch\/it\/#website","url":"https:\/\/www.swissraft.ch\/it\/","name":"Swissraft","description":"To enjoy nature as it is","publisher":{"@id":"https:\/\/www.swissraft.ch\/it\/#organization"},"potentialAction":[{"@type":"SearchAction","target":{"@type":"EntryPoint","urlTemplate":"https:\/\/www.swissraft.ch\/it\/?s={search_term_string}"},"query-input":{"@type":"PropertyValueSpecification","valueRequired":true,"valueName":"search_term_string"}}],"inLanguage":"it-IT"},{"@type":"Organization","@id":"https:\/\/www.swissraft.ch\/it\/#organization","name":"Swissraft","url":"https:\/\/www.swissraft.ch\/it\/","logo":{"@type":"ImageObject","inLanguage":"it-IT","@id":"https:\/\/www.swissraft.ch\/it\/#\/schema\/logo\/image\/","url":"https:\/\/www.swissraft.ch\/wp-content\/uploads\/2025\/09\/Capture.jpg","contentUrl":"https:\/\/www.swissraft.ch\/wp-content\/uploads\/2025\/09\/Capture.jpg","width":293,"height":108,"caption":"Swissraft"},"image":{"@id":"https:\/\/www.swissraft.ch\/it\/#\/schema\/logo\/image\/"}}]}},"_links":{"self":[{"href":"https:\/\/www.swissraft.ch\/it\/wp-json\/wp\/v2\/product\/93346","targetHints":{"allow":["GET"]}}],"collection":[{"href":"https:\/\/www.swissraft.ch\/it\/wp-json\/wp\/v2\/product"}],"about":[{"href":"https:\/\/www.swissraft.ch\/it\/wp-json\/wp\/v2\/types\/product"}],"replies":[{"embeddable":true,"href":"https:\/\/www.swissraft.ch\/it\/wp-json\/wp\/v2\/comments?post=93346"}],"version-history":[{"count":0,"href":"https:\/\/www.swissraft.ch\/it\/wp-json\/wp\/v2\/product\/93346\/revisions"}],"wp:featuredmedia":[{"embeddable":true,"href":"https:\/\/www.swissraft.ch\/it\/wp-json\/wp\/v2\/media\/86591"}],"wp:attachment":[{"href":"https:\/\/www.swissraft.ch\/it\/wp-json\/wp\/v2\/media?parent=93346"}],"wp:term":[{"taxonomy":"product_cat","embeddable":true,"href":"https:\/\/www.swissraft.ch\/it\/wp-json\/wp\/v2\/product_cat?post=93346"},{"taxonomy":"product_tag","embeddable":true,"href":"https:\/\/www.swissraft.ch\/it\/wp-json\/wp\/v2\/product_tag?post=93346"}],"curies":[{"name":"wp","href":"https:\/\/api.w.org\/{rel}","templated":true}]}}