{"id":93335,"date":"2022-12-21T17:07:13","date_gmt":"2022-12-21T16:07:13","guid":{"rendered":"https:\/\/swissraft.xyanzkdne.eu\/product\/volo-in-elicottero-da-balzers-over-liechtenstein-15-min-chf-92000\/"},"modified":"2024-11-19T21:51:44","modified_gmt":"2024-11-19T20:51:44","slug":"volo-in-elicottero-da-balzers-over-liechtenstein-15-min-chf-92000","status":"publish","type":"product","link":"https:\/\/www.swissraft.ch\/it\/prodotto\/volo-in-elicottero-da-balzers-over-liechtenstein-15-min-chf-92000\/","title":{"rendered":"Volo in elicottero da BALZERS &#8211; OVER LIECHTENSTEIN &#8211; 15 min. &#8211; CHF 920,00"},"content":{"rendered":"\t\t<div data-elementor-type=\"wp-post\" data-elementor-id=\"93335\" class=\"elementor elementor-93335 elementor-29809\">\n\t\t\t\t\t\t\t\t\t<section class=\"elementor-section elementor-top-section elementor-element elementor-element-3303a7e3 elementor-section-boxed elementor-section-height-default elementor-section-height-default\" data-id=\"3303a7e3\" data-element_type=\"section\">\n\t\t\t\t\t\t<div class=\"elementor-container elementor-column-gap-default\">\n\t\t\t\t\t<div class=\"elementor-column elementor-col-100 elementor-top-column elementor-element elementor-element-16d72dbf\" data-id=\"16d72dbf\" data-element_type=\"column\">\n\t\t\t<div class=\"elementor-widget-wrap elementor-element-populated\">\n\t\t\t\t\t\t\t\t<div class=\"elementor-element elementor-element-d743c03 elementor-widget elementor-widget-text-editor\" data-id=\"d743c03\" data-element_type=\"widget\" data-widget_type=\"text-editor.default\">\n\t\t\t\t<div class=\"elementor-widget-container\">\n\t\t\t\t\t\t\t<h2>SCEGLI LA TUA ATTIVIT\u00c0 QUI SOTTO PER OFFRIRE BUONI REGALO\/BIGLIETTI O EFFETTUARE UNA PRENOTAZIONE<\/h2>\n<table border=\"0\" width=\"580\" cellspacing=\"10\" cellpadding=\"10\">\n<tbody>\n<tr>\n<td width=\"50%\"><strong>SOPRA IL LIECHTENSTEIN &#8211; VOLO PRIVATO (1-5 pers) &#8211; 15 min.<\/strong><\/td>\n<td><strong>CHF <span class=\"productPrice\">920,00 per volo privato<\/span><\/strong><\/td>\n<\/tr>\n<tr>\n<td>Informazioni aggiuntive<\/td>\n<td>\n<p>&#8211; Utilizzi l&#8217;elicottero esclusivamente per te &#8211; Decidi tu la data e l&#8217;ora di partenza &#8211; Massimo 5 persone.<\/td>\n<\/tr>\n<tr>\n<td>Eliporto<\/td>\n<td><a href=\"https:\/\/www.google.com\/maps\/place\/47%C2%B004'05.0%22N+9%C2%B028'55.2%22E\/@47.0680806,9.480855,192m\/data=!3m1!1e3!4m13!1m8!3m7!1s0x479b33499588e047:0xe58ca1e7c040f200!2s9496+M%C3%A4ls,+Liechtenstein!3b1!8m2!3d47.0608202!4d9.4906745!16s%2Fm%2F03wd5pd!3m3!8m2!3d47.068055!4d9.482003?entry=ttu\" target=\"_blank\" rel=\"noopener\">Balzers<\/a><\/td>\n<\/tr>\n<tr>\n<td>Tempo di volo<\/td>\n<td>15 min.<\/td>\n<\/tr>\n<tr>\n<td>Durata totale<\/td>\n<td>circa 45 minuti.<\/td>\n<\/tr>\n<tr>\n<td>Appuntamento<\/td>\n<td>Per telefono<\/td>\n<\/tr>\n<tr>\n<td><button class=\"elementor-button\" type=\"button\"><a href=\"https:\/\/swissraft.outdoorbooking.ch\/fo\/products\/1662?base_id=164&amp;category_id=6&amp;order_type=gift_voucher&amp;lang=it\" target=\"_blank\" rel=\"noopener\">BUONO REGALO<\/a><\/button><\/td>\n<td>Per prenotare <span class=\"patt\" style=\"font-family: inherit; font-size: inherit;\"><span class=\"plbl\"><span class=\"patt\"><a href=\"https:\/\/www.swissraft.ch\/it\/contattaci\/\">contattaci<\/a><\/span><\/span><\/span><\/td>\n<\/tr>\n<\/tbody>\n<\/table>\n\t\t\t\t\t\t<\/div>\n\t\t\t\t<\/div>\n\t\t\t\t\t<\/div>\n\t\t<\/div>\n\t\t\t\t\t\t\t<\/div>\n\t\t<\/section>\n\t\t\t\t\t\t\t<\/div>\n\t\t","protected":false},"excerpt":{"rendered":"<div align=\"justify\">\n<h2 align=\"justify\">Un volo in elicottero di 15 minuti sul Principato del Liechtenstein<\/h2>\n<h3>Questo volo sopra il Principato del Liechtenstein \u00e8 un&#8217;esperienza che ti consigliamo.<\/h3>\n<\/div>\n<div align=\"justify\">\n<p>Con noi, a bordo del nostro elicottero, raggiungi le montagne e i confini del Liechtenstein. Scopri le sorprendenti costruzioni architettoniche con edifici tipici come il Walserbauten e le case degli abitanti del Liechtenstein. Da Balzers ci dirigiamo verso Luzisteig, Guscha, Falknis, Pf\u00e4lzerh\u00fctte, Val\u00fcna, Malbun, Valorsch, Zigerbergkopf e le Drei Schwestern. Terminiamo il volo con un sorvolo della citt\u00e0 di Vaduz prima di riposarci all&#8217;eliporto di Balzers.<\/p>\n<h3>Partendo dall&#8217;eliporto di Balzers, offriamo 12 voli panoramici in elicottero<\/h3>\n<p id=\"textarea\" style=\"display: none;\">\nDecolliamo anche dall&#8217;eliporto di St. Moritz. \u00c8 inoltre possibile volare dall&#8217;aeroporto di St. Moritz in inverno e dall&#8217;aeroporto di Samedan sia in estate che in inverno. Ma anche dagli eliporti di Untervaz, Flims e Tavanasa nei Grigioni. Operiamo anche voli dall&#8217;aeroporto di Sitterdorf in Turgovia. Abbiamo anche voli turistici dall&#8217;aeroporto internazionale di Zurigo-Kloten e dall&#8217;aeroporto internazionale di Berna-Belp. Decolliamo anche dall&#8217;eliporto di Gstaad-Grund e dall&#8217;aerodromo di Saanen nel Gstaad-Saanenland. Ma anche nell&#8217;Oberland Bernese dagli eliporti di Lenk-Simmental, Schattenhalb-Meiringen, Interlaken-Gsteigwiler e Lauterbrunnen. Offriamo anche voli da Pfaffnau nel cantone di Lucerna e da Erstfeld nel cantone di Uri. In primo luogo, i voli in partenza da Buttwil, nel cantone di Argovia. Ci sono stati anche voli da K\u00fcssnacht nel Canton Svitto e da Grenchen nel Canton Soletta. Poi ci sono i voli turistici a Gruy\u00e8re, nel cantone di Friburgo, dall&#8217;aeroporto di \u00c9pagny. Allo stesso modo in Vallese, decolliamo dagli eliporti di Collombey e Gampel e dall&#8217;aeroporto di Sion. E per il Ticino dagli aeroporti di Locarno e Lodrino.\n<\/p>\n<p><a id=\"seeMore\" onclick=\"toggleSeeMore()\" href=\"javascript:void(0);\">Leggi tutto<\/a><\/p>\n","protected":false},"featured_media":86579,"comment_status":"open","ping_status":"closed","template":"","meta":{"inline_featured_image":false,"_mi_skip_tracking":false},"product_cat":[392,414],"product_tag":[],"class_list":["post-93335","product","type-product","status-publish","has-post-thumbnail","hentry","product_cat-volo-in-elicottero","product_cat-elicottero-balzers"],"yoast_head":"<!-- This site is optimized with the Yoast SEO plugin v23.6 - https:\/\/yoast.com\/wordpress\/plugins\/seo\/ -->\n<title>Volo in elicottero da Balzers sul Liechtenstein<\/title>\n<meta name=\"description\" content=\"Fai un volo in elicottero di 15 minuti sul Liechtenstein. La sua architettura e le sue case sono notevoli\" \/>\n<meta name=\"robots\" content=\"index, follow, max-snippet:-1, max-image-preview:large, max-video-preview:-1\" \/>\n<link rel=\"canonical\" href=\"https:\/\/www.swissraft.ch\/it\/prodotto\/volo-in-elicottero-da-balzers-over-liechtenstein-15-min-chf-92000\/\" \/>\n<meta property=\"og:locale\" content=\"it_IT\" \/>\n<meta property=\"og:type\" content=\"article\" \/>\n<meta property=\"og:title\" content=\"Volo in elicottero da Balzers sul Liechtenstein\" \/>\n<meta property=\"og:description\" content=\"Fai un volo in elicottero di 15 minuti sul Liechtenstein. La sua architettura e le sue case sono notevoli\" \/>\n<meta property=\"og:url\" content=\"https:\/\/www.swissraft.ch\/it\/prodotto\/volo-in-elicottero-da-balzers-over-liechtenstein-15-min-chf-92000\/\" \/>\n<meta property=\"og:site_name\" content=\"Swissraft\" \/>\n<meta property=\"article:modified_time\" content=\"2024-11-19T20:51:44+00:00\" \/>\n<meta property=\"og:image\" content=\"https:\/\/www.swissraft.ch\/wp-content\/uploads\/2022\/12\/01-SARGANS-BALZERS-Furstentum-Liechtenstein-776x776-2.png\" \/>\n\t<meta property=\"og:image:width\" content=\"776\" \/>\n\t<meta property=\"og:image:height\" content=\"776\" \/>\n\t<meta property=\"og:image:type\" content=\"image\/png\" \/>\n<meta name=\"twitter:card\" content=\"summary_large_image\" \/>\n<script type=\"application\/ld+json\" class=\"yoast-schema-graph\">{\"@context\":\"https:\/\/schema.org\",\"@graph\":[{\"@type\":\"WebPage\",\"@id\":\"https:\/\/www.swissraft.ch\/it\/prodotto\/volo-in-elicottero-da-balzers-over-liechtenstein-15-min-chf-92000\/\",\"url\":\"https:\/\/www.swissraft.ch\/it\/prodotto\/volo-in-elicottero-da-balzers-over-liechtenstein-15-min-chf-92000\/\",\"name\":\"Volo in elicottero da Balzers sul Liechtenstein\",\"isPartOf\":{\"@id\":\"https:\/\/www.swissraft.ch\/it\/#website\"},\"primaryImageOfPage\":{\"@id\":\"https:\/\/www.swissraft.ch\/it\/prodotto\/volo-in-elicottero-da-balzers-over-liechtenstein-15-min-chf-92000\/#primaryimage\"},\"image\":{\"@id\":\"https:\/\/www.swissraft.ch\/it\/prodotto\/volo-in-elicottero-da-balzers-over-liechtenstein-15-min-chf-92000\/#primaryimage\"},\"thumbnailUrl\":\"https:\/\/www.swissraft.ch\/wp-content\/uploads\/2022\/12\/01-SARGANS-BALZERS-Furstentum-Liechtenstein-776x776-2.png\",\"datePublished\":\"2022-12-21T16:07:13+00:00\",\"dateModified\":\"2024-11-19T20:51:44+00:00\",\"description\":\"Fai un volo in elicottero di 15 minuti sul Liechtenstein. La sua architettura e le sue case sono notevoli\",\"breadcrumb\":{\"@id\":\"https:\/\/www.swissraft.ch\/it\/prodotto\/volo-in-elicottero-da-balzers-over-liechtenstein-15-min-chf-92000\/#breadcrumb\"},\"inLanguage\":\"it-IT\",\"potentialAction\":[{\"@type\":\"ReadAction\",\"target\":[\"https:\/\/www.swissraft.ch\/it\/prodotto\/volo-in-elicottero-da-balzers-over-liechtenstein-15-min-chf-92000\/\"]}]},{\"@type\":\"ImageObject\",\"inLanguage\":\"it-IT\",\"@id\":\"https:\/\/www.swissraft.ch\/it\/prodotto\/volo-in-elicottero-da-balzers-over-liechtenstein-15-min-chf-92000\/#primaryimage\",\"url\":\"https:\/\/www.swissraft.ch\/wp-content\/uploads\/2022\/12\/01-SARGANS-BALZERS-Furstentum-Liechtenstein-776x776-2.png\",\"contentUrl\":\"https:\/\/www.swissraft.ch\/wp-content\/uploads\/2022\/12\/01-SARGANS-BALZERS-Furstentum-Liechtenstein-776x776-2.png\",\"width\":776,\"height\":776,\"caption\":\"Liechtenstein in elicottero da Balzers\"},{\"@type\":\"BreadcrumbList\",\"@id\":\"https:\/\/www.swissraft.ch\/it\/prodotto\/volo-in-elicottero-da-balzers-over-liechtenstein-15-min-chf-92000\/#breadcrumb\",\"itemListElement\":[{\"@type\":\"ListItem\",\"position\":1,\"name\":\"Accueil\",\"item\":\"https:\/\/www.swissraft.ch\/it\/\"},{\"@type\":\"ListItem\",\"position\":2,\"name\":\"Negozio\",\"item\":\"https:\/\/www.swissraft.ch\/it\/negozio\/\"},{\"@type\":\"ListItem\",\"position\":3,\"name\":\"Volo in elicottero da BALZERS &#8211; OVER LIECHTENSTEIN &#8211; 15 min. &#8211; CHF 920,00\"}]},{\"@type\":\"WebSite\",\"@id\":\"https:\/\/www.swissraft.ch\/it\/#website\",\"url\":\"https:\/\/www.swissraft.ch\/it\/\",\"name\":\"Swissraft\",\"description\":\"To enjoy nature as it is\",\"publisher\":{\"@id\":\"https:\/\/www.swissraft.ch\/it\/#organization\"},\"potentialAction\":[{\"@type\":\"SearchAction\",\"target\":{\"@type\":\"EntryPoint\",\"urlTemplate\":\"https:\/\/www.swissraft.ch\/it\/?s={search_term_string}\"},\"query-input\":{\"@type\":\"PropertyValueSpecification\",\"valueRequired\":true,\"valueName\":\"search_term_string\"}}],\"inLanguage\":\"it-IT\"},{\"@type\":\"Organization\",\"@id\":\"https:\/\/www.swissraft.ch\/it\/#organization\",\"name\":\"Swissraft\",\"url\":\"https:\/\/www.swissraft.ch\/it\/\",\"logo\":{\"@type\":\"ImageObject\",\"inLanguage\":\"it-IT\",\"@id\":\"https:\/\/www.swissraft.ch\/it\/#\/schema\/logo\/image\/\",\"url\":\"https:\/\/www.swissraft.ch\/wp-content\/uploads\/2025\/09\/Capture.jpg\",\"contentUrl\":\"https:\/\/www.swissraft.ch\/wp-content\/uploads\/2025\/09\/Capture.jpg\",\"width\":293,\"height\":108,\"caption\":\"Swissraft\"},\"image\":{\"@id\":\"https:\/\/www.swissraft.ch\/it\/#\/schema\/logo\/image\/\"}}]}<\/script>\n<!-- \/ Yoast SEO plugin. -->","yoast_head_json":{"title":"Volo in elicottero da Balzers sul Liechtenstein","description":"Fai un volo in elicottero di 15 minuti sul Liechtenstein. La sua architettura e le sue case sono notevoli","robots":{"index":"index","follow":"follow","max-snippet":"max-snippet:-1","max-image-preview":"max-image-preview:large","max-video-preview":"max-video-preview:-1"},"canonical":"https:\/\/www.swissraft.ch\/it\/prodotto\/volo-in-elicottero-da-balzers-over-liechtenstein-15-min-chf-92000\/","og_locale":"it_IT","og_type":"article","og_title":"Volo in elicottero da Balzers sul Liechtenstein","og_description":"Fai un volo in elicottero di 15 minuti sul Liechtenstein. La sua architettura e le sue case sono notevoli","og_url":"https:\/\/www.swissraft.ch\/it\/prodotto\/volo-in-elicottero-da-balzers-over-liechtenstein-15-min-chf-92000\/","og_site_name":"Swissraft","article_modified_time":"2024-11-19T20:51:44+00:00","og_image":[{"width":776,"height":776,"url":"https:\/\/www.swissraft.ch\/wp-content\/uploads\/2022\/12\/01-SARGANS-BALZERS-Furstentum-Liechtenstein-776x776-2.png","type":"image\/png"}],"twitter_card":"summary_large_image","schema":{"@context":"https:\/\/schema.org","@graph":[{"@type":"WebPage","@id":"https:\/\/www.swissraft.ch\/it\/prodotto\/volo-in-elicottero-da-balzers-over-liechtenstein-15-min-chf-92000\/","url":"https:\/\/www.swissraft.ch\/it\/prodotto\/volo-in-elicottero-da-balzers-over-liechtenstein-15-min-chf-92000\/","name":"Volo in elicottero da Balzers sul Liechtenstein","isPartOf":{"@id":"https:\/\/www.swissraft.ch\/it\/#website"},"primaryImageOfPage":{"@id":"https:\/\/www.swissraft.ch\/it\/prodotto\/volo-in-elicottero-da-balzers-over-liechtenstein-15-min-chf-92000\/#primaryimage"},"image":{"@id":"https:\/\/www.swissraft.ch\/it\/prodotto\/volo-in-elicottero-da-balzers-over-liechtenstein-15-min-chf-92000\/#primaryimage"},"thumbnailUrl":"https:\/\/www.swissraft.ch\/wp-content\/uploads\/2022\/12\/01-SARGANS-BALZERS-Furstentum-Liechtenstein-776x776-2.png","datePublished":"2022-12-21T16:07:13+00:00","dateModified":"2024-11-19T20:51:44+00:00","description":"Fai un volo in elicottero di 15 minuti sul Liechtenstein. La sua architettura e le sue case sono notevoli","breadcrumb":{"@id":"https:\/\/www.swissraft.ch\/it\/prodotto\/volo-in-elicottero-da-balzers-over-liechtenstein-15-min-chf-92000\/#breadcrumb"},"inLanguage":"it-IT","potentialAction":[{"@type":"ReadAction","target":["https:\/\/www.swissraft.ch\/it\/prodotto\/volo-in-elicottero-da-balzers-over-liechtenstein-15-min-chf-92000\/"]}]},{"@type":"ImageObject","inLanguage":"it-IT","@id":"https:\/\/www.swissraft.ch\/it\/prodotto\/volo-in-elicottero-da-balzers-over-liechtenstein-15-min-chf-92000\/#primaryimage","url":"https:\/\/www.swissraft.ch\/wp-content\/uploads\/2022\/12\/01-SARGANS-BALZERS-Furstentum-Liechtenstein-776x776-2.png","contentUrl":"https:\/\/www.swissraft.ch\/wp-content\/uploads\/2022\/12\/01-SARGANS-BALZERS-Furstentum-Liechtenstein-776x776-2.png","width":776,"height":776,"caption":"Liechtenstein in elicottero da Balzers"},{"@type":"BreadcrumbList","@id":"https:\/\/www.swissraft.ch\/it\/prodotto\/volo-in-elicottero-da-balzers-over-liechtenstein-15-min-chf-92000\/#breadcrumb","itemListElement":[{"@type":"ListItem","position":1,"name":"Accueil","item":"https:\/\/www.swissraft.ch\/it\/"},{"@type":"ListItem","position":2,"name":"Negozio","item":"https:\/\/www.swissraft.ch\/it\/negozio\/"},{"@type":"ListItem","position":3,"name":"Volo in elicottero da BALZERS &#8211; OVER LIECHTENSTEIN &#8211; 15 min. &#8211; CHF 920,00"}]},{"@type":"WebSite","@id":"https:\/\/www.swissraft.ch\/it\/#website","url":"https:\/\/www.swissraft.ch\/it\/","name":"Swissraft","description":"To enjoy nature as it is","publisher":{"@id":"https:\/\/www.swissraft.ch\/it\/#organization"},"potentialAction":[{"@type":"SearchAction","target":{"@type":"EntryPoint","urlTemplate":"https:\/\/www.swissraft.ch\/it\/?s={search_term_string}"},"query-input":{"@type":"PropertyValueSpecification","valueRequired":true,"valueName":"search_term_string"}}],"inLanguage":"it-IT"},{"@type":"Organization","@id":"https:\/\/www.swissraft.ch\/it\/#organization","name":"Swissraft","url":"https:\/\/www.swissraft.ch\/it\/","logo":{"@type":"ImageObject","inLanguage":"it-IT","@id":"https:\/\/www.swissraft.ch\/it\/#\/schema\/logo\/image\/","url":"https:\/\/www.swissraft.ch\/wp-content\/uploads\/2025\/09\/Capture.jpg","contentUrl":"https:\/\/www.swissraft.ch\/wp-content\/uploads\/2025\/09\/Capture.jpg","width":293,"height":108,"caption":"Swissraft"},"image":{"@id":"https:\/\/www.swissraft.ch\/it\/#\/schema\/logo\/image\/"}}]}},"_links":{"self":[{"href":"https:\/\/www.swissraft.ch\/it\/wp-json\/wp\/v2\/product\/93335","targetHints":{"allow":["GET"]}}],"collection":[{"href":"https:\/\/www.swissraft.ch\/it\/wp-json\/wp\/v2\/product"}],"about":[{"href":"https:\/\/www.swissraft.ch\/it\/wp-json\/wp\/v2\/types\/product"}],"replies":[{"embeddable":true,"href":"https:\/\/www.swissraft.ch\/it\/wp-json\/wp\/v2\/comments?post=93335"}],"version-history":[{"count":0,"href":"https:\/\/www.swissraft.ch\/it\/wp-json\/wp\/v2\/product\/93335\/revisions"}],"wp:featuredmedia":[{"embeddable":true,"href":"https:\/\/www.swissraft.ch\/it\/wp-json\/wp\/v2\/media\/86579"}],"wp:attachment":[{"href":"https:\/\/www.swissraft.ch\/it\/wp-json\/wp\/v2\/media?parent=93335"}],"wp:term":[{"taxonomy":"product_cat","embeddable":true,"href":"https:\/\/www.swissraft.ch\/it\/wp-json\/wp\/v2\/product_cat?post=93335"},{"taxonomy":"product_tag","embeddable":true,"href":"https:\/\/www.swissraft.ch\/it\/wp-json\/wp\/v2\/product_tag?post=93335"}],"curies":[{"name":"wp","href":"https:\/\/api.w.org\/{rel}","templated":true}]}}