{"id":93265,"date":"2022-12-27T14:56:44","date_gmt":"2022-12-27T13:56:44","guid":{"rendered":"https:\/\/swissraft.xyanzkdne.eu\/product\/volo-in-elicottero-da-locarno-le-cervin-75-min-chf-2670-00\/"},"modified":"2025-06-20T22:58:17","modified_gmt":"2025-06-20T20:58:17","slug":"volo-in-elicottero-da-locarno-le-cervin-75-min-chf-2670-00","status":"publish","type":"product","link":"https:\/\/www.swissraft.ch\/it\/prodotto\/volo-in-elicottero-da-locarno-le-cervin-75-min-chf-2670-00\/","title":{"rendered":"Volo in elicottero da LOCARNO &#8211; IL CERVINO &#8211; 75 min. &#8211; CHF 2&#8217;830.00"},"content":{"rendered":"\t\t<div data-elementor-type=\"wp-post\" data-elementor-id=\"93265\" class=\"elementor elementor-93265 elementor-30006\">\n\t\t\t\t\t\t\t\t\t<section class=\"elementor-section elementor-top-section elementor-element elementor-element-3303a7e3 elementor-section-boxed elementor-section-height-default elementor-section-height-default\" data-id=\"3303a7e3\" data-element_type=\"section\">\n\t\t\t\t\t\t<div class=\"elementor-container elementor-column-gap-default\">\n\t\t\t\t\t<div class=\"elementor-column elementor-col-100 elementor-top-column elementor-element elementor-element-16d72dbf\" data-id=\"16d72dbf\" data-element_type=\"column\">\n\t\t\t<div class=\"elementor-widget-wrap elementor-element-populated\">\n\t\t\t\t\t\t\t\t<div class=\"elementor-element elementor-element-d743c03 elementor-widget elementor-widget-text-editor\" data-id=\"d743c03\" data-element_type=\"widget\" data-widget_type=\"text-editor.default\">\n\t\t\t\t<div class=\"elementor-widget-container\">\n\t\t\t\t\t\t\t<h2>SCEGLI LA TUA ATTIVIT\u00c0 QUI SOTTO PER OFFRIRE BUONI REGALO\/BIGLIETTI O EFFETTUARE UNA PRENOTAZIONE<\/h2>\n<table border=\"0\" width=\"580\" cellspacing=\"10\" cellpadding=\"10\">\n<tbody>\n<tr>\n<td width=\"50%\"><strong>IL CERVINO &#8211; VOLO PRIVATO (1-4 pers.) &#8211; 75 min.<\/strong><\/td>\n<td><strong>CHF 2&#8217;830.00 per volo privato<span class=\"productPrice\"><br \/><\/span><\/strong><\/td>\n<\/tr>\n<tr>\n<td>Informazioni aggiuntive<\/td>\n<td><span class=\"patt\">&#8211; Utilizzi l \u201celicottero esclusivamente per te<br \/>&#8211; Sei tu a stabilire la data e l\u201d orario di partenza<br \/>&#8211; Massimo 4 persone.<\/span><\/td>\n<\/tr>\n<tr>\n<td>Aerodromo<\/td>\n<td><a href=\"https:\/\/www.google.com\/maps\/place\/46%C2%B009'51.6%22N+8%C2%B052'57.2%22E\/@46.1653551,8.8644715,3127m\/data=!3m1!1e3!4m12!1m7!3m6!1s0x4785cb3732ff3a03:0xc7688bd294b9853!2sSwiss+Helicopter+Engineering+AG!8m2!3d46.1629655!4d8.8826566!16s%2Fg%2F11j10rdxvw!3m3!8m2!3d46.1643333!4d8.8825556?entry=ttu\" target=\"_blank\" rel=\"noopener\">Locarno &#8211; Gordola<\/a><\/td>\n<\/tr>\n<tr>\n<td>Tempo di volo<\/td>\n<td>75 min.<\/td>\n<\/tr>\n<tr>\n<td>Durata totale<\/td>\n<td>circa 1 ora 45<\/td>\n<\/tr>\n<tr>\n<td>Appuntamento<\/td>\n<td>Per telefono<\/td>\n<\/tr>\n<tr>\n<td><button class=\"elementor-button\" type=\"button\"><a href=\"https:\/\/swissraft.outdoorbooking.ch\/fo\/products\/138?base_id=18&amp;category_id=6&amp;order_type=gift_voucher&amp;lang=it\" target=\"_blank\" rel=\"noopener\">ACQUISTO BUONO REGALO<\/a><\/button><\/td>\n<td>\n<p>Dopo aver ricevuto il vostro biglietto\/buono, chiamate il numero di telefono indicato in alto a sinistra per effettuare la prenotazione.<\/p>\n<\/td>\n<\/tr>\n<\/tbody>\n<\/table>\n\t\t\t\t\t\t<\/div>\n\t\t\t\t<\/div>\n\t\t\t\t\t<\/div>\n\t\t<\/div>\n\t\t\t\t\t\t\t<\/div>\n\t\t<\/section>\n\t\t\t\t\t\t\t<\/div>\n\t\t","protected":false},"excerpt":{"rendered":"<div align=\"justify\">\n<h2 align=\"justify\">Da Locarno, entra nel regno delle vette alte pi\u00f9 di quattromila metri!<\/h2>\n<h3>Questo volo in elicottero di 75 minuti verso il Vallese e il Cervino \u00e8 un vero gioiello. Durante il volo, potrai godere di viste panoramiche mozzafiato. <\/h3>\n<\/div>\n<div align=\"justify\">\n<p>Il nostro elicottero ti porter\u00e0 sulle magnifiche montagne della regione del Monte Rosa, con i suoi paesaggi incontaminati. Questa regione \u00e8 ancora selvaggia. Poi ci dirigiamo verso Zermatt. Il momento clou del volo sar\u00e0 il sorvolo del rifugio H\u00f6rnlih\u00fctte. Da qui avrai una vista mozzafiato sulla montagna pi\u00f9 famosa della Svizzera: il Cervino. Durante il viaggio di ritorno, avrai ancora una volta l&#8217;opportunit\u00e0 di scoprire il paesaggio montano fino al Ticino. Poi proseguiamo lungo il Lago Maggiore prima di tornare ad atterrare all&#8217;aerodromo di Locarno-Magadino.<\/p>\n<h3>Sul sito web di Swissraft sono disponibili pi\u00f9 di 150 itinerari in elicottero con partenza da numerosi aeroporti ed eliporti.<\/h3>\n<p id=\"textarea\" style=\"display: none;\">\nOffriamo anche tour in elicottero dall&#8217;aerodromo di Lodrino. Ci sono anche tour dall \u201celiporto di Samedan durante tutto l\u201d anno. Abbiamo anche voli dagli eliporti di Untervaz, Flims e Tavanasa nei Grigioni. Ci sono anche voli da Balzers al Liechtenstein. Cos\u00ec come nel Canton Turgovia dall&#8217;aerodromo di Sitterdorf.<br \/>\nDa un lato, offriamo voli in elicottero dall&#8217;aeroporto internazionale di Zurigo-Kloten. Ci sono anche voli dall&#8217;aeroporto internazionale di Berna-Belp. Decolliamo anche dall&#8217;eliporto di Gstaad-Grund nel Saanenland e dall&#8217;aeroporto di Saanen. E dagli eliporti di Lenk-Simmental, Schattenhalb-Meiringen, Interlaken-Gsteigwiler e Lauterbrunnen nell&#8217;Oberland Bernese. Offriamo anche tour aerei nel cantone di Uri, con partenza dall&#8217;eliporto di Erstfeld e da Pfaffnau nel cantone di Lucerna. Decolliamo anche dall&#8217;aeroporto di Sion e dagli eliporti di Collombey e Gampel in Vallese. Decolliamo anche dall&#8217;aerodromo di \u00c9pagny en Gruy\u00e8re, nel cantone di Friburgo. Poi ci sono i voli dall&#8217;aerodromo di Buttwil, nel cantone di Argovia. Ci sono anche voli per il cantone di Soletta dall&#8217;aerodromo di Grenchen. Offriamo anche voli dall&#8217;eliporto di K\u00fcssnacht nel Canton Svitto.\n<\/p>\n<p><a id=\"seeMore\" onclick=\"toggleSeeMore()\" href=\"javascript:void(0);\">Leggi tutto<\/a><\/p>\n","protected":false},"featured_media":86408,"comment_status":"open","ping_status":"closed","template":"","meta":{"inline_featured_image":false,"_mi_skip_tracking":false},"product_cat":[392,482],"product_tag":[],"class_list":["post-93265","product","type-product","status-publish","has-post-thumbnail","hentry","product_cat-volo-in-elicottero","product_cat-volo-elicottero-locarno"],"yoast_head":"<!-- This site is optimized with the Yoast SEO plugin v23.6 - https:\/\/yoast.com\/wordpress\/plugins\/seo\/ -->\n<title>Il Cervino da Locarno in elicottero<\/title>\n<meta name=\"description\" content=\"Il Cervino da Locarno in elicottero. Questo volo di 75 minuti \u00e8 eccezionale. Ti aspetta un&#039;infinit\u00e0 di panorami mozzafiato\" \/>\n<meta name=\"robots\" content=\"index, follow, max-snippet:-1, max-image-preview:large, max-video-preview:-1\" \/>\n<link rel=\"canonical\" href=\"https:\/\/www.swissraft.ch\/it\/prodotto\/volo-in-elicottero-da-locarno-le-cervin-75-min-chf-2670-00\/\" \/>\n<meta property=\"og:locale\" content=\"it_IT\" \/>\n<meta property=\"og:type\" content=\"article\" \/>\n<meta property=\"og:title\" content=\"Il Cervino da Locarno in elicottero\" \/>\n<meta property=\"og:description\" content=\"Il Cervino da Locarno in elicottero. Questo volo di 75 minuti \u00e8 eccezionale. Ti aspetta un&#039;infinit\u00e0 di panorami mozzafiato\" \/>\n<meta property=\"og:url\" content=\"https:\/\/www.swissraft.ch\/it\/prodotto\/volo-in-elicottero-da-locarno-le-cervin-75-min-chf-2670-00\/\" \/>\n<meta property=\"og:site_name\" content=\"Swissraft\" \/>\n<meta property=\"article:modified_time\" content=\"2025-06-20T20:58:17+00:00\" \/>\n<meta property=\"og:image\" content=\"https:\/\/www.swissraft.ch\/wp-content\/uploads\/2022\/12\/5-LOCARNO-Matterhorn-776x776-2.jpg\" \/>\n\t<meta property=\"og:image:width\" content=\"776\" \/>\n\t<meta property=\"og:image:height\" content=\"776\" \/>\n\t<meta property=\"og:image:type\" content=\"image\/jpeg\" \/>\n<meta name=\"twitter:card\" content=\"summary_large_image\" \/>\n<script type=\"application\/ld+json\" class=\"yoast-schema-graph\">{\"@context\":\"https:\/\/schema.org\",\"@graph\":[{\"@type\":\"WebPage\",\"@id\":\"https:\/\/www.swissraft.ch\/it\/prodotto\/volo-in-elicottero-da-locarno-le-cervin-75-min-chf-2670-00\/\",\"url\":\"https:\/\/www.swissraft.ch\/it\/prodotto\/volo-in-elicottero-da-locarno-le-cervin-75-min-chf-2670-00\/\",\"name\":\"Il Cervino da Locarno in elicottero\",\"isPartOf\":{\"@id\":\"https:\/\/www.swissraft.ch\/it\/#website\"},\"primaryImageOfPage\":{\"@id\":\"https:\/\/www.swissraft.ch\/it\/prodotto\/volo-in-elicottero-da-locarno-le-cervin-75-min-chf-2670-00\/#primaryimage\"},\"image\":{\"@id\":\"https:\/\/www.swissraft.ch\/it\/prodotto\/volo-in-elicottero-da-locarno-le-cervin-75-min-chf-2670-00\/#primaryimage\"},\"thumbnailUrl\":\"https:\/\/www.swissraft.ch\/wp-content\/uploads\/2022\/12\/5-LOCARNO-Matterhorn-776x776-2.jpg\",\"datePublished\":\"2022-12-27T13:56:44+00:00\",\"dateModified\":\"2025-06-20T20:58:17+00:00\",\"description\":\"Il Cervino da Locarno in elicottero. Questo volo di 75 minuti \u00e8 eccezionale. Ti aspetta un'infinit\u00e0 di panorami mozzafiato\",\"breadcrumb\":{\"@id\":\"https:\/\/www.swissraft.ch\/it\/prodotto\/volo-in-elicottero-da-locarno-le-cervin-75-min-chf-2670-00\/#breadcrumb\"},\"inLanguage\":\"it-IT\",\"potentialAction\":[{\"@type\":\"ReadAction\",\"target\":[\"https:\/\/www.swissraft.ch\/it\/prodotto\/volo-in-elicottero-da-locarno-le-cervin-75-min-chf-2670-00\/\"]}]},{\"@type\":\"ImageObject\",\"inLanguage\":\"it-IT\",\"@id\":\"https:\/\/www.swissraft.ch\/it\/prodotto\/volo-in-elicottero-da-locarno-le-cervin-75-min-chf-2670-00\/#primaryimage\",\"url\":\"https:\/\/www.swissraft.ch\/wp-content\/uploads\/2022\/12\/5-LOCARNO-Matterhorn-776x776-2.jpg\",\"contentUrl\":\"https:\/\/www.swissraft.ch\/wp-content\/uploads\/2022\/12\/5-LOCARNO-Matterhorn-776x776-2.jpg\",\"width\":776,\"height\":776,\"caption\":\"Il Cervino da Locano con l'elicottero\"},{\"@type\":\"BreadcrumbList\",\"@id\":\"https:\/\/www.swissraft.ch\/it\/prodotto\/volo-in-elicottero-da-locarno-le-cervin-75-min-chf-2670-00\/#breadcrumb\",\"itemListElement\":[{\"@type\":\"ListItem\",\"position\":1,\"name\":\"Accueil\",\"item\":\"https:\/\/www.swissraft.ch\/it\/\"},{\"@type\":\"ListItem\",\"position\":2,\"name\":\"Negozio\",\"item\":\"https:\/\/www.swissraft.ch\/it\/negozio\/\"},{\"@type\":\"ListItem\",\"position\":3,\"name\":\"Volo in elicottero da LOCARNO &#8211; IL CERVINO &#8211; 75 min. &#8211; CHF 2&#8217;830.00\"}]},{\"@type\":\"WebSite\",\"@id\":\"https:\/\/www.swissraft.ch\/it\/#website\",\"url\":\"https:\/\/www.swissraft.ch\/it\/\",\"name\":\"Swissraft\",\"description\":\"To enjoy nature as it is\",\"publisher\":{\"@id\":\"https:\/\/www.swissraft.ch\/it\/#organization\"},\"potentialAction\":[{\"@type\":\"SearchAction\",\"target\":{\"@type\":\"EntryPoint\",\"urlTemplate\":\"https:\/\/www.swissraft.ch\/it\/?s={search_term_string}\"},\"query-input\":{\"@type\":\"PropertyValueSpecification\",\"valueRequired\":true,\"valueName\":\"search_term_string\"}}],\"inLanguage\":\"it-IT\"},{\"@type\":\"Organization\",\"@id\":\"https:\/\/www.swissraft.ch\/it\/#organization\",\"name\":\"Swissraft\",\"url\":\"https:\/\/www.swissraft.ch\/it\/\",\"logo\":{\"@type\":\"ImageObject\",\"inLanguage\":\"it-IT\",\"@id\":\"https:\/\/www.swissraft.ch\/it\/#\/schema\/logo\/image\/\",\"url\":\"https:\/\/www.swissraft.ch\/wp-content\/uploads\/2025\/09\/Capture.jpg\",\"contentUrl\":\"https:\/\/www.swissraft.ch\/wp-content\/uploads\/2025\/09\/Capture.jpg\",\"width\":293,\"height\":108,\"caption\":\"Swissraft\"},\"image\":{\"@id\":\"https:\/\/www.swissraft.ch\/it\/#\/schema\/logo\/image\/\"}}]}<\/script>\n<!-- \/ Yoast SEO plugin. -->","yoast_head_json":{"title":"Il Cervino da Locarno in elicottero","description":"Il Cervino da Locarno in elicottero. Questo volo di 75 minuti \u00e8 eccezionale. Ti aspetta un'infinit\u00e0 di panorami mozzafiato","robots":{"index":"index","follow":"follow","max-snippet":"max-snippet:-1","max-image-preview":"max-image-preview:large","max-video-preview":"max-video-preview:-1"},"canonical":"https:\/\/www.swissraft.ch\/it\/prodotto\/volo-in-elicottero-da-locarno-le-cervin-75-min-chf-2670-00\/","og_locale":"it_IT","og_type":"article","og_title":"Il Cervino da Locarno in elicottero","og_description":"Il Cervino da Locarno in elicottero. Questo volo di 75 minuti \u00e8 eccezionale. Ti aspetta un'infinit\u00e0 di panorami mozzafiato","og_url":"https:\/\/www.swissraft.ch\/it\/prodotto\/volo-in-elicottero-da-locarno-le-cervin-75-min-chf-2670-00\/","og_site_name":"Swissraft","article_modified_time":"2025-06-20T20:58:17+00:00","og_image":[{"width":776,"height":776,"url":"https:\/\/www.swissraft.ch\/wp-content\/uploads\/2022\/12\/5-LOCARNO-Matterhorn-776x776-2.jpg","type":"image\/jpeg"}],"twitter_card":"summary_large_image","schema":{"@context":"https:\/\/schema.org","@graph":[{"@type":"WebPage","@id":"https:\/\/www.swissraft.ch\/it\/prodotto\/volo-in-elicottero-da-locarno-le-cervin-75-min-chf-2670-00\/","url":"https:\/\/www.swissraft.ch\/it\/prodotto\/volo-in-elicottero-da-locarno-le-cervin-75-min-chf-2670-00\/","name":"Il Cervino da Locarno in elicottero","isPartOf":{"@id":"https:\/\/www.swissraft.ch\/it\/#website"},"primaryImageOfPage":{"@id":"https:\/\/www.swissraft.ch\/it\/prodotto\/volo-in-elicottero-da-locarno-le-cervin-75-min-chf-2670-00\/#primaryimage"},"image":{"@id":"https:\/\/www.swissraft.ch\/it\/prodotto\/volo-in-elicottero-da-locarno-le-cervin-75-min-chf-2670-00\/#primaryimage"},"thumbnailUrl":"https:\/\/www.swissraft.ch\/wp-content\/uploads\/2022\/12\/5-LOCARNO-Matterhorn-776x776-2.jpg","datePublished":"2022-12-27T13:56:44+00:00","dateModified":"2025-06-20T20:58:17+00:00","description":"Il Cervino da Locarno in elicottero. Questo volo di 75 minuti \u00e8 eccezionale. Ti aspetta un'infinit\u00e0 di panorami mozzafiato","breadcrumb":{"@id":"https:\/\/www.swissraft.ch\/it\/prodotto\/volo-in-elicottero-da-locarno-le-cervin-75-min-chf-2670-00\/#breadcrumb"},"inLanguage":"it-IT","potentialAction":[{"@type":"ReadAction","target":["https:\/\/www.swissraft.ch\/it\/prodotto\/volo-in-elicottero-da-locarno-le-cervin-75-min-chf-2670-00\/"]}]},{"@type":"ImageObject","inLanguage":"it-IT","@id":"https:\/\/www.swissraft.ch\/it\/prodotto\/volo-in-elicottero-da-locarno-le-cervin-75-min-chf-2670-00\/#primaryimage","url":"https:\/\/www.swissraft.ch\/wp-content\/uploads\/2022\/12\/5-LOCARNO-Matterhorn-776x776-2.jpg","contentUrl":"https:\/\/www.swissraft.ch\/wp-content\/uploads\/2022\/12\/5-LOCARNO-Matterhorn-776x776-2.jpg","width":776,"height":776,"caption":"Il Cervino da Locano con l'elicottero"},{"@type":"BreadcrumbList","@id":"https:\/\/www.swissraft.ch\/it\/prodotto\/volo-in-elicottero-da-locarno-le-cervin-75-min-chf-2670-00\/#breadcrumb","itemListElement":[{"@type":"ListItem","position":1,"name":"Accueil","item":"https:\/\/www.swissraft.ch\/it\/"},{"@type":"ListItem","position":2,"name":"Negozio","item":"https:\/\/www.swissraft.ch\/it\/negozio\/"},{"@type":"ListItem","position":3,"name":"Volo in elicottero da LOCARNO &#8211; IL CERVINO &#8211; 75 min. &#8211; CHF 2&#8217;830.00"}]},{"@type":"WebSite","@id":"https:\/\/www.swissraft.ch\/it\/#website","url":"https:\/\/www.swissraft.ch\/it\/","name":"Swissraft","description":"To enjoy nature as it is","publisher":{"@id":"https:\/\/www.swissraft.ch\/it\/#organization"},"potentialAction":[{"@type":"SearchAction","target":{"@type":"EntryPoint","urlTemplate":"https:\/\/www.swissraft.ch\/it\/?s={search_term_string}"},"query-input":{"@type":"PropertyValueSpecification","valueRequired":true,"valueName":"search_term_string"}}],"inLanguage":"it-IT"},{"@type":"Organization","@id":"https:\/\/www.swissraft.ch\/it\/#organization","name":"Swissraft","url":"https:\/\/www.swissraft.ch\/it\/","logo":{"@type":"ImageObject","inLanguage":"it-IT","@id":"https:\/\/www.swissraft.ch\/it\/#\/schema\/logo\/image\/","url":"https:\/\/www.swissraft.ch\/wp-content\/uploads\/2025\/09\/Capture.jpg","contentUrl":"https:\/\/www.swissraft.ch\/wp-content\/uploads\/2025\/09\/Capture.jpg","width":293,"height":108,"caption":"Swissraft"},"image":{"@id":"https:\/\/www.swissraft.ch\/it\/#\/schema\/logo\/image\/"}}]}},"_links":{"self":[{"href":"https:\/\/www.swissraft.ch\/it\/wp-json\/wp\/v2\/product\/93265","targetHints":{"allow":["GET"]}}],"collection":[{"href":"https:\/\/www.swissraft.ch\/it\/wp-json\/wp\/v2\/product"}],"about":[{"href":"https:\/\/www.swissraft.ch\/it\/wp-json\/wp\/v2\/types\/product"}],"replies":[{"embeddable":true,"href":"https:\/\/www.swissraft.ch\/it\/wp-json\/wp\/v2\/comments?post=93265"}],"version-history":[{"count":2,"href":"https:\/\/www.swissraft.ch\/it\/wp-json\/wp\/v2\/product\/93265\/revisions"}],"predecessor-version":[{"id":118085,"href":"https:\/\/www.swissraft.ch\/it\/wp-json\/wp\/v2\/product\/93265\/revisions\/118085"}],"wp:featuredmedia":[{"embeddable":true,"href":"https:\/\/www.swissraft.ch\/it\/wp-json\/wp\/v2\/media\/86408"}],"wp:attachment":[{"href":"https:\/\/www.swissraft.ch\/it\/wp-json\/wp\/v2\/media?parent=93265"}],"wp:term":[{"taxonomy":"product_cat","embeddable":true,"href":"https:\/\/www.swissraft.ch\/it\/wp-json\/wp\/v2\/product_cat?post=93265"},{"taxonomy":"product_tag","embeddable":true,"href":"https:\/\/www.swissraft.ch\/it\/wp-json\/wp\/v2\/product_tag?post=93265"}],"curies":[{"name":"wp","href":"https:\/\/api.w.org\/{rel}","templated":true}]}}