{"id":92402,"date":"2023-10-15T22:19:24","date_gmt":"2023-10-15T20:19:24","guid":{"rendered":"https:\/\/swissraft.xyanzkdne.eu\/product\/volo-in-elicottero-da-balzers-le-alpi-orientali-70-min-a-partire-da-chf-1440-00\/"},"modified":"2024-11-19T21:45:08","modified_gmt":"2024-11-19T20:45:08","slug":"volo-in-elicottero-da-balzers-le-alpi-orientali-70-min-a-partire-da-chf-1440-00","status":"publish","type":"product","link":"https:\/\/www.swissraft.ch\/it\/prodotto\/volo-in-elicottero-da-balzers-le-alpi-orientali-70-min-a-partire-da-chf-1440-00\/","title":{"rendered":"Volo in elicottero da BALZERS &#8211; LE ALPI ORIENTALI &#8211; 70 min. &#8211; A partire da CHF 1&#8217;440.00"},"content":{"rendered":"\t\t<div data-elementor-type=\"wp-post\" data-elementor-id=\"92402\" class=\"elementor elementor-92402 elementor-46505\">\n\t\t\t\t\t\t\t\t\t<section class=\"elementor-section elementor-top-section elementor-element elementor-element-3303a7e3 elementor-section-boxed elementor-section-height-default elementor-section-height-default\" data-id=\"3303a7e3\" data-element_type=\"section\">\n\t\t\t\t\t\t<div class=\"elementor-container elementor-column-gap-default\">\n\t\t\t\t\t<div class=\"elementor-column elementor-col-100 elementor-top-column elementor-element elementor-element-16d72dbf\" data-id=\"16d72dbf\" data-element_type=\"column\">\n\t\t\t<div class=\"elementor-widget-wrap elementor-element-populated\">\n\t\t\t\t\t\t\t\t<div class=\"elementor-element elementor-element-d743c03 elementor-widget elementor-widget-text-editor\" data-id=\"d743c03\" data-element_type=\"widget\" data-widget_type=\"text-editor.default\">\n\t\t\t\t<div class=\"elementor-widget-container\">\n\t\t\t\t\t\t\t<h2>SCEGLI LA TUA ATTIVIT\u00c0 QUI SOTTO PER OFFRIRE BUONI REGALO\/BIGLIETTI O EFFETTUARE UNA PRENOTAZIONE<\/h2>\n<table border=\"0\" width=\"580\" cellspacing=\"10\" cellpadding=\"10\">\n<tbody>\n<tr>\n<td width=\"50%\"><strong>LE ALPI ORIENTALI &#8211; <\/strong><strong>VOLO PRIVATO (1-4 pers.) &#8211; 70 min.<\/strong><\/td>\n<td><strong>A partire da CHF 1&#8217;440.00 per volo privato<span class=\"productPrice\"><br \/><\/span><\/strong><\/td>\n<\/tr>\n<tr>\n<td>Informazioni aggiuntive<\/td>\n<td>\n<p>&#8211; Utilizzi l&#8217;elicottero esclusivamente per te &#8211; Scegli la data e l&#8217;ora di partenza &#8211; Massimo 4 persone.<\/td>\n<\/tr>\n<tr>\n<td>Eliporto<\/td>\n<td><a href=\"https:\/\/www.google.com\/maps\/place\/47%C2%B004'05.9%22N+9%C2%B028'54.3%22E\/@47.0684676,9.4773295,769m\/data=!3m1!1e3!4m4!3m3!8m2!3d47.0683056!4d9.48175?entry=ttu\" target=\"_blank\" rel=\"noopener\">Balzers<\/a><\/td>\n<\/tr>\n<tr>\n<td>Tempo di volo<\/td>\n<td>70 min.<\/td>\n<\/tr>\n<tr>\n<td>Tempo totale di esecuzione<\/td>\n<td>circa 1h40<\/td>\n<\/tr>\n<tr>\n<td>Appuntamento<\/td>\n<td>Per telefono<\/td>\n<\/tr>\n<tr>\n<td><button class=\"elementor-button\" type=\"button\"><a href=\"https:\/\/swissraft.outdoorbooking.ch\/fo\/products\/1053?base_id=183&amp;category_id=6&amp;order_type=gift_voucher&amp;lang=it\" target=\"_blank\" rel=\"noopener\">BUONO REGALO<\/a><\/button><\/td>\n<td><strong>CHF 1&#8217;440.00 &#8211; volo privato (1-3 pers.)<\/strong><\/td>\n<\/tr>\n<tr>\n<td><button class=\"elementor-button\" type=\"button\"><a href=\"https:\/\/swissraft.outdoorbooking.ch\/fo\/products\/1054?base_id=184&amp;category_id=6&amp;order_type=gift_voucher&amp;lang=it\" target=\"_blank\" rel=\"noopener\">BUONO REGALO<\/a><\/button><\/td>\n<td><strong>CHF 1&#8217;920.00 &#8211; volo privato (4 pers.)<\/strong><\/td>\n<\/tr>\n<tr>\n<td> <\/td>\n<td>Per effettuare una prenotazione <span class=\"patt\" style=\"font-family: inherit; font-size: inherit;\"><span class=\"plbl\"><span class=\"patt\"><a href=\"https:\/\/www.swissraft.ch\/it\/contattaci\/\">contattaci<\/a><\/span><\/span><\/span><\/td>\n<\/tr>\n<\/tbody>\n<\/table>\n\t\t\t\t\t\t<\/div>\n\t\t\t\t<\/div>\n\t\t\t\t\t<\/div>\n\t\t<\/div>\n\t\t\t\t\t\t\t<\/div>\n\t\t<\/section>\n\t\t\t\t\t\t\t<\/div>\n\t\t","protected":false},"excerpt":{"rendered":"<div align=\"justify\">\n<h2 align=\"justify\">Parti da Balzers e vola verso le vette e i ghiacciai dell&#8217;Engadina.<\/h2>\n<h3>Questo volo in elicottero di 70 minuti \u00e8 uno dei nostri classici.<\/h3>\n<\/div>\n<p>Decolla dall&#8217;eliporto di Balzers e dirigiti verso Heidiland passando per Maienfeld e poi per Arosa. Passa vicino a Davos mentre vai a St. Moritz. Moritz e Piz Pal\u00fc. Da qui potrai ammirare il Morteratsch, il Persgletscher a oltre 4000 m e il Piz Bernina. Continua verso il Corvatsch sopra Silvaplana. Passa poi per Juf, il pi\u00f9 alto villaggio abitato tutto l&#8217;anno della Svizzera. Di fronte a te ci sono il Piz Beverin, Domleschg e i suoi castelli. Il volo prosegue sorvolando il Reno Anteriore e le gole della Viamala. Poi prosegui verso Tamins, il Passo Kunkel e la citt\u00e0 termale di Bad Ragaz prima di tornare a Balzers.<\/p>\n<h3>Da 26 eliporti e campi di volo, Swissraft ti offre oltre 150 voli, uno pi\u00f9 interessante dell&#8217;altro.<\/h3>\n<p id=\"textarea\" style=\"display: none;\">\nOperiamo voli dall&#8217;aerodromo di Samedan, in Engadina, tutto l&#8217;anno. Cos\u00ec come l&#8217;eliporto di St. A St. Moritz ci sono voli invernali. Abbiamo anche voli dagli eliporti di Tavanasa, Flims e Untervaz. Abbiamo anche voli per la Turgovia in partenza dall&#8217;aeroporto di Sitterdorf. Offriamo anche voli dagli aeroporti internazionali di Zurigo-Kloten e Berna-Belp. Abbiamo anche voli da Saanen e dall&#8217;eliporto di Gstaad-Grund. Ma anche nell&#8217;Oberland Bernese, offriamo percorsi dagli eliporti di Lenk-Simmental, Schattenhalb-Meiringen, Interlaken-Gsteigwiler e Lauterbrunnen. Offriamo anche voli da Pfaffnau nel cantone di Lucerna e dall&#8217;eliporto di Erstfeld. Offriamo anche voli dall&#8217;aeroporto di Buttwil verso il cantone di Argovia. Voliamo anche da K\u00fcssnacht nel Canton Svitto e da Grenchen nel Canton Soletta. Inoltre, decolliamo dall&#8217;aeroporto di \u00c9pagny en Gruy\u00e8re, nel cantone di Friburgo. Cos\u00ec come l&#8217;aeroporto di Sion e gli eliporti di Gampel e Collombey in Vallese. Dagli aeroporti di Locarno e Lodrino, in Ticino, offriamo anche itinerari in elicottero.\n<\/p>\n<p><a id=\"seeMore\" onclick=\"toggleSeeMore()\" href=\"javascript:void(0);\">Leggi tutto<\/a><\/p>\n","protected":false},"featured_media":86744,"comment_status":"open","ping_status":"closed","template":"","meta":{"inline_featured_image":false,"_mi_skip_tracking":false},"product_cat":[392,414],"product_tag":[],"class_list":["post-92402","product","type-product","status-publish","has-post-thumbnail","hentry","product_cat-volo-in-elicottero","product_cat-elicottero-balzers"],"yoast_head":"<!-- This site is optimized with the Yoast SEO plugin v23.6 - https:\/\/yoast.com\/wordpress\/plugins\/seo\/ -->\n<title>Le Alpi Orientali da Balzers con un volo di 70 minuti<\/title>\n<meta name=\"description\" content=\"Le Alpi Orientali per un volo di 70 minuti da Balzers sulle cime e i ghiacciai dell&#039;Engadina.\" \/>\n<meta name=\"robots\" content=\"index, follow, max-snippet:-1, max-image-preview:large, max-video-preview:-1\" \/>\n<link rel=\"canonical\" href=\"https:\/\/www.swissraft.ch\/it\/prodotto\/volo-in-elicottero-da-balzers-le-alpi-orientali-70-min-a-partire-da-chf-1440-00\/\" \/>\n<meta property=\"og:locale\" content=\"it_IT\" \/>\n<meta property=\"og:type\" content=\"article\" \/>\n<meta property=\"og:title\" content=\"Le Alpi Orientali da Balzers con un volo di 70 minuti\" \/>\n<meta property=\"og:description\" content=\"Le Alpi Orientali per un volo di 70 minuti da Balzers sulle cime e i ghiacciai dell&#039;Engadina.\" \/>\n<meta property=\"og:url\" content=\"https:\/\/www.swissraft.ch\/it\/prodotto\/volo-in-elicottero-da-balzers-le-alpi-orientali-70-min-a-partire-da-chf-1440-00\/\" \/>\n<meta property=\"og:site_name\" content=\"Swissraft\" \/>\n<meta property=\"article:modified_time\" content=\"2024-11-19T20:45:08+00:00\" \/>\n<meta property=\"og:image\" content=\"https:\/\/www.swissraft.ch\/wp-content\/uploads\/2023\/10\/15-SARGANS-BALZERS-Pers-Gletcher-776X776.jpg\" \/>\n\t<meta property=\"og:image:width\" content=\"776\" \/>\n\t<meta property=\"og:image:height\" content=\"776\" \/>\n\t<meta property=\"og:image:type\" content=\"image\/jpeg\" \/>\n<meta name=\"twitter:card\" content=\"summary_large_image\" \/>\n<script type=\"application\/ld+json\" class=\"yoast-schema-graph\">{\"@context\":\"https:\/\/schema.org\",\"@graph\":[{\"@type\":\"WebPage\",\"@id\":\"https:\/\/www.swissraft.ch\/it\/prodotto\/volo-in-elicottero-da-balzers-le-alpi-orientali-70-min-a-partire-da-chf-1440-00\/\",\"url\":\"https:\/\/www.swissraft.ch\/it\/prodotto\/volo-in-elicottero-da-balzers-le-alpi-orientali-70-min-a-partire-da-chf-1440-00\/\",\"name\":\"Le Alpi Orientali da Balzers con un volo di 70 minuti\",\"isPartOf\":{\"@id\":\"https:\/\/www.swissraft.ch\/it\/#website\"},\"primaryImageOfPage\":{\"@id\":\"https:\/\/www.swissraft.ch\/it\/prodotto\/volo-in-elicottero-da-balzers-le-alpi-orientali-70-min-a-partire-da-chf-1440-00\/#primaryimage\"},\"image\":{\"@id\":\"https:\/\/www.swissraft.ch\/it\/prodotto\/volo-in-elicottero-da-balzers-le-alpi-orientali-70-min-a-partire-da-chf-1440-00\/#primaryimage\"},\"thumbnailUrl\":\"https:\/\/www.swissraft.ch\/wp-content\/uploads\/2023\/10\/15-SARGANS-BALZERS-Pers-Gletcher-776X776.jpg\",\"datePublished\":\"2023-10-15T20:19:24+00:00\",\"dateModified\":\"2024-11-19T20:45:08+00:00\",\"description\":\"Le Alpi Orientali per un volo di 70 minuti da Balzers sulle cime e i ghiacciai dell'Engadina.\",\"breadcrumb\":{\"@id\":\"https:\/\/www.swissraft.ch\/it\/prodotto\/volo-in-elicottero-da-balzers-le-alpi-orientali-70-min-a-partire-da-chf-1440-00\/#breadcrumb\"},\"inLanguage\":\"it-IT\",\"potentialAction\":[{\"@type\":\"ReadAction\",\"target\":[\"https:\/\/www.swissraft.ch\/it\/prodotto\/volo-in-elicottero-da-balzers-le-alpi-orientali-70-min-a-partire-da-chf-1440-00\/\"]}]},{\"@type\":\"ImageObject\",\"inLanguage\":\"it-IT\",\"@id\":\"https:\/\/www.swissraft.ch\/it\/prodotto\/volo-in-elicottero-da-balzers-le-alpi-orientali-70-min-a-partire-da-chf-1440-00\/#primaryimage\",\"url\":\"https:\/\/www.swissraft.ch\/wp-content\/uploads\/2023\/10\/15-SARGANS-BALZERS-Pers-Gletcher-776X776.jpg\",\"contentUrl\":\"https:\/\/www.swissraft.ch\/wp-content\/uploads\/2023\/10\/15-SARGANS-BALZERS-Pers-Gletcher-776X776.jpg\",\"width\":776,\"height\":776,\"caption\":\"Da Balzers alle Alpi Orientali in elicottero\"},{\"@type\":\"BreadcrumbList\",\"@id\":\"https:\/\/www.swissraft.ch\/it\/prodotto\/volo-in-elicottero-da-balzers-le-alpi-orientali-70-min-a-partire-da-chf-1440-00\/#breadcrumb\",\"itemListElement\":[{\"@type\":\"ListItem\",\"position\":1,\"name\":\"Accueil\",\"item\":\"https:\/\/www.swissraft.ch\/it\/\"},{\"@type\":\"ListItem\",\"position\":2,\"name\":\"Negozio\",\"item\":\"https:\/\/www.swissraft.ch\/it\/negozio\/\"},{\"@type\":\"ListItem\",\"position\":3,\"name\":\"Volo in elicottero da BALZERS &#8211; LE ALPI ORIENTALI &#8211; 70 min. &#8211; A partire da CHF 1&#8217;440.00\"}]},{\"@type\":\"WebSite\",\"@id\":\"https:\/\/www.swissraft.ch\/it\/#website\",\"url\":\"https:\/\/www.swissraft.ch\/it\/\",\"name\":\"Swissraft\",\"description\":\"To enjoy nature as it is\",\"publisher\":{\"@id\":\"https:\/\/www.swissraft.ch\/it\/#organization\"},\"potentialAction\":[{\"@type\":\"SearchAction\",\"target\":{\"@type\":\"EntryPoint\",\"urlTemplate\":\"https:\/\/www.swissraft.ch\/it\/?s={search_term_string}\"},\"query-input\":{\"@type\":\"PropertyValueSpecification\",\"valueRequired\":true,\"valueName\":\"search_term_string\"}}],\"inLanguage\":\"it-IT\"},{\"@type\":\"Organization\",\"@id\":\"https:\/\/www.swissraft.ch\/it\/#organization\",\"name\":\"Swissraft\",\"url\":\"https:\/\/www.swissraft.ch\/it\/\",\"logo\":{\"@type\":\"ImageObject\",\"inLanguage\":\"it-IT\",\"@id\":\"https:\/\/www.swissraft.ch\/it\/#\/schema\/logo\/image\/\",\"url\":\"https:\/\/www.swissraft.ch\/wp-content\/uploads\/2025\/09\/Capture.jpg\",\"contentUrl\":\"https:\/\/www.swissraft.ch\/wp-content\/uploads\/2025\/09\/Capture.jpg\",\"width\":293,\"height\":108,\"caption\":\"Swissraft\"},\"image\":{\"@id\":\"https:\/\/www.swissraft.ch\/it\/#\/schema\/logo\/image\/\"}}]}<\/script>\n<!-- \/ Yoast SEO plugin. -->","yoast_head_json":{"title":"Le Alpi Orientali da Balzers con un volo di 70 minuti","description":"Le Alpi Orientali per un volo di 70 minuti da Balzers sulle cime e i ghiacciai dell'Engadina.","robots":{"index":"index","follow":"follow","max-snippet":"max-snippet:-1","max-image-preview":"max-image-preview:large","max-video-preview":"max-video-preview:-1"},"canonical":"https:\/\/www.swissraft.ch\/it\/prodotto\/volo-in-elicottero-da-balzers-le-alpi-orientali-70-min-a-partire-da-chf-1440-00\/","og_locale":"it_IT","og_type":"article","og_title":"Le Alpi Orientali da Balzers con un volo di 70 minuti","og_description":"Le Alpi Orientali per un volo di 70 minuti da Balzers sulle cime e i ghiacciai dell'Engadina.","og_url":"https:\/\/www.swissraft.ch\/it\/prodotto\/volo-in-elicottero-da-balzers-le-alpi-orientali-70-min-a-partire-da-chf-1440-00\/","og_site_name":"Swissraft","article_modified_time":"2024-11-19T20:45:08+00:00","og_image":[{"width":776,"height":776,"url":"https:\/\/www.swissraft.ch\/wp-content\/uploads\/2023\/10\/15-SARGANS-BALZERS-Pers-Gletcher-776X776.jpg","type":"image\/jpeg"}],"twitter_card":"summary_large_image","schema":{"@context":"https:\/\/schema.org","@graph":[{"@type":"WebPage","@id":"https:\/\/www.swissraft.ch\/it\/prodotto\/volo-in-elicottero-da-balzers-le-alpi-orientali-70-min-a-partire-da-chf-1440-00\/","url":"https:\/\/www.swissraft.ch\/it\/prodotto\/volo-in-elicottero-da-balzers-le-alpi-orientali-70-min-a-partire-da-chf-1440-00\/","name":"Le Alpi Orientali da Balzers con un volo di 70 minuti","isPartOf":{"@id":"https:\/\/www.swissraft.ch\/it\/#website"},"primaryImageOfPage":{"@id":"https:\/\/www.swissraft.ch\/it\/prodotto\/volo-in-elicottero-da-balzers-le-alpi-orientali-70-min-a-partire-da-chf-1440-00\/#primaryimage"},"image":{"@id":"https:\/\/www.swissraft.ch\/it\/prodotto\/volo-in-elicottero-da-balzers-le-alpi-orientali-70-min-a-partire-da-chf-1440-00\/#primaryimage"},"thumbnailUrl":"https:\/\/www.swissraft.ch\/wp-content\/uploads\/2023\/10\/15-SARGANS-BALZERS-Pers-Gletcher-776X776.jpg","datePublished":"2023-10-15T20:19:24+00:00","dateModified":"2024-11-19T20:45:08+00:00","description":"Le Alpi Orientali per un volo di 70 minuti da Balzers sulle cime e i ghiacciai dell'Engadina.","breadcrumb":{"@id":"https:\/\/www.swissraft.ch\/it\/prodotto\/volo-in-elicottero-da-balzers-le-alpi-orientali-70-min-a-partire-da-chf-1440-00\/#breadcrumb"},"inLanguage":"it-IT","potentialAction":[{"@type":"ReadAction","target":["https:\/\/www.swissraft.ch\/it\/prodotto\/volo-in-elicottero-da-balzers-le-alpi-orientali-70-min-a-partire-da-chf-1440-00\/"]}]},{"@type":"ImageObject","inLanguage":"it-IT","@id":"https:\/\/www.swissraft.ch\/it\/prodotto\/volo-in-elicottero-da-balzers-le-alpi-orientali-70-min-a-partire-da-chf-1440-00\/#primaryimage","url":"https:\/\/www.swissraft.ch\/wp-content\/uploads\/2023\/10\/15-SARGANS-BALZERS-Pers-Gletcher-776X776.jpg","contentUrl":"https:\/\/www.swissraft.ch\/wp-content\/uploads\/2023\/10\/15-SARGANS-BALZERS-Pers-Gletcher-776X776.jpg","width":776,"height":776,"caption":"Da Balzers alle Alpi Orientali in elicottero"},{"@type":"BreadcrumbList","@id":"https:\/\/www.swissraft.ch\/it\/prodotto\/volo-in-elicottero-da-balzers-le-alpi-orientali-70-min-a-partire-da-chf-1440-00\/#breadcrumb","itemListElement":[{"@type":"ListItem","position":1,"name":"Accueil","item":"https:\/\/www.swissraft.ch\/it\/"},{"@type":"ListItem","position":2,"name":"Negozio","item":"https:\/\/www.swissraft.ch\/it\/negozio\/"},{"@type":"ListItem","position":3,"name":"Volo in elicottero da BALZERS &#8211; LE ALPI ORIENTALI &#8211; 70 min. &#8211; A partire da CHF 1&#8217;440.00"}]},{"@type":"WebSite","@id":"https:\/\/www.swissraft.ch\/it\/#website","url":"https:\/\/www.swissraft.ch\/it\/","name":"Swissraft","description":"To enjoy nature as it is","publisher":{"@id":"https:\/\/www.swissraft.ch\/it\/#organization"},"potentialAction":[{"@type":"SearchAction","target":{"@type":"EntryPoint","urlTemplate":"https:\/\/www.swissraft.ch\/it\/?s={search_term_string}"},"query-input":{"@type":"PropertyValueSpecification","valueRequired":true,"valueName":"search_term_string"}}],"inLanguage":"it-IT"},{"@type":"Organization","@id":"https:\/\/www.swissraft.ch\/it\/#organization","name":"Swissraft","url":"https:\/\/www.swissraft.ch\/it\/","logo":{"@type":"ImageObject","inLanguage":"it-IT","@id":"https:\/\/www.swissraft.ch\/it\/#\/schema\/logo\/image\/","url":"https:\/\/www.swissraft.ch\/wp-content\/uploads\/2025\/09\/Capture.jpg","contentUrl":"https:\/\/www.swissraft.ch\/wp-content\/uploads\/2025\/09\/Capture.jpg","width":293,"height":108,"caption":"Swissraft"},"image":{"@id":"https:\/\/www.swissraft.ch\/it\/#\/schema\/logo\/image\/"}}]}},"_links":{"self":[{"href":"https:\/\/www.swissraft.ch\/it\/wp-json\/wp\/v2\/product\/92402","targetHints":{"allow":["GET"]}}],"collection":[{"href":"https:\/\/www.swissraft.ch\/it\/wp-json\/wp\/v2\/product"}],"about":[{"href":"https:\/\/www.swissraft.ch\/it\/wp-json\/wp\/v2\/types\/product"}],"replies":[{"embeddable":true,"href":"https:\/\/www.swissraft.ch\/it\/wp-json\/wp\/v2\/comments?post=92402"}],"version-history":[{"count":0,"href":"https:\/\/www.swissraft.ch\/it\/wp-json\/wp\/v2\/product\/92402\/revisions"}],"wp:featuredmedia":[{"embeddable":true,"href":"https:\/\/www.swissraft.ch\/it\/wp-json\/wp\/v2\/media\/86744"}],"wp:attachment":[{"href":"https:\/\/www.swissraft.ch\/it\/wp-json\/wp\/v2\/media?parent=92402"}],"wp:term":[{"taxonomy":"product_cat","embeddable":true,"href":"https:\/\/www.swissraft.ch\/it\/wp-json\/wp\/v2\/product_cat?post=92402"},{"taxonomy":"product_tag","embeddable":true,"href":"https:\/\/www.swissraft.ch\/it\/wp-json\/wp\/v2\/product_tag?post=92402"}],"curies":[{"name":"wp","href":"https:\/\/api.w.org\/{rel}","templated":true}]}}