{"id":92395,"date":"2023-10-15T01:10:37","date_gmt":"2023-10-14T23:10:37","guid":{"rendered":"https:\/\/swissraft.xyanzkdne.eu\/product\/volo-in-elicottero-da-balzers-alpstein-santis-churfirsten-25-min-chf-1150-00\/"},"modified":"2024-11-19T21:45:07","modified_gmt":"2024-11-19T20:45:07","slug":"volo-in-elicottero-da-balzers-alpstein-santis-churfirsten-25-min-chf-1150-00","status":"publish","type":"product","link":"https:\/\/www.swissraft.ch\/it\/prodotto\/volo-in-elicottero-da-balzers-alpstein-santis-churfirsten-25-min-chf-1150-00\/","title":{"rendered":"Volo in elicottero da BALZERS &#8211; ALPSTEIN-S\u00c4NTIS-CHURFIRSTEN &#8211; 25 min. &#8211; CHF 1&#8217;150.00"},"content":{"rendered":"\t\t<div data-elementor-type=\"wp-post\" data-elementor-id=\"92395\" class=\"elementor elementor-92395 elementor-46266\">\n\t\t\t\t\t\t\t\t\t<section class=\"elementor-section elementor-top-section elementor-element elementor-element-3303a7e3 elementor-section-boxed elementor-section-height-default elementor-section-height-default\" data-id=\"3303a7e3\" data-element_type=\"section\">\n\t\t\t\t\t\t<div class=\"elementor-container elementor-column-gap-default\">\n\t\t\t\t\t<div class=\"elementor-column elementor-col-100 elementor-top-column elementor-element elementor-element-16d72dbf\" data-id=\"16d72dbf\" data-element_type=\"column\">\n\t\t\t<div class=\"elementor-widget-wrap elementor-element-populated\">\n\t\t\t\t\t\t\t\t<div class=\"elementor-element elementor-element-d743c03 elementor-widget elementor-widget-text-editor\" data-id=\"d743c03\" data-element_type=\"widget\" data-widget_type=\"text-editor.default\">\n\t\t\t\t<div class=\"elementor-widget-container\">\n\t\t\t\t\t\t\t<h2>SCEGLI LA TUA ATTIVIT\u00c0 QUI SOTTO PER OFFRIRE BUONI REGALO\/BIGLIETTI O EFFETTUARE UNA PRENOTAZIONE<\/h2>\n<table border=\"0\" width=\"580\" cellspacing=\"10\" cellpadding=\"10\">\n<tbody>\n<tr>\n<td width=\"50%\">\n<h3><strong>ALPSTEIN-S\u00c4NTIS-CHURFIRSTEN &#8211; <\/strong><strong style=\"font-family: inherit; font-size: inherit;\">VOLO PRIVATO &#8211; (1-5 pers.) &#8211; 25 min.<\/strong><\/h3>\n<\/td>\n<td><strong>CHF 1&#8217;150.00 per volo privato<span class=\"productPrice\"><br \/><\/span><\/strong><\/td>\n<\/tr>\n<tr>\n<td>Informazioni aggiuntive<\/td>\n<td>\n<p>&#8211; Utilizzi l&#8217;elicottero esclusivamente per te &#8211; Decidi tu la data e l&#8217;ora di partenza &#8211; Massimo 5 persone.<\/td>\n<\/tr>\n<tr>\n<td>Eliporto<\/td>\n<td><a href=\"https:\/\/www.google.com\/maps\/place\/47%C2%B004'05.0%22N+9%C2%B028'55.2%22E\/@47.0680806,9.480855,192m\/data=!3m1!1e3!4m13!1m8!3m7!1s0x479b33499588e047:0xe58ca1e7c040f200!2s9496+M%C3%A4ls,+Liechtenstein!3b1!8m2!3d47.0608202!4d9.4906745!16s%2Fm%2F03wd5pd!3m3!8m2!3d47.068055!4d9.482003?entry=ttu\" target=\"_blank\" rel=\"noopener\">Balzers<\/a><\/td>\n<\/tr>\n<tr>\n<td>Tempo di volo<\/td>\n<td>25 min.<\/td>\n<\/tr>\n<tr>\n<td>Durata totale<\/td>\n<td>circa 1 ora<\/td>\n<\/tr>\n<tr>\n<td>Appuntamento<\/td>\n<td>Per telefono<\/td>\n<\/tr>\n<tr>\n<td><button class=\"elementor-button\" type=\"button\"><a href=\"https:\/\/swissraft.outdoorbooking.ch\/fo\/products\/1663?base_id=164&amp;category_id=6&amp;order_type=gift_voucher&amp;lang=it\" target=\"_blank\" rel=\"noopener\">BUONO REGALO<\/a><\/button><\/td>\n<td>Per prenotare <span class=\"patt\" style=\"font-family: inherit; font-size: inherit;\"><span class=\"plbl\"><span class=\"patt\"><a href=\"https:\/\/www.swissraft.ch\/it\/contattaci\/\">contattaci<\/a><\/span><\/span><\/span><\/td>\n<\/tr>\n<\/tbody>\n<\/table>\n\t\t\t\t\t\t<\/div>\n\t\t\t\t<\/div>\n\t\t\t\t\t<\/div>\n\t\t<\/div>\n\t\t\t\t\t\t\t<\/div>\n\t\t<\/section>\n\t\t\t\t<section class=\"elementor-section elementor-top-section elementor-element elementor-element-a19f32d elementor-section-boxed elementor-section-height-default elementor-section-height-default\" data-id=\"a19f32d\" data-element_type=\"section\">\n\t\t\t\t\t\t<div class=\"elementor-container elementor-column-gap-default\">\n\t\t\t\t\t<div class=\"elementor-column elementor-col-100 elementor-top-column elementor-element elementor-element-abbffbc\" data-id=\"abbffbc\" data-element_type=\"column\">\n\t\t\t<div class=\"elementor-widget-wrap elementor-element-populated\">\n\t\t\t\t\t\t\t\t<div class=\"elementor-element elementor-element-00fe06b elementor-widget elementor-widget-text-editor\" data-id=\"00fe06b\" data-element_type=\"widget\" data-widget_type=\"text-editor.default\">\n\t\t\t\t<div class=\"elementor-widget-container\">\n\t\t\t\t\t\t\t<h2>SCEGLI LA TUA ATTIVIT\u00c0 QUI SOTTO PER OFFRIRE BUONI REGALO\/BIGLIETTI O EFFETTUARE UNA PRENOTAZIONE<\/h2>\n\t\t\t\t\t\t<\/div>\n\t\t\t\t<\/div>\n\t\t\t\t\t<\/div>\n\t\t<\/div>\n\t\t\t\t\t\t\t<\/div>\n\t\t<\/section>\n\t\t\t\t\t\t\t<\/div>\n\t\t","protected":false},"excerpt":{"rendered":"<div align=\"justify\">\n<h2 align=\"justify\">Un volo in elicottero di 25 minuti sulle Alpi dell&#8217;Appenzello<\/h2>\n<h3>Sorvolerai i laghi e i paesaggi tipici dell&#8217;Appenzello<\/h3>\n<\/div>\n<div align=\"justify\">\n<p>Prendi il volo con il nostro pilota esperto per scoprire laghi e paesaggi forestali. Sorvolando i rifugi nel mezzo delle Alpi dell&#8217;Appenzello. Partendo da Balzers, ti dirigerai verso Saxer L\u00fccke, il lago F\u00e4len, Alp Sigel, Hoher Kasten e Appenzell. Poi il lago Seealp, Meglisalp, S\u00e4ntis, Wildhaus, Ch\u00e4serrugg, Gamser Rugg prima di una sosta a Balzers.<\/p>\n<h3>Non esitare a chiamarci se hai domande o desideri un consiglio. Saremo felici di rispondere a tutte le tue domande. <\/h3>\n<p id=\"textarea\" style=\"display: none;\">\nAbbiamo voli in partenza dall&#8217;eliporto di St. Puoi volare a St. Moritz in inverno e all&#8217;aeroporto di Samedan tutto l&#8217;anno. Operiamo anche voli dagli eliporti di Tavanasa, Flims e Untervaz. Ma anche in Turgovia, con partenza dall&#8217;aeroporto di Sitterdorf. Decolliamo dagli aeroporti internazionali di Zurigo-Kloten e Berna-Belp. Da un lato, decolliamo dall&#8217;eliporto di Gstaad-Grund e dall&#8217;aerodromo di Saanen nel Gstaad-Saanenland. Dagli eliporti di Lenk-Simmental, Schattenhalb-Meiringen, Interlaken-Gsteigwiler e Lauterbrunnen. Operiamo anche voli da Pfaffnau nel cantone di Lucerna e da Erstfeld nel cantone di Uri. Offriamo anche voli da Buttwil nel Canton Argovia. Ci sono anche voli da K\u00fcssnacht nel Canton Svitto e da Grenchen nel Canton Soletta. Offriamo anche tour da \u00c9pagny en Gruy\u00e8re. E in Vallese, dagli eliporti di Gampel e Collombey e dall&#8217;aeroporto di Sion. Decolliamo anche dagli aeroporti di Locarno e Lodrino, nel Canton Ticino.\n<\/p>\n<p><a id=\"seeMore\" onclick=\"toggleSeeMore()\" href=\"javascript:void(0);\">Leggi tutto<\/a><\/p>\n","protected":false},"featured_media":86633,"comment_status":"open","ping_status":"closed","template":"","meta":{"inline_featured_image":false,"_mi_skip_tracking":false},"product_cat":[392,414],"product_tag":[],"class_list":["post-92395","product","type-product","status-publish","has-post-thumbnail","hentry","product_cat-volo-in-elicottero","product_cat-elicottero-balzers"],"yoast_head":"<!-- This site is optimized with the Yoast SEO plugin v23.6 - https:\/\/yoast.com\/wordpress\/plugins\/seo\/ -->\n<title>Volo in elicottero Alpstein-S\u00e4ntis-Churfirsten da Balzers<\/title>\n<meta name=\"description\" content=\"Alpstein-S\u00e4ntis-Churfirsten in elicottero da Balzers per un volo di 25 minuti sui rifugi di montagna nel mezzo delle Alpi dell&#039;Appenzello.\" \/>\n<meta name=\"robots\" content=\"index, follow, max-snippet:-1, max-image-preview:large, max-video-preview:-1\" \/>\n<link rel=\"canonical\" href=\"https:\/\/www.swissraft.ch\/it\/prodotto\/volo-in-elicottero-da-balzers-alpstein-santis-churfirsten-25-min-chf-1150-00\/\" \/>\n<meta property=\"og:locale\" content=\"it_IT\" \/>\n<meta property=\"og:type\" content=\"article\" \/>\n<meta property=\"og:title\" content=\"Volo in elicottero Alpstein-S\u00e4ntis-Churfirsten da Balzers\" \/>\n<meta property=\"og:description\" content=\"Alpstein-S\u00e4ntis-Churfirsten in elicottero da Balzers per un volo di 25 minuti sui rifugi di montagna nel mezzo delle Alpi dell&#039;Appenzello.\" \/>\n<meta property=\"og:url\" content=\"https:\/\/www.swissraft.ch\/it\/prodotto\/volo-in-elicottero-da-balzers-alpstein-santis-churfirsten-25-min-chf-1150-00\/\" \/>\n<meta property=\"og:site_name\" content=\"Swissraft\" \/>\n<meta property=\"article:modified_time\" content=\"2024-11-19T20:45:07+00:00\" \/>\n<meta property=\"og:image\" content=\"https:\/\/www.swissraft.ch\/wp-content\/uploads\/2022\/12\/03-SARGANS-BALZERS-Alpstein-Santis-Churfirsten-776x776-2.jpg\" \/>\n\t<meta property=\"og:image:width\" content=\"776\" \/>\n\t<meta property=\"og:image:height\" content=\"776\" \/>\n\t<meta property=\"og:image:type\" content=\"image\/jpeg\" \/>\n<meta name=\"twitter:card\" content=\"summary_large_image\" \/>\n<script type=\"application\/ld+json\" class=\"yoast-schema-graph\">{\"@context\":\"https:\/\/schema.org\",\"@graph\":[{\"@type\":\"WebPage\",\"@id\":\"https:\/\/www.swissraft.ch\/it\/prodotto\/volo-in-elicottero-da-balzers-alpstein-santis-churfirsten-25-min-chf-1150-00\/\",\"url\":\"https:\/\/www.swissraft.ch\/it\/prodotto\/volo-in-elicottero-da-balzers-alpstein-santis-churfirsten-25-min-chf-1150-00\/\",\"name\":\"Volo in elicottero Alpstein-S\u00e4ntis-Churfirsten da Balzers\",\"isPartOf\":{\"@id\":\"https:\/\/www.swissraft.ch\/it\/#website\"},\"primaryImageOfPage\":{\"@id\":\"https:\/\/www.swissraft.ch\/it\/prodotto\/volo-in-elicottero-da-balzers-alpstein-santis-churfirsten-25-min-chf-1150-00\/#primaryimage\"},\"image\":{\"@id\":\"https:\/\/www.swissraft.ch\/it\/prodotto\/volo-in-elicottero-da-balzers-alpstein-santis-churfirsten-25-min-chf-1150-00\/#primaryimage\"},\"thumbnailUrl\":\"https:\/\/www.swissraft.ch\/wp-content\/uploads\/2022\/12\/03-SARGANS-BALZERS-Alpstein-Santis-Churfirsten-776x776-2.jpg\",\"datePublished\":\"2023-10-14T23:10:37+00:00\",\"dateModified\":\"2024-11-19T20:45:07+00:00\",\"description\":\"Alpstein-S\u00e4ntis-Churfirsten in elicottero da Balzers per un volo di 25 minuti sui rifugi di montagna nel mezzo delle Alpi dell'Appenzello.\",\"breadcrumb\":{\"@id\":\"https:\/\/www.swissraft.ch\/it\/prodotto\/volo-in-elicottero-da-balzers-alpstein-santis-churfirsten-25-min-chf-1150-00\/#breadcrumb\"},\"inLanguage\":\"it-IT\",\"potentialAction\":[{\"@type\":\"ReadAction\",\"target\":[\"https:\/\/www.swissraft.ch\/it\/prodotto\/volo-in-elicottero-da-balzers-alpstein-santis-churfirsten-25-min-chf-1150-00\/\"]}]},{\"@type\":\"ImageObject\",\"inLanguage\":\"it-IT\",\"@id\":\"https:\/\/www.swissraft.ch\/it\/prodotto\/volo-in-elicottero-da-balzers-alpstein-santis-churfirsten-25-min-chf-1150-00\/#primaryimage\",\"url\":\"https:\/\/www.swissraft.ch\/wp-content\/uploads\/2022\/12\/03-SARGANS-BALZERS-Alpstein-Santis-Churfirsten-776x776-2.jpg\",\"contentUrl\":\"https:\/\/www.swissraft.ch\/wp-content\/uploads\/2022\/12\/03-SARGANS-BALZERS-Alpstein-Santis-Churfirsten-776x776-2.jpg\",\"width\":776,\"height\":776,\"caption\":\"Volo in elicottero Alpstein-S\u00e4ntis-Churfirsten da Balzers\"},{\"@type\":\"BreadcrumbList\",\"@id\":\"https:\/\/www.swissraft.ch\/it\/prodotto\/volo-in-elicottero-da-balzers-alpstein-santis-churfirsten-25-min-chf-1150-00\/#breadcrumb\",\"itemListElement\":[{\"@type\":\"ListItem\",\"position\":1,\"name\":\"Accueil\",\"item\":\"https:\/\/www.swissraft.ch\/it\/\"},{\"@type\":\"ListItem\",\"position\":2,\"name\":\"Negozio\",\"item\":\"https:\/\/www.swissraft.ch\/it\/negozio\/\"},{\"@type\":\"ListItem\",\"position\":3,\"name\":\"Volo in elicottero da BALZERS &#8211; ALPSTEIN-S\u00c4NTIS-CHURFIRSTEN &#8211; 25 min. &#8211; CHF 1&#8217;150.00\"}]},{\"@type\":\"WebSite\",\"@id\":\"https:\/\/www.swissraft.ch\/it\/#website\",\"url\":\"https:\/\/www.swissraft.ch\/it\/\",\"name\":\"Swissraft\",\"description\":\"To enjoy nature as it is\",\"publisher\":{\"@id\":\"https:\/\/www.swissraft.ch\/it\/#organization\"},\"potentialAction\":[{\"@type\":\"SearchAction\",\"target\":{\"@type\":\"EntryPoint\",\"urlTemplate\":\"https:\/\/www.swissraft.ch\/it\/?s={search_term_string}\"},\"query-input\":{\"@type\":\"PropertyValueSpecification\",\"valueRequired\":true,\"valueName\":\"search_term_string\"}}],\"inLanguage\":\"it-IT\"},{\"@type\":\"Organization\",\"@id\":\"https:\/\/www.swissraft.ch\/it\/#organization\",\"name\":\"Swissraft\",\"url\":\"https:\/\/www.swissraft.ch\/it\/\",\"logo\":{\"@type\":\"ImageObject\",\"inLanguage\":\"it-IT\",\"@id\":\"https:\/\/www.swissraft.ch\/it\/#\/schema\/logo\/image\/\",\"url\":\"https:\/\/www.swissraft.ch\/wp-content\/uploads\/2025\/09\/Capture.jpg\",\"contentUrl\":\"https:\/\/www.swissraft.ch\/wp-content\/uploads\/2025\/09\/Capture.jpg\",\"width\":293,\"height\":108,\"caption\":\"Swissraft\"},\"image\":{\"@id\":\"https:\/\/www.swissraft.ch\/it\/#\/schema\/logo\/image\/\"}}]}<\/script>\n<!-- \/ Yoast SEO plugin. -->","yoast_head_json":{"title":"Volo in elicottero Alpstein-S\u00e4ntis-Churfirsten da Balzers","description":"Alpstein-S\u00e4ntis-Churfirsten in elicottero da Balzers per un volo di 25 minuti sui rifugi di montagna nel mezzo delle Alpi dell'Appenzello.","robots":{"index":"index","follow":"follow","max-snippet":"max-snippet:-1","max-image-preview":"max-image-preview:large","max-video-preview":"max-video-preview:-1"},"canonical":"https:\/\/www.swissraft.ch\/it\/prodotto\/volo-in-elicottero-da-balzers-alpstein-santis-churfirsten-25-min-chf-1150-00\/","og_locale":"it_IT","og_type":"article","og_title":"Volo in elicottero Alpstein-S\u00e4ntis-Churfirsten da Balzers","og_description":"Alpstein-S\u00e4ntis-Churfirsten in elicottero da Balzers per un volo di 25 minuti sui rifugi di montagna nel mezzo delle Alpi dell'Appenzello.","og_url":"https:\/\/www.swissraft.ch\/it\/prodotto\/volo-in-elicottero-da-balzers-alpstein-santis-churfirsten-25-min-chf-1150-00\/","og_site_name":"Swissraft","article_modified_time":"2024-11-19T20:45:07+00:00","og_image":[{"width":776,"height":776,"url":"https:\/\/www.swissraft.ch\/wp-content\/uploads\/2022\/12\/03-SARGANS-BALZERS-Alpstein-Santis-Churfirsten-776x776-2.jpg","type":"image\/jpeg"}],"twitter_card":"summary_large_image","schema":{"@context":"https:\/\/schema.org","@graph":[{"@type":"WebPage","@id":"https:\/\/www.swissraft.ch\/it\/prodotto\/volo-in-elicottero-da-balzers-alpstein-santis-churfirsten-25-min-chf-1150-00\/","url":"https:\/\/www.swissraft.ch\/it\/prodotto\/volo-in-elicottero-da-balzers-alpstein-santis-churfirsten-25-min-chf-1150-00\/","name":"Volo in elicottero Alpstein-S\u00e4ntis-Churfirsten da Balzers","isPartOf":{"@id":"https:\/\/www.swissraft.ch\/it\/#website"},"primaryImageOfPage":{"@id":"https:\/\/www.swissraft.ch\/it\/prodotto\/volo-in-elicottero-da-balzers-alpstein-santis-churfirsten-25-min-chf-1150-00\/#primaryimage"},"image":{"@id":"https:\/\/www.swissraft.ch\/it\/prodotto\/volo-in-elicottero-da-balzers-alpstein-santis-churfirsten-25-min-chf-1150-00\/#primaryimage"},"thumbnailUrl":"https:\/\/www.swissraft.ch\/wp-content\/uploads\/2022\/12\/03-SARGANS-BALZERS-Alpstein-Santis-Churfirsten-776x776-2.jpg","datePublished":"2023-10-14T23:10:37+00:00","dateModified":"2024-11-19T20:45:07+00:00","description":"Alpstein-S\u00e4ntis-Churfirsten in elicottero da Balzers per un volo di 25 minuti sui rifugi di montagna nel mezzo delle Alpi dell'Appenzello.","breadcrumb":{"@id":"https:\/\/www.swissraft.ch\/it\/prodotto\/volo-in-elicottero-da-balzers-alpstein-santis-churfirsten-25-min-chf-1150-00\/#breadcrumb"},"inLanguage":"it-IT","potentialAction":[{"@type":"ReadAction","target":["https:\/\/www.swissraft.ch\/it\/prodotto\/volo-in-elicottero-da-balzers-alpstein-santis-churfirsten-25-min-chf-1150-00\/"]}]},{"@type":"ImageObject","inLanguage":"it-IT","@id":"https:\/\/www.swissraft.ch\/it\/prodotto\/volo-in-elicottero-da-balzers-alpstein-santis-churfirsten-25-min-chf-1150-00\/#primaryimage","url":"https:\/\/www.swissraft.ch\/wp-content\/uploads\/2022\/12\/03-SARGANS-BALZERS-Alpstein-Santis-Churfirsten-776x776-2.jpg","contentUrl":"https:\/\/www.swissraft.ch\/wp-content\/uploads\/2022\/12\/03-SARGANS-BALZERS-Alpstein-Santis-Churfirsten-776x776-2.jpg","width":776,"height":776,"caption":"Volo in elicottero Alpstein-S\u00e4ntis-Churfirsten da Balzers"},{"@type":"BreadcrumbList","@id":"https:\/\/www.swissraft.ch\/it\/prodotto\/volo-in-elicottero-da-balzers-alpstein-santis-churfirsten-25-min-chf-1150-00\/#breadcrumb","itemListElement":[{"@type":"ListItem","position":1,"name":"Accueil","item":"https:\/\/www.swissraft.ch\/it\/"},{"@type":"ListItem","position":2,"name":"Negozio","item":"https:\/\/www.swissraft.ch\/it\/negozio\/"},{"@type":"ListItem","position":3,"name":"Volo in elicottero da BALZERS &#8211; ALPSTEIN-S\u00c4NTIS-CHURFIRSTEN &#8211; 25 min. &#8211; CHF 1&#8217;150.00"}]},{"@type":"WebSite","@id":"https:\/\/www.swissraft.ch\/it\/#website","url":"https:\/\/www.swissraft.ch\/it\/","name":"Swissraft","description":"To enjoy nature as it is","publisher":{"@id":"https:\/\/www.swissraft.ch\/it\/#organization"},"potentialAction":[{"@type":"SearchAction","target":{"@type":"EntryPoint","urlTemplate":"https:\/\/www.swissraft.ch\/it\/?s={search_term_string}"},"query-input":{"@type":"PropertyValueSpecification","valueRequired":true,"valueName":"search_term_string"}}],"inLanguage":"it-IT"},{"@type":"Organization","@id":"https:\/\/www.swissraft.ch\/it\/#organization","name":"Swissraft","url":"https:\/\/www.swissraft.ch\/it\/","logo":{"@type":"ImageObject","inLanguage":"it-IT","@id":"https:\/\/www.swissraft.ch\/it\/#\/schema\/logo\/image\/","url":"https:\/\/www.swissraft.ch\/wp-content\/uploads\/2025\/09\/Capture.jpg","contentUrl":"https:\/\/www.swissraft.ch\/wp-content\/uploads\/2025\/09\/Capture.jpg","width":293,"height":108,"caption":"Swissraft"},"image":{"@id":"https:\/\/www.swissraft.ch\/it\/#\/schema\/logo\/image\/"}}]}},"_links":{"self":[{"href":"https:\/\/www.swissraft.ch\/it\/wp-json\/wp\/v2\/product\/92395","targetHints":{"allow":["GET"]}}],"collection":[{"href":"https:\/\/www.swissraft.ch\/it\/wp-json\/wp\/v2\/product"}],"about":[{"href":"https:\/\/www.swissraft.ch\/it\/wp-json\/wp\/v2\/types\/product"}],"replies":[{"embeddable":true,"href":"https:\/\/www.swissraft.ch\/it\/wp-json\/wp\/v2\/comments?post=92395"}],"version-history":[{"count":0,"href":"https:\/\/www.swissraft.ch\/it\/wp-json\/wp\/v2\/product\/92395\/revisions"}],"wp:featuredmedia":[{"embeddable":true,"href":"https:\/\/www.swissraft.ch\/it\/wp-json\/wp\/v2\/media\/86633"}],"wp:attachment":[{"href":"https:\/\/www.swissraft.ch\/it\/wp-json\/wp\/v2\/media?parent=92395"}],"wp:term":[{"taxonomy":"product_cat","embeddable":true,"href":"https:\/\/www.swissraft.ch\/it\/wp-json\/wp\/v2\/product_cat?post=92395"},{"taxonomy":"product_tag","embeddable":true,"href":"https:\/\/www.swissraft.ch\/it\/wp-json\/wp\/v2\/product_tag?post=92395"}],"curies":[{"name":"wp","href":"https:\/\/api.w.org\/{rel}","templated":true}]}}