{"id":92315,"date":"2023-11-24T22:55:00","date_gmt":"2023-11-24T21:55:00","guid":{"rendered":"https:\/\/swissraft.xyanzkdne.eu\/product\/volo-aereo-da-schanis-le-cervin-120-min-chf-64000\/"},"modified":"2024-11-20T09:29:08","modified_gmt":"2024-11-20T08:29:08","slug":"volo-aereo-da-schanis-le-cervin-120-min-chf-64000","status":"publish","type":"product","link":"https:\/\/www.swissraft.ch\/it\/prodotto\/volo-aereo-da-schanis-le-cervin-120-min-chf-64000\/","title":{"rendered":"Volo aereo da SCH\u00c4NIS &#8211; LE CERVIN &#8211; 120 min. &#8211; CHF 640,00"},"content":{"rendered":"\t\t<div data-elementor-type=\"wp-post\" data-elementor-id=\"92315\" class=\"elementor elementor-92315 elementor-53001\">\n\t\t\t\t\t\t\t\t\t<section class=\"elementor-section elementor-top-section elementor-element elementor-element-3303a7e3 elementor-section-boxed elementor-section-height-default elementor-section-height-default\" data-id=\"3303a7e3\" data-element_type=\"section\">\n\t\t\t\t\t\t<div class=\"elementor-container elementor-column-gap-default\">\n\t\t\t\t\t<div class=\"elementor-column elementor-col-100 elementor-top-column elementor-element elementor-element-16d72dbf\" data-id=\"16d72dbf\" data-element_type=\"column\">\n\t\t\t<div class=\"elementor-widget-wrap elementor-element-populated\">\n\t\t\t\t\t\t\t\t<div class=\"elementor-element elementor-element-d743c03 elementor-widget elementor-widget-text-editor\" data-id=\"d743c03\" data-element_type=\"widget\" data-widget_type=\"text-editor.default\">\n\t\t\t\t<div class=\"elementor-widget-container\">\n\t\t\t\t\t\t\t<h2>SCEGLI LA TUA ATTIVIT\u00c0 QUI SOTTO PER OFFRIRE BUONI REGALO\/BIGLIETTI O EFFETTUARE UNA PRENOTAZIONE<\/h2>\n<table border=\"0\" width=\"580\" cellspacing=\"10\" cellpadding=\"10\">\n<tbody>\n<tr>\n<td width=\"50%\"><strong>LE CERVIN &#8211; VOLO PRIVATO (1 pers.) &#8211; 120 min.<\/strong><\/td>\n<td><strong>CHF 640,00 per volo privato  <span class=\"productPrice\"><br \/><\/span><\/strong><\/td>\n<\/tr>\n<tr>\n<td>Informazioni aggiuntive<\/td>\n<td><span class=\"patt\"><br \/>&#8211; Utilizzi l&#8217;aereo esclusivamente per te &#8211; Decidi tu la data e l&#8217;ora di partenza<br \/><\/span><span class=\"patt\">&#8211; Massimo 1 persona<\/span><\/td>\n<\/tr>\n<tr>\n<td>Campo d&#8217;aviazione<\/td>\n<td><a href=\"https:\/\/www.google.com\/maps\/place\/47%C2%B010'17.6%22N+9%C2%B002'28.0%22E\/@47.172222,9.0233044,3069m\/data=!3m1!1e3!4m4!3m3!8m2!3d47.1715556!4d9.0411111?entry=ttu\" target=\"_blank\" rel=\"noopener\">Sch\u00e4nis<\/a><\/td>\n<\/tr>\n<tr>\n<td>Tempo di volo<\/td>\n<td>120 min.<\/td>\n<\/tr>\n<tr>\n<td>Durata totale<\/td>\n<td>circa 2h30<\/td>\n<\/tr>\n<tr>\n<td>Appuntamento<\/td>\n<td>Per telefono<\/td>\n<\/tr>\n<tr>\n<td><button class=\"elementor-button\" type=\"button\"><a href=\"https:\/\/swissraft.outdoorbooking.ch\/fo\/products\/1898?base_id=28&amp;category_id=4&amp;order_type=gift_voucher&amp;lang=it\" target=\"_blank\" rel=\"noopener\">BUONO REGALO<\/a><\/button><\/td>\n<td>Per prenotare <span class=\"patt\" style=\"font-family: inherit; font-size: inherit;\"><span class=\"plbl\"><span class=\"patt\"><a href=\"https:\/\/www.swissraft.ch\/it\/contattaci\/\">contattaci<\/a><\/span><\/span><\/span><\/td>\n<\/tr>\n<\/tbody>\n<\/table>\n\t\t\t\t\t\t<\/div>\n\t\t\t\t<\/div>\n\t\t\t\t\t<\/div>\n\t\t<\/div>\n\t\t\t\t\t\t\t<\/div>\n\t\t<\/section>\n\t\t\t\t\t\t\t<\/div>\n\t\t","protected":false},"excerpt":{"rendered":"<div align=\"justify\">\n<h2 align=\"justify\">Da Sch\u00e4nis puoi volare verso sud in direzione del Cervino nel Vallese, la montagna pi\u00f9 famosa della Svizzera.<\/h2>\n<h3>Il Cervino nel Vallese \u00e8 la tua destinazione in aereo. Per arrivarci, sorvola i cantoni di Svitto, Uri e Vallese. <\/h3>\n<\/div>\n<div align=\"justify\">\n<p>Comodamente seduto a bordo di uno dei nostri aerei, avrai tutto il tempo per goderti questo volo esclusivo. Decolla dall&#8217;aeroporto di Sch\u00e4nis e dirigiti a sud verso Ibergeregg. \u00c8 una stazione sciistica del comune di Oberiberg, nel cantone di Svitto. Allora sei gi\u00e0 sopra Andermatt, un&#8217;importante stazione di sport invernali nel cantone di Uri. Il volo ti porter\u00e0 poi a sorvolare il passo della strada del Furka o Col de la Fourche, che sale a 2429 metri di altitudine. Il tuo tour prosegue attraverso il Passo del Sempione nel Vallese, che sale a un&#8217;altitudine di 2006 metri. Arriverai infine al Cervino, la leggendaria montagna della Svizzera a 4478 metri. Avrai il privilegio di contemplare questo maestoso massiccio, unico al mondo per la sua forma piramidale. Dopo una virata di 180 gradi, ritorna sulle Alpi Bernesi prima di riposare a Sch\u00e4nis.<\/p>\n<h3>Sul suo sito web, Swissraft suggerisce una quarantina di voli in jet privato in Svizzera.<\/h3>\n<p id=\"textarea\" style=\"display: none;\">\nDa un lato, offriamo voli di piacere dall&#8217;aeroporto internazionale di Berna-Belp. Offriamo anche voli dall&#8217;aerodromo di Biel. Abbiamo anche voli turistici dall&#8217;aerodromo di Granges. Ma anche voli turistici dall&#8217;aerodromo di Buttwil in Argovia. Infine, offriamo voli dalla regione della Gruy\u00e8re con partenza dall&#8217;aerodromo di \u00c9pagny.\n<\/p>\n<p><a id=\"seeMore\" onclick=\"toggleSeeMore()\" href=\"javascript:void(0);\">Leggi tutto<\/a><\/p>\n","protected":false},"featured_media":88622,"comment_status":"open","ping_status":"closed","template":"","meta":{"inline_featured_image":false,"_mi_skip_tracking":false},"product_cat":[466,423],"product_tag":[],"class_list":["post-92315","product","type-product","status-publish","has-post-thumbnail","hentry","product_cat-aereo-schanis","product_cat-voli"],"yoast_head":"<!-- This site is optimized with the Yoast SEO plugin v23.6 - https:\/\/yoast.com\/wordpress\/plugins\/seo\/ -->\n<title>Il Cervino da Sch\u00e4nis con un volo di 120 minuti<\/title>\n<meta name=\"description\" content=\"Il Cervino da Sch\u00e4nis con un volo di 120 minuti sui cantoni di Svitto, Uri, Vallese e le Alpi Bernesi.\" \/>\n<meta name=\"robots\" content=\"index, follow, max-snippet:-1, max-image-preview:large, max-video-preview:-1\" \/>\n<link rel=\"canonical\" href=\"https:\/\/www.swissraft.ch\/it\/prodotto\/volo-aereo-da-schanis-le-cervin-120-min-chf-64000\/\" \/>\n<meta property=\"og:locale\" content=\"it_IT\" \/>\n<meta property=\"og:type\" content=\"article\" \/>\n<meta property=\"og:title\" content=\"Il Cervino da Sch\u00e4nis con un volo di 120 minuti\" \/>\n<meta property=\"og:description\" content=\"Il Cervino da Sch\u00e4nis con un volo di 120 minuti sui cantoni di Svitto, Uri, Vallese e le Alpi Bernesi.\" \/>\n<meta property=\"og:url\" content=\"https:\/\/www.swissraft.ch\/it\/prodotto\/volo-aereo-da-schanis-le-cervin-120-min-chf-64000\/\" \/>\n<meta property=\"og:site_name\" content=\"Swissraft\" \/>\n<meta property=\"article:modified_time\" content=\"2024-11-20T08:29:08+00:00\" \/>\n<meta property=\"og:image\" content=\"https:\/\/www.swissraft.ch\/wp-content\/uploads\/2023\/11\/8-Cervin-776x776-.jpg\" \/>\n\t<meta property=\"og:image:width\" content=\"776\" \/>\n\t<meta property=\"og:image:height\" content=\"776\" \/>\n\t<meta property=\"og:image:type\" content=\"image\/jpeg\" \/>\n<meta name=\"twitter:card\" content=\"summary_large_image\" \/>\n<script type=\"application\/ld+json\" class=\"yoast-schema-graph\">{\"@context\":\"https:\/\/schema.org\",\"@graph\":[{\"@type\":\"WebPage\",\"@id\":\"https:\/\/www.swissraft.ch\/it\/prodotto\/volo-aereo-da-schanis-le-cervin-120-min-chf-64000\/\",\"url\":\"https:\/\/www.swissraft.ch\/it\/prodotto\/volo-aereo-da-schanis-le-cervin-120-min-chf-64000\/\",\"name\":\"Il Cervino da Sch\u00e4nis con un volo di 120 minuti\",\"isPartOf\":{\"@id\":\"https:\/\/www.swissraft.ch\/it\/#website\"},\"primaryImageOfPage\":{\"@id\":\"https:\/\/www.swissraft.ch\/it\/prodotto\/volo-aereo-da-schanis-le-cervin-120-min-chf-64000\/#primaryimage\"},\"image\":{\"@id\":\"https:\/\/www.swissraft.ch\/it\/prodotto\/volo-aereo-da-schanis-le-cervin-120-min-chf-64000\/#primaryimage\"},\"thumbnailUrl\":\"https:\/\/www.swissraft.ch\/wp-content\/uploads\/2023\/11\/8-Cervin-776x776-.jpg\",\"datePublished\":\"2023-11-24T21:55:00+00:00\",\"dateModified\":\"2024-11-20T08:29:08+00:00\",\"description\":\"Il Cervino da Sch\u00e4nis con un volo di 120 minuti sui cantoni di Svitto, Uri, Vallese e le Alpi Bernesi.\",\"breadcrumb\":{\"@id\":\"https:\/\/www.swissraft.ch\/it\/prodotto\/volo-aereo-da-schanis-le-cervin-120-min-chf-64000\/#breadcrumb\"},\"inLanguage\":\"it-IT\",\"potentialAction\":[{\"@type\":\"ReadAction\",\"target\":[\"https:\/\/www.swissraft.ch\/it\/prodotto\/volo-aereo-da-schanis-le-cervin-120-min-chf-64000\/\"]}]},{\"@type\":\"ImageObject\",\"inLanguage\":\"it-IT\",\"@id\":\"https:\/\/www.swissraft.ch\/it\/prodotto\/volo-aereo-da-schanis-le-cervin-120-min-chf-64000\/#primaryimage\",\"url\":\"https:\/\/www.swissraft.ch\/wp-content\/uploads\/2023\/11\/8-Cervin-776x776-.jpg\",\"contentUrl\":\"https:\/\/www.swissraft.ch\/wp-content\/uploads\/2023\/11\/8-Cervin-776x776-.jpg\",\"width\":776,\"height\":776,\"caption\":\"Il Cervino in aereo da Sch\u00e4nis\"},{\"@type\":\"BreadcrumbList\",\"@id\":\"https:\/\/www.swissraft.ch\/it\/prodotto\/volo-aereo-da-schanis-le-cervin-120-min-chf-64000\/#breadcrumb\",\"itemListElement\":[{\"@type\":\"ListItem\",\"position\":1,\"name\":\"Accueil\",\"item\":\"https:\/\/www.swissraft.ch\/it\/\"},{\"@type\":\"ListItem\",\"position\":2,\"name\":\"Negozio\",\"item\":\"https:\/\/www.swissraft.ch\/it\/negozio\/\"},{\"@type\":\"ListItem\",\"position\":3,\"name\":\"Volo aereo da SCH\u00c4NIS &#8211; LE CERVIN &#8211; 120 min. &#8211; CHF 640,00\"}]},{\"@type\":\"WebSite\",\"@id\":\"https:\/\/www.swissraft.ch\/it\/#website\",\"url\":\"https:\/\/www.swissraft.ch\/it\/\",\"name\":\"Swissraft\",\"description\":\"To enjoy nature as it is\",\"publisher\":{\"@id\":\"https:\/\/www.swissraft.ch\/it\/#organization\"},\"potentialAction\":[{\"@type\":\"SearchAction\",\"target\":{\"@type\":\"EntryPoint\",\"urlTemplate\":\"https:\/\/www.swissraft.ch\/it\/?s={search_term_string}\"},\"query-input\":{\"@type\":\"PropertyValueSpecification\",\"valueRequired\":true,\"valueName\":\"search_term_string\"}}],\"inLanguage\":\"it-IT\"},{\"@type\":\"Organization\",\"@id\":\"https:\/\/www.swissraft.ch\/it\/#organization\",\"name\":\"Swissraft\",\"url\":\"https:\/\/www.swissraft.ch\/it\/\",\"logo\":{\"@type\":\"ImageObject\",\"inLanguage\":\"it-IT\",\"@id\":\"https:\/\/www.swissraft.ch\/it\/#\/schema\/logo\/image\/\",\"url\":\"https:\/\/www.swissraft.ch\/wp-content\/uploads\/2025\/09\/Capture.jpg\",\"contentUrl\":\"https:\/\/www.swissraft.ch\/wp-content\/uploads\/2025\/09\/Capture.jpg\",\"width\":293,\"height\":108,\"caption\":\"Swissraft\"},\"image\":{\"@id\":\"https:\/\/www.swissraft.ch\/it\/#\/schema\/logo\/image\/\"}}]}<\/script>\n<!-- \/ Yoast SEO plugin. -->","yoast_head_json":{"title":"Il Cervino da Sch\u00e4nis con un volo di 120 minuti","description":"Il Cervino da Sch\u00e4nis con un volo di 120 minuti sui cantoni di Svitto, Uri, Vallese e le Alpi Bernesi.","robots":{"index":"index","follow":"follow","max-snippet":"max-snippet:-1","max-image-preview":"max-image-preview:large","max-video-preview":"max-video-preview:-1"},"canonical":"https:\/\/www.swissraft.ch\/it\/prodotto\/volo-aereo-da-schanis-le-cervin-120-min-chf-64000\/","og_locale":"it_IT","og_type":"article","og_title":"Il Cervino da Sch\u00e4nis con un volo di 120 minuti","og_description":"Il Cervino da Sch\u00e4nis con un volo di 120 minuti sui cantoni di Svitto, Uri, Vallese e le Alpi Bernesi.","og_url":"https:\/\/www.swissraft.ch\/it\/prodotto\/volo-aereo-da-schanis-le-cervin-120-min-chf-64000\/","og_site_name":"Swissraft","article_modified_time":"2024-11-20T08:29:08+00:00","og_image":[{"width":776,"height":776,"url":"https:\/\/www.swissraft.ch\/wp-content\/uploads\/2023\/11\/8-Cervin-776x776-.jpg","type":"image\/jpeg"}],"twitter_card":"summary_large_image","schema":{"@context":"https:\/\/schema.org","@graph":[{"@type":"WebPage","@id":"https:\/\/www.swissraft.ch\/it\/prodotto\/volo-aereo-da-schanis-le-cervin-120-min-chf-64000\/","url":"https:\/\/www.swissraft.ch\/it\/prodotto\/volo-aereo-da-schanis-le-cervin-120-min-chf-64000\/","name":"Il Cervino da Sch\u00e4nis con un volo di 120 minuti","isPartOf":{"@id":"https:\/\/www.swissraft.ch\/it\/#website"},"primaryImageOfPage":{"@id":"https:\/\/www.swissraft.ch\/it\/prodotto\/volo-aereo-da-schanis-le-cervin-120-min-chf-64000\/#primaryimage"},"image":{"@id":"https:\/\/www.swissraft.ch\/it\/prodotto\/volo-aereo-da-schanis-le-cervin-120-min-chf-64000\/#primaryimage"},"thumbnailUrl":"https:\/\/www.swissraft.ch\/wp-content\/uploads\/2023\/11\/8-Cervin-776x776-.jpg","datePublished":"2023-11-24T21:55:00+00:00","dateModified":"2024-11-20T08:29:08+00:00","description":"Il Cervino da Sch\u00e4nis con un volo di 120 minuti sui cantoni di Svitto, Uri, Vallese e le Alpi Bernesi.","breadcrumb":{"@id":"https:\/\/www.swissraft.ch\/it\/prodotto\/volo-aereo-da-schanis-le-cervin-120-min-chf-64000\/#breadcrumb"},"inLanguage":"it-IT","potentialAction":[{"@type":"ReadAction","target":["https:\/\/www.swissraft.ch\/it\/prodotto\/volo-aereo-da-schanis-le-cervin-120-min-chf-64000\/"]}]},{"@type":"ImageObject","inLanguage":"it-IT","@id":"https:\/\/www.swissraft.ch\/it\/prodotto\/volo-aereo-da-schanis-le-cervin-120-min-chf-64000\/#primaryimage","url":"https:\/\/www.swissraft.ch\/wp-content\/uploads\/2023\/11\/8-Cervin-776x776-.jpg","contentUrl":"https:\/\/www.swissraft.ch\/wp-content\/uploads\/2023\/11\/8-Cervin-776x776-.jpg","width":776,"height":776,"caption":"Il Cervino in aereo da Sch\u00e4nis"},{"@type":"BreadcrumbList","@id":"https:\/\/www.swissraft.ch\/it\/prodotto\/volo-aereo-da-schanis-le-cervin-120-min-chf-64000\/#breadcrumb","itemListElement":[{"@type":"ListItem","position":1,"name":"Accueil","item":"https:\/\/www.swissraft.ch\/it\/"},{"@type":"ListItem","position":2,"name":"Negozio","item":"https:\/\/www.swissraft.ch\/it\/negozio\/"},{"@type":"ListItem","position":3,"name":"Volo aereo da SCH\u00c4NIS &#8211; LE CERVIN &#8211; 120 min. &#8211; CHF 640,00"}]},{"@type":"WebSite","@id":"https:\/\/www.swissraft.ch\/it\/#website","url":"https:\/\/www.swissraft.ch\/it\/","name":"Swissraft","description":"To enjoy nature as it is","publisher":{"@id":"https:\/\/www.swissraft.ch\/it\/#organization"},"potentialAction":[{"@type":"SearchAction","target":{"@type":"EntryPoint","urlTemplate":"https:\/\/www.swissraft.ch\/it\/?s={search_term_string}"},"query-input":{"@type":"PropertyValueSpecification","valueRequired":true,"valueName":"search_term_string"}}],"inLanguage":"it-IT"},{"@type":"Organization","@id":"https:\/\/www.swissraft.ch\/it\/#organization","name":"Swissraft","url":"https:\/\/www.swissraft.ch\/it\/","logo":{"@type":"ImageObject","inLanguage":"it-IT","@id":"https:\/\/www.swissraft.ch\/it\/#\/schema\/logo\/image\/","url":"https:\/\/www.swissraft.ch\/wp-content\/uploads\/2025\/09\/Capture.jpg","contentUrl":"https:\/\/www.swissraft.ch\/wp-content\/uploads\/2025\/09\/Capture.jpg","width":293,"height":108,"caption":"Swissraft"},"image":{"@id":"https:\/\/www.swissraft.ch\/it\/#\/schema\/logo\/image\/"}}]}},"_links":{"self":[{"href":"https:\/\/www.swissraft.ch\/it\/wp-json\/wp\/v2\/product\/92315","targetHints":{"allow":["GET"]}}],"collection":[{"href":"https:\/\/www.swissraft.ch\/it\/wp-json\/wp\/v2\/product"}],"about":[{"href":"https:\/\/www.swissraft.ch\/it\/wp-json\/wp\/v2\/types\/product"}],"replies":[{"embeddable":true,"href":"https:\/\/www.swissraft.ch\/it\/wp-json\/wp\/v2\/comments?post=92315"}],"version-history":[{"count":0,"href":"https:\/\/www.swissraft.ch\/it\/wp-json\/wp\/v2\/product\/92315\/revisions"}],"wp:featuredmedia":[{"embeddable":true,"href":"https:\/\/www.swissraft.ch\/it\/wp-json\/wp\/v2\/media\/88622"}],"wp:attachment":[{"href":"https:\/\/www.swissraft.ch\/it\/wp-json\/wp\/v2\/media?parent=92315"}],"wp:term":[{"taxonomy":"product_cat","embeddable":true,"href":"https:\/\/www.swissraft.ch\/it\/wp-json\/wp\/v2\/product_cat?post=92315"},{"taxonomy":"product_tag","embeddable":true,"href":"https:\/\/www.swissraft.ch\/it\/wp-json\/wp\/v2\/product_tag?post=92315"}],"curies":[{"name":"wp","href":"https:\/\/api.w.org\/{rel}","templated":true}]}}