{"id":92306,"date":"2023-11-24T01:02:57","date_gmt":"2023-11-24T00:02:57","guid":{"rendered":"https:\/\/swissraft.xyanzkdne.eu\/product\/volo-aereo-da-schanis-la-bernina-120-min-chf-64000\/"},"modified":"2024-11-20T09:29:08","modified_gmt":"2024-11-20T08:29:08","slug":"volo-aereo-da-schanis-la-bernina-120-min-chf-64000","status":"publish","type":"product","link":"https:\/\/www.swissraft.ch\/it\/prodotto\/volo-aereo-da-schanis-la-bernina-120-min-chf-64000\/","title":{"rendered":"Volo aereo da SCH\u00c4NIS &#8211; LA BERNINA &#8211; 120 min. &#8211; CHF 640,00"},"content":{"rendered":"\t\t<div data-elementor-type=\"wp-post\" data-elementor-id=\"92306\" class=\"elementor elementor-92306 elementor-52973\">\n\t\t\t\t\t\t\t\t\t<section class=\"elementor-section elementor-top-section elementor-element elementor-element-3303a7e3 elementor-section-boxed elementor-section-height-default elementor-section-height-default\" data-id=\"3303a7e3\" data-element_type=\"section\">\n\t\t\t\t\t\t<div class=\"elementor-container elementor-column-gap-default\">\n\t\t\t\t\t<div class=\"elementor-column elementor-col-100 elementor-top-column elementor-element elementor-element-16d72dbf\" data-id=\"16d72dbf\" data-element_type=\"column\">\n\t\t\t<div class=\"elementor-widget-wrap elementor-element-populated\">\n\t\t\t\t\t\t\t\t<div class=\"elementor-element elementor-element-d743c03 elementor-widget elementor-widget-text-editor\" data-id=\"d743c03\" data-element_type=\"widget\" data-widget_type=\"text-editor.default\">\n\t\t\t\t<div class=\"elementor-widget-container\">\n\t\t\t\t\t\t\t<h2>SCEGLI LA TUA ATTIVIT\u00c0 QUI SOTTO PER OFFRIRE BUONI REGALO\/BIGLIETTI O EFFETTUARE UNA PRENOTAZIONE<\/h2>\n<table border=\"0\" width=\"580\" cellspacing=\"10\" cellpadding=\"10\">\n<tbody>\n<tr>\n<td width=\"50%\"><strong>LA BERNINA &#8211; VOLO PRIVATO (1 pers.) &#8211; 120 min.<\/strong><\/td>\n<td><strong>CHF 640,00 per volo privato  <span class=\"productPrice\"><br \/><\/span><\/strong><\/td>\n<\/tr>\n<tr>\n<td>Informazioni aggiuntive<\/td>\n<td><span class=\"patt\"><br \/>&#8211; Utilizzi l&#8217;aereo esclusivamente per te &#8211; Decidi tu la data e l&#8217;ora di partenza<br \/><\/span><span class=\"patt\">&#8211; Massimo 1 persona<\/span><\/td>\n<\/tr>\n<tr>\n<td>Campo d&#8217;aviazione<\/td>\n<td><a href=\"https:\/\/www.google.com\/maps\/place\/47%C2%B010'17.6%22N+9%C2%B002'28.0%22E\/@47.172222,9.0233044,3069m\/data=!3m1!1e3!4m4!3m3!8m2!3d47.1715556!4d9.0411111?entry=ttu\" target=\"_blank\" rel=\"noopener\">Sch\u00e4nis<\/a><\/td>\n<\/tr>\n<tr>\n<td>Tempo di volo<\/td>\n<td>120 min.<\/td>\n<\/tr>\n<tr>\n<td>Durata totale<\/td>\n<td>circa 2h30<\/td>\n<\/tr>\n<tr>\n<td>Appuntamento<\/td>\n<td>Per telefono<\/td>\n<\/tr>\n<tr>\n<td><button class=\"elementor-button\" type=\"button\"><a href=\"https:\/\/swissraft.outdoorbooking.ch\/fo\/products\/2011?base_id=28&amp;category_id=4&amp;order_type=gift_voucher&amp;lang=it\" target=\"_blank\" rel=\"noopener\">BUONO REGALO<\/a><\/button><\/td>\n<td>Per prenotare <span class=\"patt\" style=\"font-family: inherit; font-size: inherit;\"><span class=\"plbl\"><span class=\"patt\"><a href=\"https:\/\/www.swissraft.ch\/it\/contattaci\/\">contattaci<\/a><\/span><\/span><\/span><\/td>\n<\/tr>\n<\/tbody>\n<\/table>\n\t\t\t\t\t\t<\/div>\n\t\t\t\t<\/div>\n\t\t\t\t\t<\/div>\n\t\t<\/div>\n\t\t\t\t\t\t\t<\/div>\n\t\t<\/section>\n\t\t\t\t\t\t\t<\/div>\n\t\t","protected":false},"excerpt":{"rendered":"<div align=\"justify\">\n<h2 align=\"justify\">Vola dall&#8217;aerodromo di Sch\u00e4nis sopra il Bernina, nell&#8217;Alta Engadina, nei Grigioni.<\/h2>\n<h3>Questo volo di 2 ore ti porter\u00e0 a sorvolare i passi e le vette delle Alpi grigionesi.<\/h3>\n<\/div>\n<div align=\"justify\">\n<p>Decolla dall&#8217;aeroporto di Sch\u00e4nis per un lungo volo di 2 ore verso i Grigioni e l&#8217;Engadina. Il passo Septimer, che raggiunge un&#8217;altitudine di 2.310 metri, passa sotto i tuoi piedi. Poi il Passo del Bernina a 2328 m di altitudine. Questo passo collega l&#8217;Engadina alla Valtellina in Italia. Infatti, \u00e8 l&#8217;unico passo &#8211; il pi\u00f9 alto delle Alpi svizzere &#8211; che rimane aperto anche in inverno. Prosegui poi il volo verso il passo del Maloja, che sale a un&#8217;altitudine di 1815 metri. Questo passo stradale si trova nel comune di Bregaglia. Il tuo volo prosegue in direzione del Piz Corvatsch, a 3451 m di altitudine. Fa parte della catena montuosa del Bernina, nell&#8217;Alta Engadina. Il tuo viaggio prosegue poi verso il Piz Bernina, a 4048 metri di altitudine. \u00c8 la vetta pi\u00f9 alta della catena del Bernina e di tutte le Alpi orientali. Inoltre, \u00e8 l&#8217;unica vetta al di sopra dei 4.000 metri nella regione. Dopo questo magnifico volo turistico di 2 ore, potrai rilassarti all&#8217;aerodromo di Sch\u00e4nis.<\/p>\n<h3>Sul suo sito web, Swissraft suggerisce una quarantina di voli in jet privato in Svizzera.<\/h3>\n<p id=\"textarea\" style=\"display: none;\">\nOffriamo anche voli turistici dall&#8217;aeroporto internazionale di Berna-Belp. Cos\u00ec come i voli dall&#8217;aerodromo di Bienne nella regione dei 3 laghi. Inoltre, offriamo voli con aerei da turismo da Grenchen, nel cantone di Soletta. Ma anche voli da Buttwil, nel cantone di Argovia. Offriamo anche voli di piacere nel cantone di Friburgo con partenza da \u00c9pagny en Gruy\u00e8re.\n<\/p>\n<p><a id=\"seeMore\" onclick=\"toggleSeeMore()\" href=\"javascript:void(0);\">Leggi tutto<\/a><\/p>\n","protected":false},"featured_media":88604,"comment_status":"open","ping_status":"closed","template":"","meta":{"inline_featured_image":false,"_mi_skip_tracking":false},"product_cat":[466,423],"product_tag":[],"class_list":["post-92306","product","type-product","status-publish","has-post-thumbnail","hentry","product_cat-aereo-schanis","product_cat-voli"],"yoast_head":"<!-- This site is optimized with the Yoast SEO plugin v23.6 - https:\/\/yoast.com\/wordpress\/plugins\/seo\/ -->\n<title>Il Bernina da Sch\u00e4nis per un volo di 120 minuti<\/title>\n<meta name=\"description\" content=\"La Bernina da Sch\u00e4nis per un volo di 120 minuti sulle Alpi grigionesi e le sue vette pi\u00f9 belle.\" \/>\n<meta name=\"robots\" content=\"index, follow, max-snippet:-1, max-image-preview:large, max-video-preview:-1\" \/>\n<link rel=\"canonical\" href=\"https:\/\/www.swissraft.ch\/it\/prodotto\/volo-aereo-da-schanis-la-bernina-120-min-chf-64000\/\" \/>\n<meta property=\"og:locale\" content=\"it_IT\" \/>\n<meta property=\"og:type\" content=\"article\" \/>\n<meta property=\"og:title\" content=\"Il Bernina da Sch\u00e4nis per un volo di 120 minuti\" \/>\n<meta property=\"og:description\" content=\"La Bernina da Sch\u00e4nis per un volo di 120 minuti sulle Alpi grigionesi e le sue vette pi\u00f9 belle.\" \/>\n<meta property=\"og:url\" content=\"https:\/\/www.swissraft.ch\/it\/prodotto\/volo-aereo-da-schanis-la-bernina-120-min-chf-64000\/\" \/>\n<meta property=\"og:site_name\" content=\"Swissraft\" \/>\n<meta property=\"article:modified_time\" content=\"2024-11-20T08:29:08+00:00\" \/>\n<meta property=\"og:image\" content=\"https:\/\/www.swissraft.ch\/wp-content\/uploads\/2023\/11\/7-Bernina-7776x776-1.jpg\" \/>\n\t<meta property=\"og:image:width\" content=\"776\" \/>\n\t<meta property=\"og:image:height\" content=\"776\" \/>\n\t<meta property=\"og:image:type\" content=\"image\/jpeg\" \/>\n<meta name=\"twitter:card\" content=\"summary_large_image\" \/>\n<script type=\"application\/ld+json\" class=\"yoast-schema-graph\">{\"@context\":\"https:\/\/schema.org\",\"@graph\":[{\"@type\":\"WebPage\",\"@id\":\"https:\/\/www.swissraft.ch\/it\/prodotto\/volo-aereo-da-schanis-la-bernina-120-min-chf-64000\/\",\"url\":\"https:\/\/www.swissraft.ch\/it\/prodotto\/volo-aereo-da-schanis-la-bernina-120-min-chf-64000\/\",\"name\":\"Il Bernina da Sch\u00e4nis per un volo di 120 minuti\",\"isPartOf\":{\"@id\":\"https:\/\/www.swissraft.ch\/it\/#website\"},\"primaryImageOfPage\":{\"@id\":\"https:\/\/www.swissraft.ch\/it\/prodotto\/volo-aereo-da-schanis-la-bernina-120-min-chf-64000\/#primaryimage\"},\"image\":{\"@id\":\"https:\/\/www.swissraft.ch\/it\/prodotto\/volo-aereo-da-schanis-la-bernina-120-min-chf-64000\/#primaryimage\"},\"thumbnailUrl\":\"https:\/\/www.swissraft.ch\/wp-content\/uploads\/2023\/11\/7-Bernina-7776x776-1.jpg\",\"datePublished\":\"2023-11-24T00:02:57+00:00\",\"dateModified\":\"2024-11-20T08:29:08+00:00\",\"description\":\"La Bernina da Sch\u00e4nis per un volo di 120 minuti sulle Alpi grigionesi e le sue vette pi\u00f9 belle.\",\"breadcrumb\":{\"@id\":\"https:\/\/www.swissraft.ch\/it\/prodotto\/volo-aereo-da-schanis-la-bernina-120-min-chf-64000\/#breadcrumb\"},\"inLanguage\":\"it-IT\",\"potentialAction\":[{\"@type\":\"ReadAction\",\"target\":[\"https:\/\/www.swissraft.ch\/it\/prodotto\/volo-aereo-da-schanis-la-bernina-120-min-chf-64000\/\"]}]},{\"@type\":\"ImageObject\",\"inLanguage\":\"it-IT\",\"@id\":\"https:\/\/www.swissraft.ch\/it\/prodotto\/volo-aereo-da-schanis-la-bernina-120-min-chf-64000\/#primaryimage\",\"url\":\"https:\/\/www.swissraft.ch\/wp-content\/uploads\/2023\/11\/7-Bernina-7776x776-1.jpg\",\"contentUrl\":\"https:\/\/www.swissraft.ch\/wp-content\/uploads\/2023\/11\/7-Bernina-7776x776-1.jpg\",\"width\":776,\"height\":776,\"caption\":\"Il Bernina in aereo da Sch\u00e4nis\"},{\"@type\":\"BreadcrumbList\",\"@id\":\"https:\/\/www.swissraft.ch\/it\/prodotto\/volo-aereo-da-schanis-la-bernina-120-min-chf-64000\/#breadcrumb\",\"itemListElement\":[{\"@type\":\"ListItem\",\"position\":1,\"name\":\"Accueil\",\"item\":\"https:\/\/www.swissraft.ch\/it\/\"},{\"@type\":\"ListItem\",\"position\":2,\"name\":\"Negozio\",\"item\":\"https:\/\/www.swissraft.ch\/it\/negozio\/\"},{\"@type\":\"ListItem\",\"position\":3,\"name\":\"Volo aereo da SCH\u00c4NIS &#8211; LA BERNINA &#8211; 120 min. &#8211; CHF 640,00\"}]},{\"@type\":\"WebSite\",\"@id\":\"https:\/\/www.swissraft.ch\/it\/#website\",\"url\":\"https:\/\/www.swissraft.ch\/it\/\",\"name\":\"Swissraft\",\"description\":\"To enjoy nature as it is\",\"publisher\":{\"@id\":\"https:\/\/www.swissraft.ch\/it\/#organization\"},\"potentialAction\":[{\"@type\":\"SearchAction\",\"target\":{\"@type\":\"EntryPoint\",\"urlTemplate\":\"https:\/\/www.swissraft.ch\/it\/?s={search_term_string}\"},\"query-input\":{\"@type\":\"PropertyValueSpecification\",\"valueRequired\":true,\"valueName\":\"search_term_string\"}}],\"inLanguage\":\"it-IT\"},{\"@type\":\"Organization\",\"@id\":\"https:\/\/www.swissraft.ch\/it\/#organization\",\"name\":\"Swissraft\",\"url\":\"https:\/\/www.swissraft.ch\/it\/\",\"logo\":{\"@type\":\"ImageObject\",\"inLanguage\":\"it-IT\",\"@id\":\"https:\/\/www.swissraft.ch\/it\/#\/schema\/logo\/image\/\",\"url\":\"https:\/\/www.swissraft.ch\/wp-content\/uploads\/2025\/09\/Capture.jpg\",\"contentUrl\":\"https:\/\/www.swissraft.ch\/wp-content\/uploads\/2025\/09\/Capture.jpg\",\"width\":293,\"height\":108,\"caption\":\"Swissraft\"},\"image\":{\"@id\":\"https:\/\/www.swissraft.ch\/it\/#\/schema\/logo\/image\/\"}}]}<\/script>\n<!-- \/ Yoast SEO plugin. -->","yoast_head_json":{"title":"Il Bernina da Sch\u00e4nis per un volo di 120 minuti","description":"La Bernina da Sch\u00e4nis per un volo di 120 minuti sulle Alpi grigionesi e le sue vette pi\u00f9 belle.","robots":{"index":"index","follow":"follow","max-snippet":"max-snippet:-1","max-image-preview":"max-image-preview:large","max-video-preview":"max-video-preview:-1"},"canonical":"https:\/\/www.swissraft.ch\/it\/prodotto\/volo-aereo-da-schanis-la-bernina-120-min-chf-64000\/","og_locale":"it_IT","og_type":"article","og_title":"Il Bernina da Sch\u00e4nis per un volo di 120 minuti","og_description":"La Bernina da Sch\u00e4nis per un volo di 120 minuti sulle Alpi grigionesi e le sue vette pi\u00f9 belle.","og_url":"https:\/\/www.swissraft.ch\/it\/prodotto\/volo-aereo-da-schanis-la-bernina-120-min-chf-64000\/","og_site_name":"Swissraft","article_modified_time":"2024-11-20T08:29:08+00:00","og_image":[{"width":776,"height":776,"url":"https:\/\/www.swissraft.ch\/wp-content\/uploads\/2023\/11\/7-Bernina-7776x776-1.jpg","type":"image\/jpeg"}],"twitter_card":"summary_large_image","schema":{"@context":"https:\/\/schema.org","@graph":[{"@type":"WebPage","@id":"https:\/\/www.swissraft.ch\/it\/prodotto\/volo-aereo-da-schanis-la-bernina-120-min-chf-64000\/","url":"https:\/\/www.swissraft.ch\/it\/prodotto\/volo-aereo-da-schanis-la-bernina-120-min-chf-64000\/","name":"Il Bernina da Sch\u00e4nis per un volo di 120 minuti","isPartOf":{"@id":"https:\/\/www.swissraft.ch\/it\/#website"},"primaryImageOfPage":{"@id":"https:\/\/www.swissraft.ch\/it\/prodotto\/volo-aereo-da-schanis-la-bernina-120-min-chf-64000\/#primaryimage"},"image":{"@id":"https:\/\/www.swissraft.ch\/it\/prodotto\/volo-aereo-da-schanis-la-bernina-120-min-chf-64000\/#primaryimage"},"thumbnailUrl":"https:\/\/www.swissraft.ch\/wp-content\/uploads\/2023\/11\/7-Bernina-7776x776-1.jpg","datePublished":"2023-11-24T00:02:57+00:00","dateModified":"2024-11-20T08:29:08+00:00","description":"La Bernina da Sch\u00e4nis per un volo di 120 minuti sulle Alpi grigionesi e le sue vette pi\u00f9 belle.","breadcrumb":{"@id":"https:\/\/www.swissraft.ch\/it\/prodotto\/volo-aereo-da-schanis-la-bernina-120-min-chf-64000\/#breadcrumb"},"inLanguage":"it-IT","potentialAction":[{"@type":"ReadAction","target":["https:\/\/www.swissraft.ch\/it\/prodotto\/volo-aereo-da-schanis-la-bernina-120-min-chf-64000\/"]}]},{"@type":"ImageObject","inLanguage":"it-IT","@id":"https:\/\/www.swissraft.ch\/it\/prodotto\/volo-aereo-da-schanis-la-bernina-120-min-chf-64000\/#primaryimage","url":"https:\/\/www.swissraft.ch\/wp-content\/uploads\/2023\/11\/7-Bernina-7776x776-1.jpg","contentUrl":"https:\/\/www.swissraft.ch\/wp-content\/uploads\/2023\/11\/7-Bernina-7776x776-1.jpg","width":776,"height":776,"caption":"Il Bernina in aereo da Sch\u00e4nis"},{"@type":"BreadcrumbList","@id":"https:\/\/www.swissraft.ch\/it\/prodotto\/volo-aereo-da-schanis-la-bernina-120-min-chf-64000\/#breadcrumb","itemListElement":[{"@type":"ListItem","position":1,"name":"Accueil","item":"https:\/\/www.swissraft.ch\/it\/"},{"@type":"ListItem","position":2,"name":"Negozio","item":"https:\/\/www.swissraft.ch\/it\/negozio\/"},{"@type":"ListItem","position":3,"name":"Volo aereo da SCH\u00c4NIS &#8211; LA BERNINA &#8211; 120 min. &#8211; CHF 640,00"}]},{"@type":"WebSite","@id":"https:\/\/www.swissraft.ch\/it\/#website","url":"https:\/\/www.swissraft.ch\/it\/","name":"Swissraft","description":"To enjoy nature as it is","publisher":{"@id":"https:\/\/www.swissraft.ch\/it\/#organization"},"potentialAction":[{"@type":"SearchAction","target":{"@type":"EntryPoint","urlTemplate":"https:\/\/www.swissraft.ch\/it\/?s={search_term_string}"},"query-input":{"@type":"PropertyValueSpecification","valueRequired":true,"valueName":"search_term_string"}}],"inLanguage":"it-IT"},{"@type":"Organization","@id":"https:\/\/www.swissraft.ch\/it\/#organization","name":"Swissraft","url":"https:\/\/www.swissraft.ch\/it\/","logo":{"@type":"ImageObject","inLanguage":"it-IT","@id":"https:\/\/www.swissraft.ch\/it\/#\/schema\/logo\/image\/","url":"https:\/\/www.swissraft.ch\/wp-content\/uploads\/2025\/09\/Capture.jpg","contentUrl":"https:\/\/www.swissraft.ch\/wp-content\/uploads\/2025\/09\/Capture.jpg","width":293,"height":108,"caption":"Swissraft"},"image":{"@id":"https:\/\/www.swissraft.ch\/it\/#\/schema\/logo\/image\/"}}]}},"_links":{"self":[{"href":"https:\/\/www.swissraft.ch\/it\/wp-json\/wp\/v2\/product\/92306","targetHints":{"allow":["GET"]}}],"collection":[{"href":"https:\/\/www.swissraft.ch\/it\/wp-json\/wp\/v2\/product"}],"about":[{"href":"https:\/\/www.swissraft.ch\/it\/wp-json\/wp\/v2\/types\/product"}],"replies":[{"embeddable":true,"href":"https:\/\/www.swissraft.ch\/it\/wp-json\/wp\/v2\/comments?post=92306"}],"version-history":[{"count":0,"href":"https:\/\/www.swissraft.ch\/it\/wp-json\/wp\/v2\/product\/92306\/revisions"}],"wp:featuredmedia":[{"embeddable":true,"href":"https:\/\/www.swissraft.ch\/it\/wp-json\/wp\/v2\/media\/88604"}],"wp:attachment":[{"href":"https:\/\/www.swissraft.ch\/it\/wp-json\/wp\/v2\/media?parent=92306"}],"wp:term":[{"taxonomy":"product_cat","embeddable":true,"href":"https:\/\/www.swissraft.ch\/it\/wp-json\/wp\/v2\/product_cat?post=92306"},{"taxonomy":"product_tag","embeddable":true,"href":"https:\/\/www.swissraft.ch\/it\/wp-json\/wp\/v2\/product_tag?post=92306"}],"curies":[{"name":"wp","href":"https:\/\/api.w.org\/{rel}","templated":true}]}}