{"id":92278,"date":"2023-11-08T04:57:20","date_gmt":"2023-11-08T03:57:20","guid":{"rendered":"https:\/\/swissraft.xyanzkdne.eu\/product\/volo-aereo-da-berne-belp-oberland-bernois-o-lucerne-et-emmental-50-min-chf-23000\/"},"modified":"2024-11-20T09:28:45","modified_gmt":"2024-11-20T08:28:45","slug":"volo-aereo-da-berne-belp-oberland-bernois-o-lucerne-et-emmental-50-min-chf-23000","status":"publish","type":"product","link":"https:\/\/www.swissraft.ch\/it\/prodotto\/volo-aereo-da-berne-belp-oberland-bernois-o-lucerne-et-emmental-50-min-chf-23000\/","title":{"rendered":"Volo aereo da BERNE-BELP &#8211; OBERLAND BERNOIS O LUCERNE ET EMMENTAL &#8211; 50 min. &#8211; CHF 230,00"},"content":{"rendered":"\t\t<div data-elementor-type=\"wp-post\" data-elementor-id=\"92278\" class=\"elementor elementor-92278 elementor-51160\">\n\t\t\t\t\t\t\t\t\t<section class=\"elementor-section elementor-top-section elementor-element elementor-element-3303a7e3 elementor-section-boxed elementor-section-height-default elementor-section-height-default\" data-id=\"3303a7e3\" data-element_type=\"section\">\n\t\t\t\t\t\t<div class=\"elementor-container elementor-column-gap-default\">\n\t\t\t\t\t<div class=\"elementor-column elementor-col-100 elementor-top-column elementor-element elementor-element-16d72dbf\" data-id=\"16d72dbf\" data-element_type=\"column\">\n\t\t\t<div class=\"elementor-widget-wrap elementor-element-populated\">\n\t\t\t\t\t\t\t\t<div class=\"elementor-element elementor-element-d743c03 elementor-widget elementor-widget-text-editor\" data-id=\"d743c03\" data-element_type=\"widget\" data-widget_type=\"text-editor.default\">\n\t\t\t\t<div class=\"elementor-widget-container\">\n\t\t\t\t\t\t\t<h2>SCEGLI LA TUA ATTIVIT\u00c0 QUI SOTTO PER OFFRIRE BUONI REGALO\/BIGLIETTI O EFFETTUARE UNA PRENOTAZIONE<\/h2>\n<table border=\"0\" width=\"580\" cellspacing=\"10\" cellpadding=\"10\">\n<tbody>\n<tr>\n<td width=\"50%\"><strong>OBERLAND BERNOIS O LUCERNE E EMMENTAL &#8211; 50 min.<\/strong><\/td>\n<td><strong>CHF 230,00 a persona<span class=\"productPrice\"><br \/><\/span><\/strong><\/td>\n<\/tr>\n<tr>\n<td>Informazioni aggiuntive<\/td>\n<td><span class=\"patt\"><br \/>&#8211; Sarai con altri passeggeri &#8211; Massimo 3 persone.<\/span><\/td>\n<\/tr>\n<tr>\n<td>Aeroporto<\/td>\n<td><a href=\"https:\/\/www.google.com\/maps\/place\/46%C2%B054'42.7%22N+7%C2%B030'12.1%22E\/@46.9123669,7.4941803,1542m\/data=!3m1!1e3!4m4!3m3!8m2!3d46.9118611!4d7.5033611?entry=ttu\" target=\"_blank\" rel=\"noopener\">Berna-Belp<\/a><\/td>\n<\/tr>\n<tr>\n<td>Tempo di volo<\/td>\n<td>50 min.<\/td>\n<\/tr>\n<tr>\n<td>Durata totale<\/td>\n<td>circa 1h15<\/td>\n<\/tr>\n<tr>\n<td>Appuntamento<\/td>\n<td>Per telefono<\/td>\n<\/tr>\n<tr>\n<td><button class=\"elementor-button\" type=\"button\"><a href=\"https:\/\/swissraft.outdoorbooking.ch\/fo\/products\/165?base_id=108&amp;category_id=22&amp;order_type=gift_voucher&amp;lang=it\" target=\"_blank\" rel=\"noopener\">BUONO REGALO<\/a><\/button><\/td>\n<td><strong>CHF 230,00 &#8211; Oberland Bernese (1 persona)<\/strong><\/td>\n<\/tr>\n<tr>\n<td><a href=\"https:\/\/swissraft.outdoorbooking.ch\/fo\/products\/418?base_id=108&amp;category_id=22&amp;order_type=gift_voucher&amp;lang=it\" target=\"_blank\" rel=\"noopener\"><button class=\"elementor-button\" type=\"button\">BUONO REGALO<\/button><\/a><\/td>\n<td><strong>CHF 230,00 &#8211; Lucerna ed Emmental (1 persona)<\/strong><\/td>\n<\/tr>\n<tr>\n<td> <\/td>\n<td>Per effettuare una prenotazione <span class=\"patt\" style=\"font-family: inherit; font-size: inherit;\"><span class=\"plbl\"><span class=\"patt\"><a href=\"https:\/\/www.swissraft.ch\/it\/contattaci\/\">contattaci<\/a><\/span><\/span><\/span><\/td>\n<\/tr>\n<\/tbody>\n<\/table>\n\t\t\t\t\t\t<\/div>\n\t\t\t\t<\/div>\n\t\t\t\t\t<\/div>\n\t\t<\/div>\n\t\t\t\t\t\t\t<\/div>\n\t\t<\/section>\n\t\t\t\t\t\t\t<\/div>\n\t\t","protected":false},"excerpt":{"rendered":"<div align=\"justify\">\n<h2 align=\"justify\">Da Berna-Belp, questo volo di 50 minuti ti porter\u00e0 a sorvolare le Alpi Bernesi o il Mittelland, compreso l&#8217;Emmental e la citt\u00e0 di Lucerna.<\/h2>\n<h3>Ad un&#8217;altitudine di 3.000 m o 1.500 m, a seconda del percorso, ti alzerai in volo per godere di viste panoramiche mozzafiato sull&#8217;Oberland Bernese e sull&#8217;Altopiano Svizzero.<\/h3>\n<\/div>\n<div align=\"justify\">\n<p>Decolla da Berna-Belp per un volo di 50 minuti a 3.000 metri di altezza a bordo di uno dei nostri aerei. Scegli il percorso: Lago di Thun &#8211; Lago di Brienz &#8211; Schlihorn &#8211; Kandersteg &#8211; Niesen. Dirigiti verso il Wetterhorn, l&#8217;Eiger-M\u00f6nch-Jungfrau, poi lo Schilthorn, la Bl\u00fcemlisalp, il Wildstrubel; sei nel centro dell&#8217;Oberland Bernese. Poi tornerai all&#8217;aeroporto di Berna-Belp.<br \/>\nDecidi per l&#8217;altro itinerario: Lucerna &#8211; Emmental: Lago di Thun &#8211; Brienz &#8211; Lucerna &#8211; Napf. In questo caso si vola a un&#8217;altitudine di 1500 m sul livello del mare. Volerai lungo il lago di Thun e il lago di Brienz. Poi attraverso il Passo Br\u00fcnig, verso Lungern e il Lago di Sarnen fino al Lago di Alpnach. Continua girando a sinistra a 90 gradi verso il Pilatus in direzione di Entlebuch. Poco dopo, termina il tuo volo con una sosta a Berna-Belp. Questo volo ti offre una splendida vista dell&#8217;Altopiano svizzero in generale, dell&#8217;Emmental e del Lago dei Quattro Cantoni.<\/p>\n<h3>Visita il nostro sito web per trovare il volo pi\u00f9 adatto a te. Siamo qui per consigliarti. <\/h3>\n<p id=\"textarea\" style=\"display: none;\">\nOffriamo anche voli turistici dall&#8217;aerodromo di Biel, nel cantone di Berna. Da un lato, offriamo voli dall&#8217;aeroporto di Buttwil ad Argovia. Ci sono anche voli dall&#8217;aeroporto di Grenchen, nel cantone di Soletta. Offriamo anche voli dall&#8217;aeroporto di \u00c9pagny en Gruy\u00e8re. Offriamo anche voli turistici da Sch\u00e4nis, nel cantone di St. Gall.\n<\/p>\n<p><a id=\"seeMore\" onclick=\"toggleSeeMore()\" href=\"javascript:void(0);\">Leggi tutto<\/a><\/p>\n","protected":false},"featured_media":88004,"comment_status":"open","ping_status":"closed","template":"","meta":{"inline_featured_image":false,"_mi_skip_tracking":false},"product_cat":[463,423],"product_tag":[],"class_list":["post-92278","product","type-product","status-publish","has-post-thumbnail","hentry","product_cat-aereo-berne-belp","product_cat-voli"],"yoast_head":"<!-- This site is optimized with the Yoast SEO plugin v23.6 - https:\/\/yoast.com\/wordpress\/plugins\/seo\/ -->\n<title>Oberland Bernese o Lucerna ed Emmental per un volo di 70 minuti.<\/title>\n<meta name=\"description\" content=\"Oberland Bernese o Lucerna ed Emmental per un volo di 70 minuti. Puoi scegliere tra due tour in volo di 70 minuti\" \/>\n<meta name=\"robots\" content=\"index, follow, max-snippet:-1, max-image-preview:large, max-video-preview:-1\" \/>\n<link rel=\"canonical\" href=\"https:\/\/www.swissraft.ch\/it\/prodotto\/volo-aereo-da-berne-belp-oberland-bernois-o-lucerne-et-emmental-50-min-chf-23000\/\" \/>\n<meta property=\"og:locale\" content=\"it_IT\" \/>\n<meta property=\"og:type\" content=\"article\" \/>\n<meta property=\"og:title\" content=\"Oberland Bernese o Lucerna ed Emmental per un volo di 70 minuti.\" \/>\n<meta property=\"og:description\" content=\"Oberland Bernese o Lucerna ed Emmental per un volo di 70 minuti. Puoi scegliere tra due tour in volo di 70 minuti\" \/>\n<meta property=\"og:url\" content=\"https:\/\/www.swissraft.ch\/it\/prodotto\/volo-aereo-da-berne-belp-oberland-bernois-o-lucerne-et-emmental-50-min-chf-23000\/\" \/>\n<meta property=\"og:site_name\" content=\"Swissraft\" \/>\n<meta property=\"article:modified_time\" content=\"2024-11-20T08:28:45+00:00\" \/>\n<meta property=\"og:image\" content=\"https:\/\/www.swissraft.ch\/wp-content\/uploads\/2023\/11\/3-Lucerne-Emmental-Rundflug-776x776-1.jpg\" \/>\n\t<meta property=\"og:image:width\" content=\"776\" \/>\n\t<meta property=\"og:image:height\" content=\"776\" \/>\n\t<meta property=\"og:image:type\" content=\"image\/jpeg\" \/>\n<meta name=\"twitter:card\" content=\"summary_large_image\" \/>\n<script type=\"application\/ld+json\" class=\"yoast-schema-graph\">{\"@context\":\"https:\/\/schema.org\",\"@graph\":[{\"@type\":\"WebPage\",\"@id\":\"https:\/\/www.swissraft.ch\/it\/prodotto\/volo-aereo-da-berne-belp-oberland-bernois-o-lucerne-et-emmental-50-min-chf-23000\/\",\"url\":\"https:\/\/www.swissraft.ch\/it\/prodotto\/volo-aereo-da-berne-belp-oberland-bernois-o-lucerne-et-emmental-50-min-chf-23000\/\",\"name\":\"Oberland Bernese o Lucerna ed Emmental per un volo di 70 minuti.\",\"isPartOf\":{\"@id\":\"https:\/\/www.swissraft.ch\/it\/#website\"},\"primaryImageOfPage\":{\"@id\":\"https:\/\/www.swissraft.ch\/it\/prodotto\/volo-aereo-da-berne-belp-oberland-bernois-o-lucerne-et-emmental-50-min-chf-23000\/#primaryimage\"},\"image\":{\"@id\":\"https:\/\/www.swissraft.ch\/it\/prodotto\/volo-aereo-da-berne-belp-oberland-bernois-o-lucerne-et-emmental-50-min-chf-23000\/#primaryimage\"},\"thumbnailUrl\":\"https:\/\/www.swissraft.ch\/wp-content\/uploads\/2023\/11\/3-Lucerne-Emmental-Rundflug-776x776-1.jpg\",\"datePublished\":\"2023-11-08T03:57:20+00:00\",\"dateModified\":\"2024-11-20T08:28:45+00:00\",\"description\":\"Oberland Bernese o Lucerna ed Emmental per un volo di 70 minuti. Puoi scegliere tra due tour in volo di 70 minuti\",\"breadcrumb\":{\"@id\":\"https:\/\/www.swissraft.ch\/it\/prodotto\/volo-aereo-da-berne-belp-oberland-bernois-o-lucerne-et-emmental-50-min-chf-23000\/#breadcrumb\"},\"inLanguage\":\"it-IT\",\"potentialAction\":[{\"@type\":\"ReadAction\",\"target\":[\"https:\/\/www.swissraft.ch\/it\/prodotto\/volo-aereo-da-berne-belp-oberland-bernois-o-lucerne-et-emmental-50-min-chf-23000\/\"]}]},{\"@type\":\"ImageObject\",\"inLanguage\":\"it-IT\",\"@id\":\"https:\/\/www.swissraft.ch\/it\/prodotto\/volo-aereo-da-berne-belp-oberland-bernois-o-lucerne-et-emmental-50-min-chf-23000\/#primaryimage\",\"url\":\"https:\/\/www.swissraft.ch\/wp-content\/uploads\/2023\/11\/3-Lucerne-Emmental-Rundflug-776x776-1.jpg\",\"contentUrl\":\"https:\/\/www.swissraft.ch\/wp-content\/uploads\/2023\/11\/3-Lucerne-Emmental-Rundflug-776x776-1.jpg\",\"width\":776,\"height\":776,\"caption\":\"Volo per Lucerna e l'Emmental da Berna-Belp\"},{\"@type\":\"BreadcrumbList\",\"@id\":\"https:\/\/www.swissraft.ch\/it\/prodotto\/volo-aereo-da-berne-belp-oberland-bernois-o-lucerne-et-emmental-50-min-chf-23000\/#breadcrumb\",\"itemListElement\":[{\"@type\":\"ListItem\",\"position\":1,\"name\":\"Accueil\",\"item\":\"https:\/\/www.swissraft.ch\/it\/\"},{\"@type\":\"ListItem\",\"position\":2,\"name\":\"Negozio\",\"item\":\"https:\/\/www.swissraft.ch\/it\/negozio\/\"},{\"@type\":\"ListItem\",\"position\":3,\"name\":\"Volo aereo da BERNE-BELP &#8211; OBERLAND BERNOIS O LUCERNE ET EMMENTAL &#8211; 50 min. &#8211; CHF 230,00\"}]},{\"@type\":\"WebSite\",\"@id\":\"https:\/\/www.swissraft.ch\/it\/#website\",\"url\":\"https:\/\/www.swissraft.ch\/it\/\",\"name\":\"Swissraft\",\"description\":\"To enjoy nature as it is\",\"publisher\":{\"@id\":\"https:\/\/www.swissraft.ch\/it\/#organization\"},\"potentialAction\":[{\"@type\":\"SearchAction\",\"target\":{\"@type\":\"EntryPoint\",\"urlTemplate\":\"https:\/\/www.swissraft.ch\/it\/?s={search_term_string}\"},\"query-input\":{\"@type\":\"PropertyValueSpecification\",\"valueRequired\":true,\"valueName\":\"search_term_string\"}}],\"inLanguage\":\"it-IT\"},{\"@type\":\"Organization\",\"@id\":\"https:\/\/www.swissraft.ch\/it\/#organization\",\"name\":\"Swissraft\",\"url\":\"https:\/\/www.swissraft.ch\/it\/\",\"logo\":{\"@type\":\"ImageObject\",\"inLanguage\":\"it-IT\",\"@id\":\"https:\/\/www.swissraft.ch\/it\/#\/schema\/logo\/image\/\",\"url\":\"https:\/\/www.swissraft.ch\/wp-content\/uploads\/2025\/09\/Capture.jpg\",\"contentUrl\":\"https:\/\/www.swissraft.ch\/wp-content\/uploads\/2025\/09\/Capture.jpg\",\"width\":293,\"height\":108,\"caption\":\"Swissraft\"},\"image\":{\"@id\":\"https:\/\/www.swissraft.ch\/it\/#\/schema\/logo\/image\/\"}}]}<\/script>\n<!-- \/ Yoast SEO plugin. -->","yoast_head_json":{"title":"Oberland Bernese o Lucerna ed Emmental per un volo di 70 minuti.","description":"Oberland Bernese o Lucerna ed Emmental per un volo di 70 minuti. Puoi scegliere tra due tour in volo di 70 minuti","robots":{"index":"index","follow":"follow","max-snippet":"max-snippet:-1","max-image-preview":"max-image-preview:large","max-video-preview":"max-video-preview:-1"},"canonical":"https:\/\/www.swissraft.ch\/it\/prodotto\/volo-aereo-da-berne-belp-oberland-bernois-o-lucerne-et-emmental-50-min-chf-23000\/","og_locale":"it_IT","og_type":"article","og_title":"Oberland Bernese o Lucerna ed Emmental per un volo di 70 minuti.","og_description":"Oberland Bernese o Lucerna ed Emmental per un volo di 70 minuti. Puoi scegliere tra due tour in volo di 70 minuti","og_url":"https:\/\/www.swissraft.ch\/it\/prodotto\/volo-aereo-da-berne-belp-oberland-bernois-o-lucerne-et-emmental-50-min-chf-23000\/","og_site_name":"Swissraft","article_modified_time":"2024-11-20T08:28:45+00:00","og_image":[{"width":776,"height":776,"url":"https:\/\/www.swissraft.ch\/wp-content\/uploads\/2023\/11\/3-Lucerne-Emmental-Rundflug-776x776-1.jpg","type":"image\/jpeg"}],"twitter_card":"summary_large_image","schema":{"@context":"https:\/\/schema.org","@graph":[{"@type":"WebPage","@id":"https:\/\/www.swissraft.ch\/it\/prodotto\/volo-aereo-da-berne-belp-oberland-bernois-o-lucerne-et-emmental-50-min-chf-23000\/","url":"https:\/\/www.swissraft.ch\/it\/prodotto\/volo-aereo-da-berne-belp-oberland-bernois-o-lucerne-et-emmental-50-min-chf-23000\/","name":"Oberland Bernese o Lucerna ed Emmental per un volo di 70 minuti.","isPartOf":{"@id":"https:\/\/www.swissraft.ch\/it\/#website"},"primaryImageOfPage":{"@id":"https:\/\/www.swissraft.ch\/it\/prodotto\/volo-aereo-da-berne-belp-oberland-bernois-o-lucerne-et-emmental-50-min-chf-23000\/#primaryimage"},"image":{"@id":"https:\/\/www.swissraft.ch\/it\/prodotto\/volo-aereo-da-berne-belp-oberland-bernois-o-lucerne-et-emmental-50-min-chf-23000\/#primaryimage"},"thumbnailUrl":"https:\/\/www.swissraft.ch\/wp-content\/uploads\/2023\/11\/3-Lucerne-Emmental-Rundflug-776x776-1.jpg","datePublished":"2023-11-08T03:57:20+00:00","dateModified":"2024-11-20T08:28:45+00:00","description":"Oberland Bernese o Lucerna ed Emmental per un volo di 70 minuti. Puoi scegliere tra due tour in volo di 70 minuti","breadcrumb":{"@id":"https:\/\/www.swissraft.ch\/it\/prodotto\/volo-aereo-da-berne-belp-oberland-bernois-o-lucerne-et-emmental-50-min-chf-23000\/#breadcrumb"},"inLanguage":"it-IT","potentialAction":[{"@type":"ReadAction","target":["https:\/\/www.swissraft.ch\/it\/prodotto\/volo-aereo-da-berne-belp-oberland-bernois-o-lucerne-et-emmental-50-min-chf-23000\/"]}]},{"@type":"ImageObject","inLanguage":"it-IT","@id":"https:\/\/www.swissraft.ch\/it\/prodotto\/volo-aereo-da-berne-belp-oberland-bernois-o-lucerne-et-emmental-50-min-chf-23000\/#primaryimage","url":"https:\/\/www.swissraft.ch\/wp-content\/uploads\/2023\/11\/3-Lucerne-Emmental-Rundflug-776x776-1.jpg","contentUrl":"https:\/\/www.swissraft.ch\/wp-content\/uploads\/2023\/11\/3-Lucerne-Emmental-Rundflug-776x776-1.jpg","width":776,"height":776,"caption":"Volo per Lucerna e l'Emmental da Berna-Belp"},{"@type":"BreadcrumbList","@id":"https:\/\/www.swissraft.ch\/it\/prodotto\/volo-aereo-da-berne-belp-oberland-bernois-o-lucerne-et-emmental-50-min-chf-23000\/#breadcrumb","itemListElement":[{"@type":"ListItem","position":1,"name":"Accueil","item":"https:\/\/www.swissraft.ch\/it\/"},{"@type":"ListItem","position":2,"name":"Negozio","item":"https:\/\/www.swissraft.ch\/it\/negozio\/"},{"@type":"ListItem","position":3,"name":"Volo aereo da BERNE-BELP &#8211; OBERLAND BERNOIS O LUCERNE ET EMMENTAL &#8211; 50 min. &#8211; CHF 230,00"}]},{"@type":"WebSite","@id":"https:\/\/www.swissraft.ch\/it\/#website","url":"https:\/\/www.swissraft.ch\/it\/","name":"Swissraft","description":"To enjoy nature as it is","publisher":{"@id":"https:\/\/www.swissraft.ch\/it\/#organization"},"potentialAction":[{"@type":"SearchAction","target":{"@type":"EntryPoint","urlTemplate":"https:\/\/www.swissraft.ch\/it\/?s={search_term_string}"},"query-input":{"@type":"PropertyValueSpecification","valueRequired":true,"valueName":"search_term_string"}}],"inLanguage":"it-IT"},{"@type":"Organization","@id":"https:\/\/www.swissraft.ch\/it\/#organization","name":"Swissraft","url":"https:\/\/www.swissraft.ch\/it\/","logo":{"@type":"ImageObject","inLanguage":"it-IT","@id":"https:\/\/www.swissraft.ch\/it\/#\/schema\/logo\/image\/","url":"https:\/\/www.swissraft.ch\/wp-content\/uploads\/2025\/09\/Capture.jpg","contentUrl":"https:\/\/www.swissraft.ch\/wp-content\/uploads\/2025\/09\/Capture.jpg","width":293,"height":108,"caption":"Swissraft"},"image":{"@id":"https:\/\/www.swissraft.ch\/it\/#\/schema\/logo\/image\/"}}]}},"_links":{"self":[{"href":"https:\/\/www.swissraft.ch\/it\/wp-json\/wp\/v2\/product\/92278","targetHints":{"allow":["GET"]}}],"collection":[{"href":"https:\/\/www.swissraft.ch\/it\/wp-json\/wp\/v2\/product"}],"about":[{"href":"https:\/\/www.swissraft.ch\/it\/wp-json\/wp\/v2\/types\/product"}],"replies":[{"embeddable":true,"href":"https:\/\/www.swissraft.ch\/it\/wp-json\/wp\/v2\/comments?post=92278"}],"version-history":[{"count":0,"href":"https:\/\/www.swissraft.ch\/it\/wp-json\/wp\/v2\/product\/92278\/revisions"}],"wp:featuredmedia":[{"embeddable":true,"href":"https:\/\/www.swissraft.ch\/it\/wp-json\/wp\/v2\/media\/88004"}],"wp:attachment":[{"href":"https:\/\/www.swissraft.ch\/it\/wp-json\/wp\/v2\/media?parent=92278"}],"wp:term":[{"taxonomy":"product_cat","embeddable":true,"href":"https:\/\/www.swissraft.ch\/it\/wp-json\/wp\/v2\/product_cat?post=92278"},{"taxonomy":"product_tag","embeddable":true,"href":"https:\/\/www.swissraft.ch\/it\/wp-json\/wp\/v2\/product_tag?post=92278"}],"curies":[{"name":"wp","href":"https:\/\/api.w.org\/{rel}","templated":true}]}}