{"id":92398,"date":"2023-10-15T01:10:37","date_gmt":"2023-10-14T23:10:37","guid":{"rendered":"https:\/\/swissraft.xyanzkdne.eu\/product\/helicopter-flight-from-balzers-alpstein-santis-churfirsten-25-min-chf-1150-00\/"},"modified":"2024-11-19T21:45:08","modified_gmt":"2024-11-19T20:45:08","slug":"helicopter-flight-from-balzers-alpstein-santis-churfirsten-25-min-chf-1150-00","status":"publish","type":"product","link":"https:\/\/www.swissraft.ch\/en\/product\/helicopter-flight-from-balzers-alpstein-santis-churfirsten-25-min-chf-1150-00\/","title":{"rendered":"Helicopter flight from BALZERS &#8211; ALPSTEIN-S\u00c4NTIS-CHURFIRSTEN &#8211; 25 min. &#8211; CHF 1&#8217;150.00"},"content":{"rendered":"\t\t<div data-elementor-type=\"wp-post\" data-elementor-id=\"92398\" class=\"elementor elementor-92398 elementor-46266\">\n\t\t\t\t\t\t\t\t\t<section class=\"elementor-section elementor-top-section elementor-element elementor-element-3303a7e3 elementor-section-boxed elementor-section-height-default elementor-section-height-default\" data-id=\"3303a7e3\" data-element_type=\"section\">\n\t\t\t\t\t\t<div class=\"elementor-container elementor-column-gap-default\">\n\t\t\t\t\t<div class=\"elementor-column elementor-col-100 elementor-top-column elementor-element elementor-element-16d72dbf\" data-id=\"16d72dbf\" data-element_type=\"column\">\n\t\t\t<div class=\"elementor-widget-wrap elementor-element-populated\">\n\t\t\t\t\t\t\t\t<div class=\"elementor-element elementor-element-d743c03 elementor-widget elementor-widget-text-editor\" data-id=\"d743c03\" data-element_type=\"widget\" data-widget_type=\"text-editor.default\">\n\t\t\t\t<div class=\"elementor-widget-container\">\n\t\t\t\t\t\t\t<h2>CHOOSE YOUR ACTIVITY BELOW TO OFFER GIFT VOUCHERS \/ TICKETS OR MAKE A RESERVATION<\/h2>\n<table border=\"0\" width=\"580\" cellspacing=\"10\" cellpadding=\"10\">\n<tbody>\n<tr>\n<td width=\"50%\">\n<h3><strong>ALPSTEIN-S\u00c4NTIS-CHURFIRSTEN &#8211; <\/strong><strong style=\"font-family: inherit; font-size: inherit;\">PRIVATE FLIGHT &#8211; (1-5 pers.) &#8211; 25 min.<\/strong><\/h3>\n<\/td>\n<td><strong>CHF 1&#8217;150.00 per private flight<span class=\"productPrice\"><br \/><\/span><\/strong><\/td>\n<\/tr>\n<tr>\n<td>Additional information<\/td>\n<td>&#8211; The helicopter is at your disposal exclusively for<br \/>&#8211; You determine the date and time of departure<br \/>&#8211; Maximum 5 people.<\/td>\n<\/tr>\n<tr>\n<td>Heliport<\/td>\n<td><a href=\"https:\/\/www.google.com\/maps\/place\/47%C2%B004'05.0%22N+9%C2%B028'55.2%22E\/@47.0680806,9.480855,192m\/data=!3m1!1e3!4m13!1m8!3m7!1s0x479b33499588e047:0xe58ca1e7c040f200!2s9496+M%C3%A4ls,+Liechtenstein!3b1!8m2!3d47.0608202!4d9.4906745!16s%2Fm%2F03wd5pd!3m3!8m2!3d47.068055!4d9.482003?entry=ttu\" target=\"_blank\" rel=\"noopener\">Balzers<\/a><\/td>\n<\/tr>\n<tr>\n<td>Flying time<\/td>\n<td>25 min.<\/td>\n<\/tr>\n<tr>\n<td>Total duration<\/td>\n<td>approx. 1 h<\/td>\n<\/tr>\n<tr>\n<td>Rendez-vous<\/td>\n<td>Par t\u00e9l\u00e9phone<\/td>\n<\/tr>\n<tr>\n<td><button class=\"elementor-button\" type=\"button\"><a href=\"https:\/\/swissraft.outdoorbooking.ch\/fo\/products\/1663?base_id=164&amp;category_id=6&amp;order_type=gift_voucher&amp;lang=en\" target=\"_blank\" rel=\"noopener\">GIFT VOUCHER<\/a><\/button><\/td>\n<td>To make a reservation <span class=\"patt\" style=\"font-family: inherit; font-size: inherit;\"><span class=\"plbl\"><span class=\"patt\"><a href=\"https:\/\/www.swissraft.ch\/en\/contact\/\">contact us<\/a><\/span><\/span><\/span><\/td>\n<\/tr>\n<\/tbody>\n<\/table>\n\t\t\t\t\t\t<\/div>\n\t\t\t\t<\/div>\n\t\t\t\t\t<\/div>\n\t\t<\/div>\n\t\t\t\t\t\t\t<\/div>\n\t\t<\/section>\n\t\t\t\t<section class=\"elementor-section elementor-top-section elementor-element elementor-element-a19f32d elementor-section-boxed elementor-section-height-default elementor-section-height-default\" data-id=\"a19f32d\" data-element_type=\"section\">\n\t\t\t\t\t\t<div class=\"elementor-container elementor-column-gap-default\">\n\t\t\t\t\t<div class=\"elementor-column elementor-col-100 elementor-top-column elementor-element elementor-element-abbffbc\" data-id=\"abbffbc\" data-element_type=\"column\">\n\t\t\t<div class=\"elementor-widget-wrap elementor-element-populated\">\n\t\t\t\t\t\t\t\t<div class=\"elementor-element elementor-element-00fe06b elementor-widget elementor-widget-text-editor\" data-id=\"00fe06b\" data-element_type=\"widget\" data-widget_type=\"text-editor.default\">\n\t\t\t\t<div class=\"elementor-widget-container\">\n\t\t\t\t\t\t\t<h2>CHOOSE YOUR ACTIVITY BELOW TO OFFER GIFT VOUCHERS \/ TICKETS OR MAKE A RESERVATION<\/h2>\n\t\t\t\t\t\t<\/div>\n\t\t\t\t<\/div>\n\t\t\t\t\t<\/div>\n\t\t<\/div>\n\t\t\t\t\t\t\t<\/div>\n\t\t<\/section>\n\t\t\t\t\t\t\t<\/div>\n\t\t","protected":false},"excerpt":{"rendered":"<div align=\"justify\">\n<h2 align=\"justify\">A 25-minute helicopter flight over the Appenzell Alps<\/h2>\n<h3>You fly over lakes and landscapes typical of Appenzell<\/h3>\n<\/div>\n<div align=\"justify\">\n<p>Take to the skies with our experienced pilot to discover lakes and forest landscapes. Overview of the mountain huts in the middle of the Appenzell Alps. A helicopter flight you&#8217;ll love&#8230; Departing from Balzers, you&#8217;ll head for: Saxer L\u00fccke, Lake F\u00e4len, Alp Sigel, Hoher Kasten, Appenzell. Then there&#8217;s Lake Seealp, Meglisalp, S\u00e4ntis, Wildhaus, Ch\u00e4serrugg, Gamser Rugg before a rest in Balzers.<\/p>\n<h3>Don&#8217;t hesitate to call us if you have any questions or need advice. We&#8217;ll be happy to answer all your questions. <\/h3>\n<p id=\"textarea\" style=\"display: none;\">\nWe have flights departing from St. Moritz heliport. St. Moritz in winter and Samedan airfield all year round. We also operate flights from the heliports of Tavanasa, Flims and Untervaz. But also in Thurgau, departing from Sitterdorf airfield. We take off from Zurich-Kloten and Bern-Belp international airports. On the one hand, we take off from Gstaad-Grund heliport and Saanen airfield in Gstaad-Saanenland. And from the heliports at Lenk-Simmental, Schattenhalb-Meiringen, Interlaken-Gsteigwiler and Lauterbrunnen. We also operate flights from Pfaffnau in the canton of Lucerne and from Erstfeld in the canton of Uri. We also offer flights from Buttwil in Canton Aargau. But also flights from K\u00fcssnacht in Canton Schwyz and Grenchen in Canton Solothurn. We also offer tours from \u00c9pagny en Gruy\u00e8re. As well as in Valais, from the Gampel and Collombey heliports and the Sion airport. We also take off from Locarno and Lodrino airfields in the canton of Ticino.\n<\/p>\n<p><a id=\"seeMore\" onclick=\"toggleSeeMore()\" href=\"javascript:void(0);\">Read more<\/a><\/p>\n","protected":false},"featured_media":86631,"comment_status":"open","ping_status":"closed","template":"","meta":{"inline_featured_image":false,"_mi_skip_tracking":false},"product_cat":[394,411],"product_tag":[],"class_list":["post-92398","product","type-product","status-publish","has-post-thumbnail","hentry","product_cat-helicopter-flight","product_cat-helicopter-balzers"],"yoast_head":"<!-- This site is optimized with the Yoast SEO plugin v23.6 - https:\/\/yoast.com\/wordpress\/plugins\/seo\/ -->\n<title>Alpstein-S\u00e4ntis-Churfirsten helicopter flight from Balzers<\/title>\n<meta name=\"description\" content=\"Alpstein-S\u00e4ntis-Churfirsten by helicopter from Balzers for a 25-minute flight over the mountain huts in the middle of the Appenzell Alps.\" \/>\n<meta name=\"robots\" content=\"index, follow, max-snippet:-1, max-image-preview:large, max-video-preview:-1\" \/>\n<link rel=\"canonical\" href=\"https:\/\/www.swissraft.ch\/en\/product\/helicopter-flight-from-balzers-alpstein-santis-churfirsten-25-min-chf-1150-00\/\" \/>\n<meta property=\"og:locale\" content=\"en_US\" \/>\n<meta property=\"og:type\" content=\"article\" \/>\n<meta property=\"og:title\" content=\"Alpstein-S\u00e4ntis-Churfirsten helicopter flight from Balzers\" \/>\n<meta property=\"og:description\" content=\"Alpstein-S\u00e4ntis-Churfirsten by helicopter from Balzers for a 25-minute flight over the mountain huts in the middle of the Appenzell Alps.\" \/>\n<meta property=\"og:url\" content=\"https:\/\/www.swissraft.ch\/en\/product\/helicopter-flight-from-balzers-alpstein-santis-churfirsten-25-min-chf-1150-00\/\" \/>\n<meta property=\"og:site_name\" content=\"Swissraft\" \/>\n<meta property=\"article:modified_time\" content=\"2024-11-19T20:45:08+00:00\" \/>\n<meta property=\"og:image\" content=\"https:\/\/www.swissraft.ch\/wp-content\/uploads\/2022\/12\/03-SARGANS-BALZERS-Alpstein-Santis-Churfirsten-776x776-2.jpg\" \/>\n\t<meta property=\"og:image:width\" content=\"776\" \/>\n\t<meta property=\"og:image:height\" content=\"776\" \/>\n\t<meta property=\"og:image:type\" content=\"image\/jpeg\" \/>\n<meta name=\"twitter:card\" content=\"summary_large_image\" \/>\n<script type=\"application\/ld+json\" class=\"yoast-schema-graph\">{\"@context\":\"https:\/\/schema.org\",\"@graph\":[{\"@type\":\"WebPage\",\"@id\":\"https:\/\/www.swissraft.ch\/en\/product\/helicopter-flight-from-balzers-alpstein-santis-churfirsten-25-min-chf-1150-00\/\",\"url\":\"https:\/\/www.swissraft.ch\/en\/product\/helicopter-flight-from-balzers-alpstein-santis-churfirsten-25-min-chf-1150-00\/\",\"name\":\"Alpstein-S\u00e4ntis-Churfirsten helicopter flight from Balzers\",\"isPartOf\":{\"@id\":\"https:\/\/www.swissraft.ch\/en\/#website\"},\"primaryImageOfPage\":{\"@id\":\"https:\/\/www.swissraft.ch\/en\/product\/helicopter-flight-from-balzers-alpstein-santis-churfirsten-25-min-chf-1150-00\/#primaryimage\"},\"image\":{\"@id\":\"https:\/\/www.swissraft.ch\/en\/product\/helicopter-flight-from-balzers-alpstein-santis-churfirsten-25-min-chf-1150-00\/#primaryimage\"},\"thumbnailUrl\":\"https:\/\/www.swissraft.ch\/wp-content\/uploads\/2022\/12\/03-SARGANS-BALZERS-Alpstein-Santis-Churfirsten-776x776-2.jpg\",\"datePublished\":\"2023-10-14T23:10:37+00:00\",\"dateModified\":\"2024-11-19T20:45:08+00:00\",\"description\":\"Alpstein-S\u00e4ntis-Churfirsten by helicopter from Balzers for a 25-minute flight over the mountain huts in the middle of the Appenzell Alps.\",\"breadcrumb\":{\"@id\":\"https:\/\/www.swissraft.ch\/en\/product\/helicopter-flight-from-balzers-alpstein-santis-churfirsten-25-min-chf-1150-00\/#breadcrumb\"},\"inLanguage\":\"en-US\",\"potentialAction\":[{\"@type\":\"ReadAction\",\"target\":[\"https:\/\/www.swissraft.ch\/en\/product\/helicopter-flight-from-balzers-alpstein-santis-churfirsten-25-min-chf-1150-00\/\"]}]},{\"@type\":\"ImageObject\",\"inLanguage\":\"en-US\",\"@id\":\"https:\/\/www.swissraft.ch\/en\/product\/helicopter-flight-from-balzers-alpstein-santis-churfirsten-25-min-chf-1150-00\/#primaryimage\",\"url\":\"https:\/\/www.swissraft.ch\/wp-content\/uploads\/2022\/12\/03-SARGANS-BALZERS-Alpstein-Santis-Churfirsten-776x776-2.jpg\",\"contentUrl\":\"https:\/\/www.swissraft.ch\/wp-content\/uploads\/2022\/12\/03-SARGANS-BALZERS-Alpstein-Santis-Churfirsten-776x776-2.jpg\",\"width\":776,\"height\":776,\"caption\":\"Alpstein-S\u00e4ntis-Churfirsten helicopter flight from Balzers\"},{\"@type\":\"BreadcrumbList\",\"@id\":\"https:\/\/www.swissraft.ch\/en\/product\/helicopter-flight-from-balzers-alpstein-santis-churfirsten-25-min-chf-1150-00\/#breadcrumb\",\"itemListElement\":[{\"@type\":\"ListItem\",\"position\":1,\"name\":\"Accueil\",\"item\":\"https:\/\/www.swissraft.ch\/en\/\"},{\"@type\":\"ListItem\",\"position\":2,\"name\":\"Store\",\"item\":\"https:\/\/www.swissraft.ch\/en\/store\/\"},{\"@type\":\"ListItem\",\"position\":3,\"name\":\"Helicopter flight from BALZERS &#8211; ALPSTEIN-S\u00c4NTIS-CHURFIRSTEN &#8211; 25 min. &#8211; CHF 1&#8217;150.00\"}]},{\"@type\":\"WebSite\",\"@id\":\"https:\/\/www.swissraft.ch\/en\/#website\",\"url\":\"https:\/\/www.swissraft.ch\/en\/\",\"name\":\"Swissraft\",\"description\":\"To enjoy nature as it is\",\"publisher\":{\"@id\":\"https:\/\/www.swissraft.ch\/en\/#organization\"},\"potentialAction\":[{\"@type\":\"SearchAction\",\"target\":{\"@type\":\"EntryPoint\",\"urlTemplate\":\"https:\/\/www.swissraft.ch\/en\/?s={search_term_string}\"},\"query-input\":{\"@type\":\"PropertyValueSpecification\",\"valueRequired\":true,\"valueName\":\"search_term_string\"}}],\"inLanguage\":\"en-US\"},{\"@type\":\"Organization\",\"@id\":\"https:\/\/www.swissraft.ch\/en\/#organization\",\"name\":\"Swissraft\",\"url\":\"https:\/\/www.swissraft.ch\/en\/\",\"logo\":{\"@type\":\"ImageObject\",\"inLanguage\":\"en-US\",\"@id\":\"https:\/\/www.swissraft.ch\/en\/#\/schema\/logo\/image\/\",\"url\":\"https:\/\/www.swissraft.ch\/wp-content\/uploads\/2025\/09\/Capture.jpg\",\"contentUrl\":\"https:\/\/www.swissraft.ch\/wp-content\/uploads\/2025\/09\/Capture.jpg\",\"width\":293,\"height\":108,\"caption\":\"Swissraft\"},\"image\":{\"@id\":\"https:\/\/www.swissraft.ch\/en\/#\/schema\/logo\/image\/\"}}]}<\/script>\n<!-- \/ Yoast SEO plugin. -->","yoast_head_json":{"title":"Alpstein-S\u00e4ntis-Churfirsten helicopter flight from Balzers","description":"Alpstein-S\u00e4ntis-Churfirsten by helicopter from Balzers for a 25-minute flight over the mountain huts in the middle of the Appenzell Alps.","robots":{"index":"index","follow":"follow","max-snippet":"max-snippet:-1","max-image-preview":"max-image-preview:large","max-video-preview":"max-video-preview:-1"},"canonical":"https:\/\/www.swissraft.ch\/en\/product\/helicopter-flight-from-balzers-alpstein-santis-churfirsten-25-min-chf-1150-00\/","og_locale":"en_US","og_type":"article","og_title":"Alpstein-S\u00e4ntis-Churfirsten helicopter flight from Balzers","og_description":"Alpstein-S\u00e4ntis-Churfirsten by helicopter from Balzers for a 25-minute flight over the mountain huts in the middle of the Appenzell Alps.","og_url":"https:\/\/www.swissraft.ch\/en\/product\/helicopter-flight-from-balzers-alpstein-santis-churfirsten-25-min-chf-1150-00\/","og_site_name":"Swissraft","article_modified_time":"2024-11-19T20:45:08+00:00","og_image":[{"width":776,"height":776,"url":"https:\/\/www.swissraft.ch\/wp-content\/uploads\/2022\/12\/03-SARGANS-BALZERS-Alpstein-Santis-Churfirsten-776x776-2.jpg","type":"image\/jpeg"}],"twitter_card":"summary_large_image","schema":{"@context":"https:\/\/schema.org","@graph":[{"@type":"WebPage","@id":"https:\/\/www.swissraft.ch\/en\/product\/helicopter-flight-from-balzers-alpstein-santis-churfirsten-25-min-chf-1150-00\/","url":"https:\/\/www.swissraft.ch\/en\/product\/helicopter-flight-from-balzers-alpstein-santis-churfirsten-25-min-chf-1150-00\/","name":"Alpstein-S\u00e4ntis-Churfirsten helicopter flight from Balzers","isPartOf":{"@id":"https:\/\/www.swissraft.ch\/en\/#website"},"primaryImageOfPage":{"@id":"https:\/\/www.swissraft.ch\/en\/product\/helicopter-flight-from-balzers-alpstein-santis-churfirsten-25-min-chf-1150-00\/#primaryimage"},"image":{"@id":"https:\/\/www.swissraft.ch\/en\/product\/helicopter-flight-from-balzers-alpstein-santis-churfirsten-25-min-chf-1150-00\/#primaryimage"},"thumbnailUrl":"https:\/\/www.swissraft.ch\/wp-content\/uploads\/2022\/12\/03-SARGANS-BALZERS-Alpstein-Santis-Churfirsten-776x776-2.jpg","datePublished":"2023-10-14T23:10:37+00:00","dateModified":"2024-11-19T20:45:08+00:00","description":"Alpstein-S\u00e4ntis-Churfirsten by helicopter from Balzers for a 25-minute flight over the mountain huts in the middle of the Appenzell Alps.","breadcrumb":{"@id":"https:\/\/www.swissraft.ch\/en\/product\/helicopter-flight-from-balzers-alpstein-santis-churfirsten-25-min-chf-1150-00\/#breadcrumb"},"inLanguage":"en-US","potentialAction":[{"@type":"ReadAction","target":["https:\/\/www.swissraft.ch\/en\/product\/helicopter-flight-from-balzers-alpstein-santis-churfirsten-25-min-chf-1150-00\/"]}]},{"@type":"ImageObject","inLanguage":"en-US","@id":"https:\/\/www.swissraft.ch\/en\/product\/helicopter-flight-from-balzers-alpstein-santis-churfirsten-25-min-chf-1150-00\/#primaryimage","url":"https:\/\/www.swissraft.ch\/wp-content\/uploads\/2022\/12\/03-SARGANS-BALZERS-Alpstein-Santis-Churfirsten-776x776-2.jpg","contentUrl":"https:\/\/www.swissraft.ch\/wp-content\/uploads\/2022\/12\/03-SARGANS-BALZERS-Alpstein-Santis-Churfirsten-776x776-2.jpg","width":776,"height":776,"caption":"Alpstein-S\u00e4ntis-Churfirsten helicopter flight from Balzers"},{"@type":"BreadcrumbList","@id":"https:\/\/www.swissraft.ch\/en\/product\/helicopter-flight-from-balzers-alpstein-santis-churfirsten-25-min-chf-1150-00\/#breadcrumb","itemListElement":[{"@type":"ListItem","position":1,"name":"Accueil","item":"https:\/\/www.swissraft.ch\/en\/"},{"@type":"ListItem","position":2,"name":"Store","item":"https:\/\/www.swissraft.ch\/en\/store\/"},{"@type":"ListItem","position":3,"name":"Helicopter flight from BALZERS &#8211; ALPSTEIN-S\u00c4NTIS-CHURFIRSTEN &#8211; 25 min. &#8211; CHF 1&#8217;150.00"}]},{"@type":"WebSite","@id":"https:\/\/www.swissraft.ch\/en\/#website","url":"https:\/\/www.swissraft.ch\/en\/","name":"Swissraft","description":"To enjoy nature as it is","publisher":{"@id":"https:\/\/www.swissraft.ch\/en\/#organization"},"potentialAction":[{"@type":"SearchAction","target":{"@type":"EntryPoint","urlTemplate":"https:\/\/www.swissraft.ch\/en\/?s={search_term_string}"},"query-input":{"@type":"PropertyValueSpecification","valueRequired":true,"valueName":"search_term_string"}}],"inLanguage":"en-US"},{"@type":"Organization","@id":"https:\/\/www.swissraft.ch\/en\/#organization","name":"Swissraft","url":"https:\/\/www.swissraft.ch\/en\/","logo":{"@type":"ImageObject","inLanguage":"en-US","@id":"https:\/\/www.swissraft.ch\/en\/#\/schema\/logo\/image\/","url":"https:\/\/www.swissraft.ch\/wp-content\/uploads\/2025\/09\/Capture.jpg","contentUrl":"https:\/\/www.swissraft.ch\/wp-content\/uploads\/2025\/09\/Capture.jpg","width":293,"height":108,"caption":"Swissraft"},"image":{"@id":"https:\/\/www.swissraft.ch\/en\/#\/schema\/logo\/image\/"}}]}},"_links":{"self":[{"href":"https:\/\/www.swissraft.ch\/en\/wp-json\/wp\/v2\/product\/92398","targetHints":{"allow":["GET"]}}],"collection":[{"href":"https:\/\/www.swissraft.ch\/en\/wp-json\/wp\/v2\/product"}],"about":[{"href":"https:\/\/www.swissraft.ch\/en\/wp-json\/wp\/v2\/types\/product"}],"replies":[{"embeddable":true,"href":"https:\/\/www.swissraft.ch\/en\/wp-json\/wp\/v2\/comments?post=92398"}],"version-history":[{"count":0,"href":"https:\/\/www.swissraft.ch\/en\/wp-json\/wp\/v2\/product\/92398\/revisions"}],"wp:featuredmedia":[{"embeddable":true,"href":"https:\/\/www.swissraft.ch\/en\/wp-json\/wp\/v2\/media\/86631"}],"wp:attachment":[{"href":"https:\/\/www.swissraft.ch\/en\/wp-json\/wp\/v2\/media?parent=92398"}],"wp:term":[{"taxonomy":"product_cat","embeddable":true,"href":"https:\/\/www.swissraft.ch\/en\/wp-json\/wp\/v2\/product_cat?post=92398"},{"taxonomy":"product_tag","embeddable":true,"href":"https:\/\/www.swissraft.ch\/en\/wp-json\/wp\/v2\/product_tag?post=92398"}],"curies":[{"name":"wp","href":"https:\/\/api.w.org\/{rel}","templated":true}]}}