{"id":91632,"date":"2023-02-15T17:58:30","date_gmt":"2023-02-15T16:58:30","guid":{"rendered":"https:\/\/swissraft.xyanzkdne.eu\/product\/gleitschirm-tandemflug-in-verbier-valais-ab-190-00\/"},"modified":"2026-04-05T20:11:22","modified_gmt":"2026-04-05T18:11:22","slug":"gleitschirmpassagierflug-verbier-wallis","status":"publish","type":"product","link":"https:\/\/www.swissraft.ch\/de\/produkt\/gleitschirmpassagierflug-verbier-wallis\/","title":{"rendered":"Gleitschirmpassagierflug in Verbier &#8211; Wallis &#8211; ab 190.00"},"content":{"rendered":"\t\t<div data-elementor-type=\"wp-post\" data-elementor-id=\"91632\" class=\"elementor elementor-91632 elementor-30857\">\n\t\t\t\t\t\t\t\t\t<section class=\"elementor-section elementor-top-section elementor-element elementor-element-3303a7e3 elementor-section-boxed elementor-section-height-default elementor-section-height-default\" data-id=\"3303a7e3\" data-element_type=\"section\">\n\t\t\t\t\t\t<div class=\"elementor-container elementor-column-gap-default\">\n\t\t\t\t\t<div class=\"elementor-column elementor-col-100 elementor-top-column elementor-element elementor-element-16d72dbf\" data-id=\"16d72dbf\" data-element_type=\"column\">\n\t\t\t<div class=\"elementor-widget-wrap elementor-element-populated\">\n\t\t\t\t\t\t\t\t<div class=\"elementor-element elementor-element-d743c03 elementor-widget elementor-widget-text-editor\" data-id=\"d743c03\" data-element_type=\"widget\" data-widget_type=\"text-editor.default\">\n\t\t\t\t<div class=\"elementor-widget-container\">\n\t\t\t\t\t\t\t<h2>W\u00c4HLEN SIE UNTEN IHRE AKTIVIT\u00c4T AUS, UM GESCHENKGUTSCHEINE \/ TICKETS ZU VERSCHENKEN ODER ZU BUCHEN<\/h2><table border=\"0\" width=\"580\" cellspacing=\"10\" cellpadding=\"10\"><tbody><tr><td width=\"50%\"><strong>\u00a0GLEITSCHIRM &#8211; PASSAGIERFLUG &#8211; VERBIER<\/strong><\/td><td><strong>Ab CHF 190.00 pro Flug<span class=\"productPrice\"><br \/><\/span><\/strong><\/td><\/tr><tr><td>Zus\u00e4tzliche Informationen<\/td><td><span class=\"patt\">&#8211; Elterliche Genehmigung f\u00fcr Minderj\u00e4hrige.<br \/><\/span><span class=\"plbl\">&#8211;<\/span> <span class=\"patt\">Die Kosten f\u00fcr den Transport mit der Gondelbahn sind nicht inbegriffen.<\/span><\/td><\/tr><tr><td>Startpl\u00e4tze<\/td><td>&#8211; La Croix-de-Coeur<br \/>&#8211; Les Ruinettes<\/td><\/tr><tr><td>Dauer des Fluges<\/td><td>ca. 20 \/ 40 Min.<\/td><\/tr><tr><td>Gesamtdauer<\/td><td>ca. 1,5 bis 2 Std. abh\u00e4ngig von der Anzahl der Minuten<\/td><\/tr><tr><td>Termin<\/td><td>Per Telefon<\/td><\/tr><tr><td><button class=\"elementor-button\" type=\"button\"><a href=\"https:\/\/swissraft.outdoorbooking.ch\/fo\/products\/918?base_id=185&amp;category_id=3&amp;order_type=gift_voucher&amp;lang=de\" target=\"_blank\" rel=\"noopener\">GUTSCHEIN \/ TICKET KAUFEN<\/a><\/button><\/td><td><strong>&#8211; CHF 190.00 &#8211; ca. 20 Min. Flug<\/strong><\/td><\/tr><tr><td><button class=\"elementor-button\" type=\"button\"><a href=\"https:\/\/swissraft.outdoorbooking.ch\/fo\/products\/1853?base_id=185&amp;category_id=3&amp;order_type=gift_voucher&amp;lang=de\" target=\"_blank\" rel=\"noopener\">GUTSCHEIN \/ TICKET KAUFEN<\/a><\/button><\/td><td><strong>&#8211; CHF 290.00 &#8211; ca. 40 Min. Flug <\/strong>(unter bestimmten Wetterbedingungen)<\/td><\/tr><tr><td>\u00a0<\/td><td><strong><em>WICHTIG !<\/em><\/strong><br \/><em>Um zu reservieren, rufen Sie die Nummer an, die sich oben links auf dem Gutschein \/ Ticket befindet.<\/em><\/td><\/tr><\/tbody><\/table>\t\t\t\t\t\t<\/div>\n\t\t\t\t<\/div>\n\t\t\t\t\t<\/div>\n\t\t<\/div>\n\t\t\t\t\t\t\t<\/div>\n\t\t<\/section>\n\t\t\t\t\t\t\t<\/div>\n\t\t","protected":false},"excerpt":{"rendered":"<div align=\"justify\">\n<h2 align=\"justify\">Im Wallis in Verbier haben Sie die Wahl zwischen zwei herrlichen Gleitschirm-Tandemfl\u00fcgen von 20 oder 40 Minuten Dauer.<\/h2>\n<h3>Sie starten je nach Windrichtung im Sommer wie im Winter von Croix-de-C\u0153ur oder Les Ruinettes.<\/h3>\n<\/div>\n<div align=\"justify\">\n<p>In Verbier k\u00f6nnen Sie von Croix-de-C\u0153ur oder Les Ruinettes aus mit dem Gleitschirm \u00fcber das Tal fliegen und dann in Le Ch\u00e2ble landen. Genie\u00dfen Sie den atemberaubenden Panoramablick. Gleiten Sie anmutig durch die Luft, w\u00e4hrend Sie von einem erfahrenen Fluglehrer gef\u00fchrt werden. Atmen Sie die frische Luft der Walliser Berge. Schweben Sie \u00fcber schneebedeckten Gipfeln und gr\u00fcnen T\u00e4lern. Bestaunen Sie die atemberaubende Sch\u00f6nheit der Schweizer Alpen. Erleben Sie die pure Aufregung der Freiheit in der Luft. Lassen Sie sich von den milden thermischen Str\u00f6mungen mitrei\u00dfen. Genie\u00dfen Sie jeden Moment dieses unvergesslichen Abenteuers. Halten Sie atemberaubende, spektakul\u00e4re Erinnerungen fest. Erleben Sie das pure Adrenalin bei einem Tandemflug mit einem Paraglider. Lassen Sie sich von der nat\u00fcrlichen Pracht Verbiers aus der Vogelperspektive verzaubern. Vertrauen Sie Ihrem Piloten f\u00fcr ein sicheres und aufregendes Erlebnis. Genie\u00dfen Sie jeden Augenblick, denn ein Flug \u00fcber die Alpen ist ein Privileg und ein einzigartiges Erlebnis.<\/p>\n<h3>Sie haben die Wahl zwischen 6 Regionen in der Schweiz, um einen Tandem-Gleitschirmflug zu machen.<\/h3>\n<p id=\"textarea\" style=\"display: none;\">\nIn der wei\u00dfen Arena Flims-Laax-Falera in Graub\u00fcnden k\u00f6nnen Sie eine Einf\u00fchrung in das Gleitschirmfliegen erhalten und Tandemfl\u00fcge mit Gleitschirmen und Deltas machen. In Ch\u00e2teau d&#8217;Oex im Pays d&#8217;Enhaut k\u00f6nnen Sie einen Paragliding-Tandemflug machen. Auch in Gruy\u00e8re im Kanton Freiburg bieten wir Tandemfl\u00fcge von Charmey aus an. Au\u00dferdem bieten wir auch im Tessin zahlreiche Tandemfl\u00fcge mit Gleitschirmen an, sowohl im Sommer als auch im Winter. Aber auch im Berner Oberland von Interlaken aus bieten wir Tandemfl\u00fcge mit Gleitschirmen an.\n<\/p>\n<p><a id=\"seeMore\" onclick=\"toggleSeeMore()\" href=\"javascript:void(0);\">Lesen Sie mehr<\/a><\/p>\n","protected":false},"featured_media":89959,"comment_status":"open","ping_status":"closed","template":"","meta":{"inline_featured_image":false,"_mi_skip_tracking":false},"product_cat":[296],"product_tag":[],"class_list":["post-91632","product","type-product","status-publish","has-post-thumbnail","hentry","product_cat-passagierflug-mit-gleitschirmen-und-delta"],"yoast_head":"<!-- This site is optimized with the Yoast SEO plugin v23.6 - https:\/\/yoast.com\/wordpress\/plugins\/seo\/ -->\n<title>Gleitschirmpassagierflug in Verbier, um ein Abenteuer zu erleben.<\/title>\n<meta name=\"description\" content=\"Gleitschirmpassagierflug in Verbier. Sie starten je nach Wind von La Croix-de-Coeur oder Les Ruinettes. Sie landen sanft in Le Ch\u00e2ble\" \/>\n<meta name=\"robots\" content=\"index, follow, max-snippet:-1, max-image-preview:large, max-video-preview:-1\" \/>\n<link rel=\"canonical\" href=\"https:\/\/www.swissraft.ch\/de\/produkt\/gleitschirmpassagierflug-verbier-wallis\/\" \/>\n<meta property=\"og:locale\" content=\"de_DE\" \/>\n<meta property=\"og:type\" content=\"article\" \/>\n<meta property=\"og:title\" content=\"Gleitschirmpassagierflug in Verbier, um ein Abenteuer zu erleben.\" \/>\n<meta property=\"og:description\" content=\"Gleitschirmpassagierflug in Verbier. Sie starten je nach Wind von La Croix-de-Coeur oder Les Ruinettes. Sie landen sanft in Le Ch\u00e2ble\" \/>\n<meta property=\"og:url\" content=\"https:\/\/www.swissraft.ch\/de\/produkt\/gleitschirmpassagierflug-verbier-wallis\/\" \/>\n<meta property=\"og:site_name\" content=\"Swissraft\" \/>\n<meta property=\"article:modified_time\" content=\"2026-04-05T18:11:22+00:00\" \/>\n<meta property=\"og:image\" content=\"https:\/\/www.swissraft.ch\/wp-content\/uploads\/2023\/02\/1-1-Verbier-Vol-biplace-en-parapente-776x776-1.jpg\" \/>\n\t<meta property=\"og:image:width\" content=\"776\" \/>\n\t<meta property=\"og:image:height\" content=\"776\" \/>\n\t<meta property=\"og:image:type\" content=\"image\/jpeg\" \/>\n<meta name=\"twitter:card\" content=\"summary_large_image\" \/>\n<meta name=\"twitter:label1\" content=\"Gesch\u00e4tzte Lesezeit\" \/>\n\t<meta name=\"twitter:data1\" content=\"1\u00a0Minute\" \/>\n<script type=\"application\/ld+json\" class=\"yoast-schema-graph\">{\"@context\":\"https:\/\/schema.org\",\"@graph\":[{\"@type\":\"WebPage\",\"@id\":\"https:\/\/www.swissraft.ch\/de\/produkt\/gleitschirmpassagierflug-verbier-wallis\/\",\"url\":\"https:\/\/www.swissraft.ch\/de\/produkt\/gleitschirmpassagierflug-verbier-wallis\/\",\"name\":\"Gleitschirmpassagierflug in Verbier, um ein Abenteuer zu erleben.\",\"isPartOf\":{\"@id\":\"https:\/\/www.swissraft.ch\/de\/#website\"},\"primaryImageOfPage\":{\"@id\":\"https:\/\/www.swissraft.ch\/de\/produkt\/gleitschirmpassagierflug-verbier-wallis\/#primaryimage\"},\"image\":{\"@id\":\"https:\/\/www.swissraft.ch\/de\/produkt\/gleitschirmpassagierflug-verbier-wallis\/#primaryimage\"},\"thumbnailUrl\":\"https:\/\/www.swissraft.ch\/wp-content\/uploads\/2023\/02\/1-1-Verbier-Vol-biplace-en-parapente-776x776-1.jpg\",\"datePublished\":\"2023-02-15T16:58:30+00:00\",\"dateModified\":\"2026-04-05T18:11:22+00:00\",\"description\":\"Gleitschirmpassagierflug in Verbier. Sie starten je nach Wind von La Croix-de-Coeur oder Les Ruinettes. Sie landen sanft in Le Ch\u00e2ble\",\"breadcrumb\":{\"@id\":\"https:\/\/www.swissraft.ch\/de\/produkt\/gleitschirmpassagierflug-verbier-wallis\/#breadcrumb\"},\"inLanguage\":\"de\",\"potentialAction\":[{\"@type\":\"ReadAction\",\"target\":[\"https:\/\/www.swissraft.ch\/de\/produkt\/gleitschirmpassagierflug-verbier-wallis\/\"]}]},{\"@type\":\"ImageObject\",\"inLanguage\":\"de\",\"@id\":\"https:\/\/www.swissraft.ch\/de\/produkt\/gleitschirmpassagierflug-verbier-wallis\/#primaryimage\",\"url\":\"https:\/\/www.swissraft.ch\/wp-content\/uploads\/2023\/02\/1-1-Verbier-Vol-biplace-en-parapente-776x776-1.jpg\",\"contentUrl\":\"https:\/\/www.swissraft.ch\/wp-content\/uploads\/2023\/02\/1-1-Verbier-Vol-biplace-en-parapente-776x776-1.jpg\",\"width\":776,\"height\":776,\"caption\":\"Gleitschirmpassagierflug in Verbier\"},{\"@type\":\"BreadcrumbList\",\"@id\":\"https:\/\/www.swissraft.ch\/de\/produkt\/gleitschirmpassagierflug-verbier-wallis\/#breadcrumb\",\"itemListElement\":[{\"@type\":\"ListItem\",\"position\":1,\"name\":\"Accueil\",\"item\":\"https:\/\/www.swissraft.ch\/de\/\"},{\"@type\":\"ListItem\",\"position\":2,\"name\":\"Shop\",\"item\":\"https:\/\/www.swissraft.ch\/de\/shop\/\"},{\"@type\":\"ListItem\",\"position\":3,\"name\":\"Gleitschirmpassagierflug in Verbier &#8211; Wallis &#8211; ab 190.00\"}]},{\"@type\":\"WebSite\",\"@id\":\"https:\/\/www.swissraft.ch\/de\/#website\",\"url\":\"https:\/\/www.swissraft.ch\/de\/\",\"name\":\"Swissraft\",\"description\":\"To enjoy nature as it is\",\"publisher\":{\"@id\":\"https:\/\/www.swissraft.ch\/de\/#organization\"},\"potentialAction\":[{\"@type\":\"SearchAction\",\"target\":{\"@type\":\"EntryPoint\",\"urlTemplate\":\"https:\/\/www.swissraft.ch\/de\/?s={search_term_string}\"},\"query-input\":{\"@type\":\"PropertyValueSpecification\",\"valueRequired\":true,\"valueName\":\"search_term_string\"}}],\"inLanguage\":\"de\"},{\"@type\":\"Organization\",\"@id\":\"https:\/\/www.swissraft.ch\/de\/#organization\",\"name\":\"Swissraft\",\"url\":\"https:\/\/www.swissraft.ch\/de\/\",\"logo\":{\"@type\":\"ImageObject\",\"inLanguage\":\"de\",\"@id\":\"https:\/\/www.swissraft.ch\/de\/#\/schema\/logo\/image\/\",\"url\":\"https:\/\/www.swissraft.ch\/wp-content\/uploads\/2025\/09\/Capture.jpg\",\"contentUrl\":\"https:\/\/www.swissraft.ch\/wp-content\/uploads\/2025\/09\/Capture.jpg\",\"width\":293,\"height\":108,\"caption\":\"Swissraft\"},\"image\":{\"@id\":\"https:\/\/www.swissraft.ch\/de\/#\/schema\/logo\/image\/\"}}]}<\/script>\n<!-- \/ Yoast SEO plugin. -->","yoast_head_json":{"title":"Gleitschirmpassagierflug in Verbier, um ein Abenteuer zu erleben.","description":"Gleitschirmpassagierflug in Verbier. Sie starten je nach Wind von La Croix-de-Coeur oder Les Ruinettes. Sie landen sanft in Le Ch\u00e2ble","robots":{"index":"index","follow":"follow","max-snippet":"max-snippet:-1","max-image-preview":"max-image-preview:large","max-video-preview":"max-video-preview:-1"},"canonical":"https:\/\/www.swissraft.ch\/de\/produkt\/gleitschirmpassagierflug-verbier-wallis\/","og_locale":"de_DE","og_type":"article","og_title":"Gleitschirmpassagierflug in Verbier, um ein Abenteuer zu erleben.","og_description":"Gleitschirmpassagierflug in Verbier. Sie starten je nach Wind von La Croix-de-Coeur oder Les Ruinettes. Sie landen sanft in Le Ch\u00e2ble","og_url":"https:\/\/www.swissraft.ch\/de\/produkt\/gleitschirmpassagierflug-verbier-wallis\/","og_site_name":"Swissraft","article_modified_time":"2026-04-05T18:11:22+00:00","og_image":[{"width":776,"height":776,"url":"https:\/\/www.swissraft.ch\/wp-content\/uploads\/2023\/02\/1-1-Verbier-Vol-biplace-en-parapente-776x776-1.jpg","type":"image\/jpeg"}],"twitter_card":"summary_large_image","twitter_misc":{"Gesch\u00e4tzte Lesezeit":"1\u00a0Minute"},"schema":{"@context":"https:\/\/schema.org","@graph":[{"@type":"WebPage","@id":"https:\/\/www.swissraft.ch\/de\/produkt\/gleitschirmpassagierflug-verbier-wallis\/","url":"https:\/\/www.swissraft.ch\/de\/produkt\/gleitschirmpassagierflug-verbier-wallis\/","name":"Gleitschirmpassagierflug in Verbier, um ein Abenteuer zu erleben.","isPartOf":{"@id":"https:\/\/www.swissraft.ch\/de\/#website"},"primaryImageOfPage":{"@id":"https:\/\/www.swissraft.ch\/de\/produkt\/gleitschirmpassagierflug-verbier-wallis\/#primaryimage"},"image":{"@id":"https:\/\/www.swissraft.ch\/de\/produkt\/gleitschirmpassagierflug-verbier-wallis\/#primaryimage"},"thumbnailUrl":"https:\/\/www.swissraft.ch\/wp-content\/uploads\/2023\/02\/1-1-Verbier-Vol-biplace-en-parapente-776x776-1.jpg","datePublished":"2023-02-15T16:58:30+00:00","dateModified":"2026-04-05T18:11:22+00:00","description":"Gleitschirmpassagierflug in Verbier. Sie starten je nach Wind von La Croix-de-Coeur oder Les Ruinettes. Sie landen sanft in Le Ch\u00e2ble","breadcrumb":{"@id":"https:\/\/www.swissraft.ch\/de\/produkt\/gleitschirmpassagierflug-verbier-wallis\/#breadcrumb"},"inLanguage":"de","potentialAction":[{"@type":"ReadAction","target":["https:\/\/www.swissraft.ch\/de\/produkt\/gleitschirmpassagierflug-verbier-wallis\/"]}]},{"@type":"ImageObject","inLanguage":"de","@id":"https:\/\/www.swissraft.ch\/de\/produkt\/gleitschirmpassagierflug-verbier-wallis\/#primaryimage","url":"https:\/\/www.swissraft.ch\/wp-content\/uploads\/2023\/02\/1-1-Verbier-Vol-biplace-en-parapente-776x776-1.jpg","contentUrl":"https:\/\/www.swissraft.ch\/wp-content\/uploads\/2023\/02\/1-1-Verbier-Vol-biplace-en-parapente-776x776-1.jpg","width":776,"height":776,"caption":"Gleitschirmpassagierflug in Verbier"},{"@type":"BreadcrumbList","@id":"https:\/\/www.swissraft.ch\/de\/produkt\/gleitschirmpassagierflug-verbier-wallis\/#breadcrumb","itemListElement":[{"@type":"ListItem","position":1,"name":"Accueil","item":"https:\/\/www.swissraft.ch\/de\/"},{"@type":"ListItem","position":2,"name":"Shop","item":"https:\/\/www.swissraft.ch\/de\/shop\/"},{"@type":"ListItem","position":3,"name":"Gleitschirmpassagierflug in Verbier &#8211; Wallis &#8211; ab 190.00"}]},{"@type":"WebSite","@id":"https:\/\/www.swissraft.ch\/de\/#website","url":"https:\/\/www.swissraft.ch\/de\/","name":"Swissraft","description":"To enjoy nature as it is","publisher":{"@id":"https:\/\/www.swissraft.ch\/de\/#organization"},"potentialAction":[{"@type":"SearchAction","target":{"@type":"EntryPoint","urlTemplate":"https:\/\/www.swissraft.ch\/de\/?s={search_term_string}"},"query-input":{"@type":"PropertyValueSpecification","valueRequired":true,"valueName":"search_term_string"}}],"inLanguage":"de"},{"@type":"Organization","@id":"https:\/\/www.swissraft.ch\/de\/#organization","name":"Swissraft","url":"https:\/\/www.swissraft.ch\/de\/","logo":{"@type":"ImageObject","inLanguage":"de","@id":"https:\/\/www.swissraft.ch\/de\/#\/schema\/logo\/image\/","url":"https:\/\/www.swissraft.ch\/wp-content\/uploads\/2025\/09\/Capture.jpg","contentUrl":"https:\/\/www.swissraft.ch\/wp-content\/uploads\/2025\/09\/Capture.jpg","width":293,"height":108,"caption":"Swissraft"},"image":{"@id":"https:\/\/www.swissraft.ch\/de\/#\/schema\/logo\/image\/"}}]}},"_links":{"self":[{"href":"https:\/\/www.swissraft.ch\/de\/wp-json\/wp\/v2\/product\/91632","targetHints":{"allow":["GET"]}}],"collection":[{"href":"https:\/\/www.swissraft.ch\/de\/wp-json\/wp\/v2\/product"}],"about":[{"href":"https:\/\/www.swissraft.ch\/de\/wp-json\/wp\/v2\/types\/product"}],"replies":[{"embeddable":true,"href":"https:\/\/www.swissraft.ch\/de\/wp-json\/wp\/v2\/comments?post=91632"}],"version-history":[{"count":21,"href":"https:\/\/www.swissraft.ch\/de\/wp-json\/wp\/v2\/product\/91632\/revisions"}],"predecessor-version":[{"id":137393,"href":"https:\/\/www.swissraft.ch\/de\/wp-json\/wp\/v2\/product\/91632\/revisions\/137393"}],"wp:featuredmedia":[{"embeddable":true,"href":"https:\/\/www.swissraft.ch\/de\/wp-json\/wp\/v2\/media\/89959"}],"wp:attachment":[{"href":"https:\/\/www.swissraft.ch\/de\/wp-json\/wp\/v2\/media?parent=91632"}],"wp:term":[{"taxonomy":"product_cat","embeddable":true,"href":"https:\/\/www.swissraft.ch\/de\/wp-json\/wp\/v2\/product_cat?post=91632"},{"taxonomy":"product_tag","embeddable":true,"href":"https:\/\/www.swissraft.ch\/de\/wp-json\/wp\/v2\/product_tag?post=91632"}],"curies":[{"name":"wp","href":"https:\/\/api.w.org\/{rel}","templated":true}]}}