{"id":92012,"date":"2022-10-15T20:23:57","date_gmt":"2022-10-15T18:23:57","guid":{"rendered":"https:\/\/swissraft.xyanzkdne.eu\/wer-sind-wir\/"},"modified":"2025-01-12T23:18:21","modified_gmt":"2025-01-12T22:18:21","slug":"wer-sind-wir","status":"publish","type":"page","link":"https:\/\/www.swissraft.ch\/de\/wer-sind-wir\/","title":{"rendered":"Wer sind wir?"},"content":{"rendered":"<div align=\"justify\">\n&#13;\n<h2 class=\"wp-block-heading\">Wer sind wir?<\/h2>&#13;\n&#13;\n<p>Eine gute Idee zur richtigen Zeit und so entstand Swissraft.<\/p>&#13;\n&#13;\n<h2 class=\"wp-block-heading\">1982<\/h2>&#13;\n&#13;\n<p>Ich stellte mein Projekt dem Tourismusb\u00fcro von Laax vor. Der damalige Direktor, Herr Franco Palmy, fand die Idee gut. Dank ihm wurde diese Region in Graub\u00fcnden mit dem Rhein zum Mekka des Raftings in der Schweiz und ist es bis heute geblieben. Ich machte bis zu 4 Fahrten pro Tag und Charlotte, meine Frau, sa\u00df am Steuer.<br\/>\u00dcber 1000 Personen in der ersten Saison mit einem einzigen Boot!   <\/p>&#13;\n&#13;\n<h2 class=\"wp-block-heading\">1983<\/h2>&#13;\n&#13;\n<p>Ich bringe die Idee ein, den Rhein hinunter bis zum Meer zu fahren. Diese Promotion wird das Kundensegment abdecken, das f\u00fcr Graub\u00fcnden von Interesse ist. Der Erfolg lie\u00df nicht lange auf sich warten.<br\/>\u00dcber 3000 Personen!  <\/p>&#13;\n&#13;\n<h2 class=\"wp-block-heading\">1984<\/h2>&#13;\n&#13;\n<p>Wir investieren in die Infrastruktur f\u00fcr den Empfang und in die Ausr\u00fcstung. Das Tourismusb\u00fcro von Obergoms im Oberwallis kontaktiert mich, um eine Basis auf der Rh\u00f4ne zwischen Oberwald und Glurigen zu er\u00f6ffnen. Wir er\u00f6ffnen auch eine Basis am Inn in Scuol im Unterengadin.<br\/>\u00dcber 8000 Personen!  <\/p>&#13;\n&#13;\n<h2 class=\"wp-block-heading\">1985<\/h2>&#13;\n&#13;\n<p>Dies ist ein entscheidendes Jahr, in dem wir uns strukturieren und \u00fcber neue Produkte nachdenken m\u00fcssen. Wir f\u00fchren Rafting-Tage mit Picknick auf allen drei Basen ein.<br\/>Mehr als 15.000 Personen! <\/p>&#13;\n&#13;\n<h2 class=\"wp-block-heading\">1986<\/h2>&#13;\n&#13;\n<p>Daniel Peyer, Basisleiter bei Eurotrek in den Jahren 1984 und 1985, kommt zu uns. Ich wei\u00df, dass er ein guter Mann ist, da ich ihn in den vergangenen Saisons beobachtet habe. Am Horizont zeichnet sich ein gnadenloser Kampf gegen diese einzigartige Konkurrenz ab. Mit meinem neuen Leutnant beschlie\u00dfen wir, eine Basis in Saanen an der Saane und der Simme zwischen dem Pays d&#8217;Enhaut und dem Berner Oberland einzurichten.<br\/>Mehr als 20.000 Menschen!   <\/p>&#13;\n&#13;\n<h2 class=\"wp-block-heading\">1987<\/h2>&#13;\n&#13;\n<p>Wir gehen einen Schritt weiter. Euroraft wird gegr\u00fcndet, mit Ablegern in Frankreich &#8222;Franceraft&#8220; und in \u00d6sterreich &#8222;Austriaraft&#8220;. Wir f\u00fchren als erste in der Schweiz Mountainbike-Touren ein.<br\/>Mehr als 25.000 Personen!  <\/p>&#13;\n&#13;\n<h2 class=\"wp-block-heading\">1988<\/h2>&#13;\n&#13;\n<p>Wir organisieren den ersten &#8222;Grand Prix de Rafting&#8220; in der Schweiz.<br\/>Swissraft stellt eine wichtige Infrastruktur dar, die nicht das ganze Jahr \u00fcber mit nur f\u00fcnf Monaten Betrieb auskommen kann. Wir m\u00fcssen daher das ganze Jahr \u00fcber produzieren. Daniel Peyer wird nach seiner Saison im Pays d&#8217;Enhaut Costa Rica erkunden. Es ist das Jahr, in dem wir auch das erste &#8222;Wildwasserschwimmen&#8220; oder Hydrospeed in der Schweiz einf\u00fchren.<br\/>Mehr als 35.000 Menschen!   <\/p>&#13;\n&#13;\n<h2 class=\"wp-block-heading\">1989<\/h2>&#13;\n&#13;\n<p>Die europ\u00e4ischen Fernsehsender interessieren sich immer mehr f\u00fcr uns, ohne dass wir sie kontaktieren m\u00fcssen. Wir drehen zwei bis drei Reportagen pro Jahr bis 1992. Wir drehen auch dreidimensionale Filme f\u00fcr spezialisierte Kinos.<br\/>In diesem Jahr beschlie\u00dfen wir, den gro\u00dfen Sprung zu wagen und in Costa Rica zu investieren, indem wir ein Rafting-Unternehmen &#8222;Aventuras Naturales&#8220; gr\u00fcnden, ein Hotel &#8222;Fleur de Lys&#8220; in San Jos\u00e9 er\u00f6ffnen und eine Lodge &#8222;Le Pacuare Lodge&#8220; mitten im Dschungel am Ufer des Pacuare-Flusses bauen. Daniel Peyer wird unser Partner f\u00fcr die Rafting- und Lodge-Operation.<br\/>Mehr als 40.000 Menschen!   <\/p>&#13;\n<h2>1990-1992<\/h2>&#13;\n<p><\/p>&#13;\n<p>Das Wachstum setzt sich in einem viel langsameren Tempo fort, da die Konkurrenz wie Pilze aus dem Boden schie\u00dft. Ich war viele Jahre lang technischer Berater bei Zodiac und Aris, beides Reifenhersteller, und habe meine Erfahrung genutzt, um unsere Rafts selbst zu produzieren, zuerst in der Schweiz und dann in Frankreich. Wir haben den Vorteil, dass wir die Herstellung vollst\u00e4ndig kontrollieren k\u00f6nnen, da wir ma\u00dfgeschneiderte Produkte herstellen. Diese Erfahrung wird uns in der Zukunft bei der Auswahl des Materials und bei den Anforderungen, die wir an die Hersteller stellen, zugute kommen.   <\/p>&#13;\n<p>1990 gr\u00fcndete ich die Flugabteilung mit Tandem-Gleitschirm- und Hubschrauberfl\u00fcgen. Im selben Jahr er\u00f6ffnete Charlotte eine Reitschule in Trin Mulin. 1991 wurde die Flugabteilung um eine neue Aktivit\u00e4t erweitert: Hei\u00dfluftballonfahrten. Im Jahr 1992 er\u00f6ffneten wir eine Skischule.   <\/p>&#13;\n<p>In dieser Zeit sind wir das Ziel der Lobbyisten von Fischern, J\u00e4gern und anderen fundamentalistischen Natursch\u00fctzern. Wir sind auf fast allen Fl\u00fcssen vertreten, die f\u00fcr Rafting geeignet sind. Wir sind erfolgreich und das st\u00f6rt. <br\/> Wir stabilisieren uns in diesen zwei Jahren bei etwa 100.000 Personen in Europa f\u00fcr alle Aktivit\u00e4ten zusammen.   <\/p>&#13;\n<h2>1993<\/h2>&#13;\n<p><\/p>&#13;\n<p>Die Wirtschaftskrise beginnt sich in der Schweiz bemerkbar zu machen. Wir beschlie\u00dfen, uns von der Basis in Goms zu trennen, da sie nicht rentabel genug ist. Dieses Jahr wird von einem schrecklichen Unfall auf dem Inn im unteren Engadin gepr\u00e4gt. Neun deutsche Touristen, die eine Privatfahrt organisierten, ertranken, als sie mit ihrem eigenen Boot \u00fcber ein Wehr sprangen, das f\u00fcr die Schifffahrt gesperrt war. Die Schifffahrtsbeh\u00f6rde von Graub\u00fcnden bat mich, eine geeignete Beschilderung auf dem Fluss zu entwerfen. Es wird drei Jahre dauern, bis das Rafting im Engadin wieder in Gang kommt.<br\/>Auf der Suche nach neuen Orten und Aktivit\u00e4ten entdeckte ich zuf\u00e4llig die Viamala-Schlucht. Ich beschloss, in die Schlucht einzutauchen, um zu sehen, was Mutter Natur&#8220; uns an Spektakul\u00e4rem zu bieten hat. Das Canyoning, das sich in Frankreich gerade einen Namen macht, wurde im Fr\u00fchjahr 1993 in Graub\u00fcnden geboren.<br\/>28.000 Menschen in der Schweiz!       <\/p>&#13;\n<h2>1994<\/h2>&#13;\n<p><\/p>&#13;\n<p>Auch wir werden von einer Trag\u00f6die heimgesucht. Wir haben unseren ersten Unfall in der Viamala-Schlucht. Die Untersuchung stellt zu keinem Zeitpunkt die Kompetenz unserer F\u00fchrer in Frage. Die Presse, die uns immer wohlgesonnen war, versucht nicht, das Unerkl\u00e4rliche zu erkl\u00e4ren. Es handelt sich um das tragische Schicksal von Sylvie (25 Jahre), die an der falschen Stelle ausrutschte. Innerhalb von zwei Jahren hatten mehr als 3000 Menschen denselben Weg eingeschlagen.<br\/>Wir werden den Risikofaktor nie ganz ausschalten k\u00f6nnen. Einige Menschen haben an sich selbst gearbeitet, so wie ich. <br\/> Wir n\u00e4hern uns der kritischen Schwelle von 20.000 Personen, die wir nicht unterschreiten d\u00fcrfen!       <\/p>&#13;\n<h2>1995<\/h2>&#13;\n<p><\/p>&#13;\n<p>Wir erweitern unsere Flugabteilung durch die Er\u00f6ffnung einer Freiflugschule. Aufgrund der Schwierigkeit, unsere Produkte im Ausland regelm\u00e4\u00dfig zu kontrollieren, entscheiden wir uns, die Unternehmen Franceraft und Austriaraft zu ver\u00e4u\u00dfern.<br\/>Mehr als 21.000 Mitarbeiter! <\/p>&#13;\n<h2>1996-1997<\/h2>&#13;\n<p><\/p>&#13;\n<p>Wir wurden von einem unserer Sponsoren gebeten, eine Basis im Tessin einzurichten. Dank des Films &#8222;James Bond 007Goldeneye&#8220; aus dem Jahr 1995 wurde der Bungy im Tessin am Verzasca-Staudamm und im Wallis am Niouc-Staudamm in der N\u00e4he von Sierre eingef\u00fchrt. Wir er\u00f6ffnen auch eine Basis in K\u00fcblis am Ufer der Landquart.  <\/p>&#13;\n<h2>1998<\/h2>&#13;\n<p><\/p>&#13;\n<p>Produkte f\u00fcr den Winter werden in Betracht gezogen.<br\/>22.000 Personen!<\/p>&#13;\n<h2>1999<\/h2>&#13;\n<p><\/p>&#13;\n<p>Der schreckliche Canyoning-Unfall am 27. Juli im Berner Oberland bringt alle Schweizer Unternehmen, die diesen Beruf aus\u00fcben, in Gefahr. Das Produkt Schlittenhunde wird im Winter erfolgreich eingef\u00fchrt.<br\/>23.000 Personen! <\/p>&#13;\n<h2>2000<\/h2>&#13;\n<p><\/p>&#13;\n<p>Nach einer nat\u00fcrlichen Ver\u00e4nderung des Flussbettes der Landquart entschieden wir uns, die Basis in K\u00fcblis zu schlie\u00dfen, da der Fluss unkontrollierbare Gefahren barg.<br\/>22.000 Menschen!<\/p>&#13;\n<h2>2001<\/h2>&#13;\n<p><\/p>&#13;\n<p>Wir er\u00f6ffnen eine neue Basis in Interlaken und versuchen, einen Teil der ausl\u00e4ndischen Kunden zu gewinnen, die zahlreich in diese Region kommen. Seit 2001 ist Swissraft die erste Gesellschaft in der Schweiz, die das Label &#8222;Safety in Adventures&#8220; besitzt.<br\/>23.000 Personen! <\/p>&#13;\n<h2>2002-2005<\/h2>&#13;\n<p><\/p>&#13;\n<p>Der Umsatz w\u00e4chst stetig um etwa 4% pro Jahr. Die Reitschule von Charlotte Ch\u00e9zi\u00e8re (Mitbegr\u00fcnderin von Swissraft) ist in das Unternehmen integriert. <\/p>&#13;\n<h2>2006<\/h2>&#13;\n<p><\/p>&#13;\n<p>Ein schwerer Unfall ereignete sich am 30. April um 11.00 Uhr w\u00e4hrend eines Kutschtrainings mit einem jungen, temperamentvollen Pferd und verursachte das Undenkbare. Die Diagnose ist eindeutig: Charlotte ist Tetraplegikerin und wird f\u00fcr den Rest ihres Lebens von Kopf bis Fu\u00df gel\u00e4hmt sein. <\/p>&#13;\n<h2>2007<\/h2>&#13;\n<p><\/p>&#13;\n<p>Charlotte hatte jedoch nicht mit ihrem Willen und ihrer Geduld gerechnet. Ein Jahr nach ihrem Unfall l\u00e4uft Charlotte wieder mit Kr\u00fccken! Sie gibt sich zwei Jahre Zeit, um ihren Rollstuhl selbst in den Keller zu bringen.  <\/p>&#13;\n<h2>2008<\/h2>&#13;\n<p><\/p>&#13;\n<p>Unsere Buchungszentrale wurde vollst\u00e4ndig computerisiert und verbessert. Wir haben mehr als 27.000 Kunden. <\/p>&#13;\n<p>PS:<br\/>Fast h\u00e4tte ich es vergessen! Charlotte reitet wieder! <\/p>&#13;\n<h2>2009<\/h2>&#13;\n<p><\/p>&#13;\n<p>Trotz aller pessimistischen Wirtschaftsprognosen, die von Experten und Medien immer wieder ge\u00e4u\u00dfert werden, kann sich Swissraft freuen, das Jahr mit einer Umsatzsteigerung abzuschlie\u00dfen. Ein herzliches Dankesch\u00f6n an unsere treuen Kunden und an alle, die unser Unternehmen kennenlernen und ein Abenteuer mit uns teilen wollten. Wir freuen uns auf ein Wiedersehen im n\u00e4chsten Jahr.  <\/p>&#13;\n<h2>2010-2011<\/h2>&#13;\n<p><\/p>&#13;\n<p>Wir beobachten eine Stagnation bei den Buchungen f\u00fcr Canyoning, insbesondere im Tessin; dies ist zum Teil auf das Wetter zur\u00fcckzuf\u00fchren, das im Sommer 2011 nicht au\u00dfergew\u00f6hnlich war.<br\/>Dank der Schweizer Kunden, die \u00fcber die Kompetenzen und die Seriosit\u00e4t der Unternehmen, die dieses Gewerbe aus\u00fcben, bestens informiert sind, insbesondere in Interlaken, k\u00f6nnen wir mit Freude feststellen, dass die Zahl der Rafting-Touristen auf der L\u00fctschine im Berner Oberland und auf der Vispa im Wallis deutlich gestiegen ist.<br\/>Ich habe auch das pers\u00f6nliche Vergn\u00fcgen, von Mai bis Oktober Tandem-Paragliding-Fl\u00fcge von Cimetta aus mit Ihnen zu teilen. Thermische Fl\u00fcge von ca. 1 Stunde Dauer \u00fcber den &#8222;Lago Maggiore&#8220; sind nach Aussage der Passagiere noch Monate nach dem Erlebnis unvergesslich. <\/p>&#13;\n<h2>2012-2013<\/h2>&#13;\n<p><\/p>&#13;\n<p>Nach jahrelangen Bem\u00fchungen bei den Walliser Beh\u00f6rden haben wir die notwendigen Genehmigungen erhalten, um auf dem Abschnitt Souste &#8211; Sierre eine sportliche Raftingstrecke mit viel Action zu befahren, die alle Raftingfans begeistern wird. Die Nachfrage im Winter nach Aktivit\u00e4ten wie Hundeschlittenfahrten, Iglubau und anderen Veranstaltungen, aber auch Gleitschirm-, Ballon- und Hubschrauberfl\u00fcge steigt stetig. <\/p>&#13;\n<\/div>\n","protected":false},"excerpt":{"rendered":"<p>&#13; Wer sind wir? &#13; &#13; Eine gute Idee zur richtigen Zeit und so entstand Swissraft. &#13; &#13; 1982 &#13; &#13; Ich stellte mein Projekt dem Tourismusb\u00fcro von Laax vor. Der damalige Direktor, Herr Franco Palmy, fand die Idee gut. Dank ihm wurde diese Region in Graub\u00fcnden mit dem Rhein zum Mekka des Raftings in &hellip; <span class=\"more-link-wrap\"><a href=\"https:\/\/www.swissraft.ch\/de\/wer-sind-wir\/\" class=\"more-link\"><span>Read More<span class=\"screen-reader-text\"> &#8222;Wer sind wir?&#8220;<\/span><\/span><\/a><\/span><\/p>\n","protected":false},"author":1,"featured_media":0,"parent":0,"menu_order":0,"comment_status":"closed","ping_status":"open","template":"","meta":{"inline_featured_image":false,"_mi_skip_tracking":false,"footnotes":""},"class_list":["post-92012","page","type-page","status-publish","hentry"],"yoast_head":"<!-- This site is optimized with the Yoast SEO plugin v23.6 - https:\/\/yoast.com\/wordpress\/plugins\/seo\/ -->\n<title>Wer sind wir? - Swissraft<\/title>\n<meta name=\"robots\" content=\"index, follow, max-snippet:-1, max-image-preview:large, max-video-preview:-1\" \/>\n<link rel=\"canonical\" href=\"https:\/\/www.swissraft.ch\/de\/wer-sind-wir\/\" \/>\n<meta property=\"og:locale\" content=\"de_DE\" \/>\n<meta property=\"og:type\" content=\"article\" \/>\n<meta property=\"og:title\" content=\"Wer sind wir? - Swissraft\" \/>\n<meta property=\"og:description\" content=\"&#013; Wer sind wir? &#013; &#013; Eine gute Idee zur richtigen Zeit und so entstand Swissraft. &#013; &#013; 1982 &#013; &#013; Ich stellte mein Projekt dem Tourismusb\u00fcro von Laax vor. Der damalige Direktor, Herr Franco Palmy, fand die Idee gut. Dank ihm wurde diese Region in Graub\u00fcnden mit dem Rhein zum Mekka des Raftings in &hellip; Read More &quot;Wer sind wir?&quot;\" \/>\n<meta property=\"og:url\" content=\"https:\/\/www.swissraft.ch\/de\/wer-sind-wir\/\" \/>\n<meta property=\"og:site_name\" content=\"Swissraft\" \/>\n<meta property=\"article:modified_time\" content=\"2025-01-12T22:18:21+00:00\" \/>\n<meta name=\"twitter:card\" content=\"summary_large_image\" \/>\n<meta name=\"twitter:label1\" content=\"Gesch\u00e4tzte Lesezeit\" \/>\n\t<meta name=\"twitter:data1\" content=\"7\u00a0Minuten\" \/>\n<script type=\"application\/ld+json\" class=\"yoast-schema-graph\">{\"@context\":\"https:\/\/schema.org\",\"@graph\":[{\"@type\":\"WebPage\",\"@id\":\"https:\/\/www.swissraft.ch\/de\/wer-sind-wir\/\",\"url\":\"https:\/\/www.swissraft.ch\/de\/wer-sind-wir\/\",\"name\":\"Wer sind wir? - Swissraft\",\"isPartOf\":{\"@id\":\"https:\/\/www.swissraft.ch\/de\/#website\"},\"datePublished\":\"2022-10-15T18:23:57+00:00\",\"dateModified\":\"2025-01-12T22:18:21+00:00\",\"breadcrumb\":{\"@id\":\"https:\/\/www.swissraft.ch\/de\/wer-sind-wir\/#breadcrumb\"},\"inLanguage\":\"de\",\"potentialAction\":[{\"@type\":\"ReadAction\",\"target\":[\"https:\/\/www.swissraft.ch\/de\/wer-sind-wir\/\"]}]},{\"@type\":\"BreadcrumbList\",\"@id\":\"https:\/\/www.swissraft.ch\/de\/wer-sind-wir\/#breadcrumb\",\"itemListElement\":[{\"@type\":\"ListItem\",\"position\":1,\"name\":\"Accueil\",\"item\":\"https:\/\/www.swissraft.ch\/de\/\"},{\"@type\":\"ListItem\",\"position\":2,\"name\":\"Wer sind wir?\"}]},{\"@type\":\"WebSite\",\"@id\":\"https:\/\/www.swissraft.ch\/de\/#website\",\"url\":\"https:\/\/www.swissraft.ch\/de\/\",\"name\":\"Swissraft\",\"description\":\"To enjoy nature as it is\",\"publisher\":{\"@id\":\"https:\/\/www.swissraft.ch\/de\/#organization\"},\"potentialAction\":[{\"@type\":\"SearchAction\",\"target\":{\"@type\":\"EntryPoint\",\"urlTemplate\":\"https:\/\/www.swissraft.ch\/de\/?s={search_term_string}\"},\"query-input\":{\"@type\":\"PropertyValueSpecification\",\"valueRequired\":true,\"valueName\":\"search_term_string\"}}],\"inLanguage\":\"de\"},{\"@type\":\"Organization\",\"@id\":\"https:\/\/www.swissraft.ch\/de\/#organization\",\"name\":\"Swissraft\",\"url\":\"https:\/\/www.swissraft.ch\/de\/\",\"logo\":{\"@type\":\"ImageObject\",\"inLanguage\":\"de\",\"@id\":\"https:\/\/www.swissraft.ch\/de\/#\/schema\/logo\/image\/\",\"url\":\"https:\/\/www.swissraft.ch\/wp-content\/uploads\/2025\/09\/Capture.jpg\",\"contentUrl\":\"https:\/\/www.swissraft.ch\/wp-content\/uploads\/2025\/09\/Capture.jpg\",\"width\":293,\"height\":108,\"caption\":\"Swissraft\"},\"image\":{\"@id\":\"https:\/\/www.swissraft.ch\/de\/#\/schema\/logo\/image\/\"}}]}<\/script>\n<!-- \/ Yoast SEO plugin. -->","yoast_head_json":{"title":"Wer sind wir? - Swissraft","robots":{"index":"index","follow":"follow","max-snippet":"max-snippet:-1","max-image-preview":"max-image-preview:large","max-video-preview":"max-video-preview:-1"},"canonical":"https:\/\/www.swissraft.ch\/de\/wer-sind-wir\/","og_locale":"de_DE","og_type":"article","og_title":"Wer sind wir? - Swissraft","og_description":"&#13; Wer sind wir? &#13; &#13; Eine gute Idee zur richtigen Zeit und so entstand Swissraft. &#13; &#13; 1982 &#13; &#13; Ich stellte mein Projekt dem Tourismusb\u00fcro von Laax vor. Der damalige Direktor, Herr Franco Palmy, fand die Idee gut. Dank ihm wurde diese Region in Graub\u00fcnden mit dem Rhein zum Mekka des Raftings in &hellip; Read More \"Wer sind wir?\"","og_url":"https:\/\/www.swissraft.ch\/de\/wer-sind-wir\/","og_site_name":"Swissraft","article_modified_time":"2025-01-12T22:18:21+00:00","twitter_card":"summary_large_image","twitter_misc":{"Gesch\u00e4tzte Lesezeit":"7\u00a0Minuten"},"schema":{"@context":"https:\/\/schema.org","@graph":[{"@type":"WebPage","@id":"https:\/\/www.swissraft.ch\/de\/wer-sind-wir\/","url":"https:\/\/www.swissraft.ch\/de\/wer-sind-wir\/","name":"Wer sind wir? - Swissraft","isPartOf":{"@id":"https:\/\/www.swissraft.ch\/de\/#website"},"datePublished":"2022-10-15T18:23:57+00:00","dateModified":"2025-01-12T22:18:21+00:00","breadcrumb":{"@id":"https:\/\/www.swissraft.ch\/de\/wer-sind-wir\/#breadcrumb"},"inLanguage":"de","potentialAction":[{"@type":"ReadAction","target":["https:\/\/www.swissraft.ch\/de\/wer-sind-wir\/"]}]},{"@type":"BreadcrumbList","@id":"https:\/\/www.swissraft.ch\/de\/wer-sind-wir\/#breadcrumb","itemListElement":[{"@type":"ListItem","position":1,"name":"Accueil","item":"https:\/\/www.swissraft.ch\/de\/"},{"@type":"ListItem","position":2,"name":"Wer sind wir?"}]},{"@type":"WebSite","@id":"https:\/\/www.swissraft.ch\/de\/#website","url":"https:\/\/www.swissraft.ch\/de\/","name":"Swissraft","description":"To enjoy nature as it is","publisher":{"@id":"https:\/\/www.swissraft.ch\/de\/#organization"},"potentialAction":[{"@type":"SearchAction","target":{"@type":"EntryPoint","urlTemplate":"https:\/\/www.swissraft.ch\/de\/?s={search_term_string}"},"query-input":{"@type":"PropertyValueSpecification","valueRequired":true,"valueName":"search_term_string"}}],"inLanguage":"de"},{"@type":"Organization","@id":"https:\/\/www.swissraft.ch\/de\/#organization","name":"Swissraft","url":"https:\/\/www.swissraft.ch\/de\/","logo":{"@type":"ImageObject","inLanguage":"de","@id":"https:\/\/www.swissraft.ch\/de\/#\/schema\/logo\/image\/","url":"https:\/\/www.swissraft.ch\/wp-content\/uploads\/2025\/09\/Capture.jpg","contentUrl":"https:\/\/www.swissraft.ch\/wp-content\/uploads\/2025\/09\/Capture.jpg","width":293,"height":108,"caption":"Swissraft"},"image":{"@id":"https:\/\/www.swissraft.ch\/de\/#\/schema\/logo\/image\/"}}]}},"_links":{"self":[{"href":"https:\/\/www.swissraft.ch\/de\/wp-json\/wp\/v2\/pages\/92012","targetHints":{"allow":["GET"]}}],"collection":[{"href":"https:\/\/www.swissraft.ch\/de\/wp-json\/wp\/v2\/pages"}],"about":[{"href":"https:\/\/www.swissraft.ch\/de\/wp-json\/wp\/v2\/types\/page"}],"author":[{"embeddable":true,"href":"https:\/\/www.swissraft.ch\/de\/wp-json\/wp\/v2\/users\/1"}],"replies":[{"embeddable":true,"href":"https:\/\/www.swissraft.ch\/de\/wp-json\/wp\/v2\/comments?post=92012"}],"version-history":[{"count":0,"href":"https:\/\/www.swissraft.ch\/de\/wp-json\/wp\/v2\/pages\/92012\/revisions"}],"wp:attachment":[{"href":"https:\/\/www.swissraft.ch\/de\/wp-json\/wp\/v2\/media?parent=92012"}],"curies":[{"name":"wp","href":"https:\/\/api.w.org\/{rel}","templated":true}]}}